{"id":26789,"date":"2025-06-19T09:57:29","date_gmt":"2025-06-19T09:57:29","guid":{"rendered":"https:\/\/www.domainedeprimard.fontenille-collection.com\/?page_id=26789"},"modified":"2026-02-26T10:55:47","modified_gmt":"2026-02-26T10:55:47","slug":"table-dhotes-campagna-eure-et-loir","status":"publish","type":"page","link":"https:\/\/www.domainedeprimard.fontenille-collection.com\/it\/table-dhotes-campagna-eure-et-loir\/","title":{"rendered":"Tavola calda"},"content":{"rendered":"<div data-elementor-type=\"wp-page\" data-elementor-id=\"26789\" class=\"elementor elementor-26789\" data-elementor-settings=\"{&quot;asli_hide_title_disabled&quot;:&quot;yes&quot;}\" data-elementor-post-type=\"page\">\n\t\t\t\t<div class=\"elementor-element elementor-element-efc5d49 e-con-full e-flex e-con e-parent\" data-id=\"efc5d49\" data-element_type=\"container\" data-e-type=\"container\">\n\t\t<div class=\"elementor-element elementor-element-307a3c e-con-full e-flex e-con e-child\" data-id=\"307a3c\" data-element_type=\"container\" data-e-type=\"container\">\n\t\t\t\t<div class=\"elementor-element elementor-element-3278f742 elementor-widget__width-inherit elementor-widget elementor-widget-asli-widget-parallax-image\" data-id=\"3278f742\" data-element_type=\"widget\" data-e-type=\"widget\" data-settings=\"{&quot;media_background_height&quot;:{&quot;unit&quot;:&quot;vh&quot;,&quot;size&quot;:100,&quot;sizes&quot;:[]},&quot;media_background_height_tablet&quot;:{&quot;unit&quot;:&quot;vh&quot;,&quot;size&quot;:70,&quot;sizes&quot;:[]},&quot;media_background_height_mobile&quot;:{&quot;unit&quot;:&quot;vh&quot;,&quot;size&quot;:50,&quot;sizes&quot;:[]},&quot;media_background_position_x&quot;:{&quot;unit&quot;:&quot;%&quot;,&quot;size&quot;:50,&quot;sizes&quot;:[]},&quot;media_background_position_x_tablet&quot;:{&quot;unit&quot;:&quot;%&quot;,&quot;size&quot;:50,&quot;sizes&quot;:[]},&quot;media_background_position_x_mobile&quot;:{&quot;unit&quot;:&quot;%&quot;,&quot;size&quot;:50,&quot;sizes&quot;:[]},&quot;media_background_position_y&quot;:{&quot;unit&quot;:&quot;%&quot;,&quot;size&quot;:50,&quot;sizes&quot;:[]},&quot;media_background_position_y_tablet&quot;:{&quot;unit&quot;:&quot;%&quot;,&quot;size&quot;:50,&quot;sizes&quot;:[]},&quot;media_background_position_y_mobile&quot;:{&quot;unit&quot;:&quot;%&quot;,&quot;size&quot;:50,&quot;sizes&quot;:[]}}\" data-widget_type=\"asli-widget-parallax-image.default\">\n\t\t\t\t<div class=\"elementor-widget-container\">\n\t\t\t\t\t\t\t<div class=\"parallax js-parallax\" data-arts-component-name=\"Parallax\" data-arts-component-options=\"{&quot;inner&quot;:{&quot;factor&quot;:{&quot;x&quot;:0,&quot;y&quot;:0.12},&quot;translate&quot;:[],&quot;scale&quot;:[],&quot;rotate&quot;:false,&quot;velocity&quot;:false,&quot;matchMedia&quot;:&quot;(not((min-width: 320px) and (max-width: 767px))) or (not((min-width: 768px) and (max-width: 991px))) or (min-width: 992px)&quot;},&quot;outer&quot;:false}\">\n\t\t\t<div class=\"image-wrapper media-wrapper overflow-hidden\">\n\t\t\t\t\t\t\t\t\t<div class=\"mask-wrapper w-100 overflow-hidden\">\n\t\t\t\t\t\t\n\t<div class=\"w-100 h-100 overflow-hidden\">\n\t\t<img fetchpriority=\"high\" decoding=\"async\" class=\"lazy js-parallax__inner of-cover-absolute\" src=\"data:image\/svg+xml,%3Csvg%20xmlns=&amp;apos;http:\/\/www.w3.org\/2000\/svg&amp;apos;%20width=&amp;apos;100%25&amp;apos;%20height=&amp;apos;100%25&amp;apos;%3E%3C\/svg%3E\" data-src=\"https:\/\/www.domainedeprimard.fontenille-collection.com\/wp-content\/uploads\/2025\/10\/hotel-relais-et-chateaux-Domaine-de-Primard-table-dhotes-experience-gastronomie-min.webp\" width=\"1080\" height=\"1080\" data-srcset=\"https:\/\/www.domainedeprimard.fontenille-collection.com\/wp-content\/uploads\/2025\/10\/hotel-relais-et-chateaux-Domaine-de-Primard-table-dhotes-experience-gastronomie-min.webp 1080w, https:\/\/www.domainedeprimard.fontenille-collection.com\/wp-content\/uploads\/2025\/10\/hotel-relais-et-chateaux-Domaine-de-Primard-table-dhotes-experience-gastronomie-min-300x300.webp 300w, https:\/\/www.domainedeprimard.fontenille-collection.com\/wp-content\/uploads\/2025\/10\/hotel-relais-et-chateaux-Domaine-de-Primard-table-dhotes-experience-gastronomie-min-1024x1024.webp 1024w, https:\/\/www.domainedeprimard.fontenille-collection.com\/wp-content\/uploads\/2025\/10\/hotel-relais-et-chateaux-Domaine-de-Primard-table-dhotes-experience-gastronomie-min-150x150.webp 150w, https:\/\/www.domainedeprimard.fontenille-collection.com\/wp-content\/uploads\/2025\/10\/hotel-relais-et-chateaux-Domaine-de-Primard-table-dhotes-experience-gastronomie-min-768x768.webp 768w, https:\/\/www.domainedeprimard.fontenille-collection.com\/wp-content\/uploads\/2025\/10\/hotel-relais-et-chateaux-Domaine-de-Primard-table-dhotes-experience-gastronomie-min-12x12.webp 12w\" data-sizes=\"(max-width: 1080px) 100vw, 1080px\" alt=\"\">\n\t\t\t<noscript><img decoding=\"async\" class=\"lazy js-parallax__inner of-cover-absolute\" src=\"https:\/\/www.domainedeprimard.fontenille-collection.com\/wp-content\/uploads\/2025\/10\/hotel-relais-et-chateaux-Domaine-de-Primard-table-dhotes-experience-gastronomie-min.webp\" width=\"1080\" height=\"1080\" alt=\"\" srcset=\"https:\/\/www.domainedeprimard.fontenille-collection.com\/wp-content\/uploads\/2025\/10\/hotel-relais-et-chateaux-Domaine-de-Primard-table-dhotes-experience-gastronomie-min.webp 1080w, https:\/\/www.domainedeprimard.fontenille-collection.com\/wp-content\/uploads\/2025\/10\/hotel-relais-et-chateaux-Domaine-de-Primard-table-dhotes-experience-gastronomie-min-300x300.webp 300w, https:\/\/www.domainedeprimard.fontenille-collection.com\/wp-content\/uploads\/2025\/10\/hotel-relais-et-chateaux-Domaine-de-Primard-table-dhotes-experience-gastronomie-min-1024x1024.webp 1024w, https:\/\/www.domainedeprimard.fontenille-collection.com\/wp-content\/uploads\/2025\/10\/hotel-relais-et-chateaux-Domaine-de-Primard-table-dhotes-experience-gastronomie-min-150x150.webp 150w, https:\/\/www.domainedeprimard.fontenille-collection.com\/wp-content\/uploads\/2025\/10\/hotel-relais-et-chateaux-Domaine-de-Primard-table-dhotes-experience-gastronomie-min-768x768.webp 768w, https:\/\/www.domainedeprimard.fontenille-collection.com\/wp-content\/uploads\/2025\/10\/hotel-relais-et-chateaux-Domaine-de-Primard-table-dhotes-experience-gastronomie-min-12x12.webp 12w\" sizes=\"(max-width: 1080px) 100vw, 1080px\"><\/noscript>\n\t\t\t<\/div>\n\t\t\t\t\t\t<div class=\"section__overlay hover-zoom__overlay overlay\"><\/div>\n\t\t\t\t\t<\/div>\n\t\t\t\t\t\t\t\t\t\t\t<\/div>\n\t\t<\/div>\n\t\t\t\t\t\t<\/div>\n\t\t\t\t<\/div>\n\t\t\t\t<\/div>\n\t\t<div class=\"elementor-element elementor-element-2e59becb e-con-full e-flex pt-large pb-medium px-gutters-horizontal e-con e-child\" data-id=\"2e59becb\" data-element_type=\"container\" data-e-type=\"container\" data-settings=\"{&quot;background_background&quot;:&quot;classic&quot;}\">\n\t\t\t\t<div class=\"elementor-element elementor-element-7f7e2692 elementor-widget elementor-widget-asli-widget-text-content\" data-id=\"7f7e2692\" data-element_type=\"widget\" data-e-type=\"widget\" data-settings=\"{&quot;max_width&quot;:{&quot;unit&quot;:&quot;px&quot;,&quot;size&quot;:1070,&quot;sizes&quot;:[]},&quot;max_width_tablet&quot;:{&quot;unit&quot;:&quot;%&quot;,&quot;size&quot;:100,&quot;sizes&quot;:[]},&quot;max_width_mobile&quot;:{&quot;unit&quot;:&quot;%&quot;,&quot;size&quot;:100,&quot;sizes&quot;:[]},&quot;text_content_stroke_width&quot;:{&quot;unit&quot;:&quot;%&quot;,&quot;size&quot;:110,&quot;sizes&quot;:[]},&quot;text_content_stroke_height&quot;:{&quot;unit&quot;:&quot;%&quot;,&quot;size&quot;:80,&quot;sizes&quot;:[]},&quot;text_content_stroke_rotation&quot;:{&quot;unit&quot;:&quot;deg&quot;,&quot;size&quot;:-5,&quot;sizes&quot;:[]}}\" data-widget_type=\"asli-widget-text-content.default\">\n\t\t\t\t<div class=\"elementor-widget-container\">\n\t\t\t\t\t\t\t<div class=\"text-center mx-auto content js-content\" data-arts-component-name=\"Content\">\n\t\t\t<h1 class=\"content__text typography-text-content\">La Table d'H\u00f4tes <\/h1>\n\t\t<\/div>\n\t\t\t\t\t\t<\/div>\n\t\t\t\t<\/div>\n\t\t\t\t<div class=\"elementor-element elementor-element-64e4a62c elementor-widget elementor-widget-text-editor\" data-id=\"64e4a62c\" data-element_type=\"widget\" data-e-type=\"widget\" data-widget_type=\"text-editor.default\">\n\t\t\t\t<div class=\"elementor-widget-container\">\n\t\t\t\t\t\t\t\t\t<p class=\"p1\">Nell'antica cucina dello Ch\u00e2teau de Primard, la Table d'H\u00f4tes \u00e8 un luogo unico e intimo per celebrare un'occasione speciale con la famiglia, gli amici o i colleghi. <br \/>Intorno al camino d'epoca e alla stufa La Cornue, gustate un menu stagionale su misura con prodotti dell'orto e del terroir locale, cucinati davanti ai vostri occhi dallo chef su un grande tavolo condiviso.<\/p>\t\t\t\t\t\t\t\t<\/div>\n\t\t\t\t<\/div>\n\t\t\t\t<div class=\"elementor-element elementor-element-f8fa780 elementor-widget elementor-widget-text-editor\" data-id=\"f8fa780\" data-element_type=\"widget\" data-e-type=\"widget\" data-widget_type=\"text-editor.default\">\n\t\t\t\t<div class=\"elementor-widget-container\">\n\t\t\t\t\t\t\t\t\t<p class=\"p1\"><em>Solo su prenotazione<\/em><br \/>Fino a 14 persone, 1.500 euro (bevande escluse)<br \/><em>Durante tutto l'anno, la Table d'H\u00f4tes vi invita anche a vivere esperienze stagionali e ospita laboratori culinari per i vostri eventi.<\/em><\/p>\t\t\t\t\t\t\t\t<\/div>\n\t\t\t\t<\/div>\n\t\t\t\t<div class=\"elementor-element elementor-element-be2e785 elementor-align-left elementor-mobile-align-center elementor-widget elementor-widget-asli-widget-button\" data-id=\"be2e785\" data-element_type=\"widget\" data-e-type=\"widget\" data-settings=\"{&quot;cursor_hover_offset&quot;:{&quot;unit&quot;:&quot;px&quot;,&quot;size&quot;:0,&quot;sizes&quot;:[]},&quot;icon_indent&quot;:{&quot;unit&quot;:&quot;px&quot;,&quot;size&quot;:12,&quot;sizes&quot;:[]}}\" data-widget_type=\"asli-widget-button.regular\">\n\t\t\t\t<div class=\"elementor-widget-container\">\n\t\t\t\t\t\t\t<div class=\"d-inline-flex elementor-button-wrapper\">\n\t\t\t<a class=\"elementor-button button button_icon elementor-button-link elementor-size-sm\" href=\"mailto:commercial@domainedeprimard.com\">\n\t\t\t\t\t\t<span class=\"button__label button__label-normal\">\n\t\t\t\t\t\t\t<span class=\"button__title elementor-button-text\">Contattateci<\/span>\n\t\t\t\t\t\t\t\t\t\t\t\t\t\t\t\t\t\t\t<\/span>\n\n\t\t<span class=\"button__label button__label-hover\">\n\t\t\t\t\t\t\t<span class=\"button__title elementor-button-text\">Per saperne di pi\u00f9<\/span>\n\t\t\t\t\t\t\t\t\t\t\t\t\t\t\t\t\t\t\t<\/span>\n\t\t\t\t\t<\/a>\n\t\t<\/div>\n\t\t\t\t\t\t<\/div>\n\t\t\t\t<\/div>\n\t\t\t\t<\/div>\n\t\t\t\t<\/div>\n\t\t<section class=\"elementor-element elementor-element-4e42878f e-flex e-con-boxed pt-medium pb-medium px-gutters-horizontal e-con e-parent\" data-id=\"4e42878f\" data-element_type=\"container\" data-e-type=\"container\" data-settings=\"{&quot;background_background&quot;:&quot;classic&quot;}\">\n\t\t\t\t\t<div class=\"e-con-inner\">\n\t\t<div class=\"elementor-element elementor-element-43d461ca e-con-full e-flex e-con e-child\" data-id=\"43d461ca\" data-element_type=\"container\" data-e-type=\"container\">\n\t\t\t\t<div class=\"elementor-element elementor-element-6f0a58a5 elementor-widget elementor-widget-asli-widget-text-content\" data-id=\"6f0a58a5\" data-element_type=\"widget\" data-e-type=\"widget\" data-settings=\"{&quot;max_width&quot;:{&quot;unit&quot;:&quot;px&quot;,&quot;size&quot;:1100,&quot;sizes&quot;:[]},&quot;max_width_tablet&quot;:{&quot;unit&quot;:&quot;%&quot;,&quot;size&quot;:100,&quot;sizes&quot;:[]},&quot;max_width_mobile&quot;:{&quot;unit&quot;:&quot;%&quot;,&quot;size&quot;:100,&quot;sizes&quot;:[]},&quot;text_content_stroke_width&quot;:{&quot;unit&quot;:&quot;%&quot;,&quot;size&quot;:110,&quot;sizes&quot;:[]},&quot;text_content_stroke_height&quot;:{&quot;unit&quot;:&quot;%&quot;,&quot;size&quot;:80,&quot;sizes&quot;:[]},&quot;text_content_stroke_rotation&quot;:{&quot;unit&quot;:&quot;deg&quot;,&quot;size&quot;:-5,&quot;sizes&quot;:[]}}\" data-widget_type=\"asli-widget-text-content.default\">\n\t\t\t\t<div class=\"elementor-widget-container\">\n\t\t\t\t\t\t\t<div class=\"text-start me-auto content js-content\" data-arts-split-text-preset=\"animatedChars\" data-arts-component-name=\"Content\" data-arts-os-animation=\"true\">\n\t\t\t<h2 class=\"content__text typography-text-content\">Cena a base di raclette presso la Table d'H\u00f4tes<\/h2>\n\t\t<\/div>\n\t\t\t\t\t\t<\/div>\n\t\t\t\t<\/div>\n\t\t\t\t<div class=\"elementor-element elementor-element-7fbb8933 elementor-widget elementor-widget-text-editor\" data-id=\"7fbb8933\" data-element_type=\"widget\" data-e-type=\"widget\" data-widget_type=\"text-editor.default\">\n\t\t\t\t<div class=\"elementor-widget-container\">\n\t\t\t\t\t\t\t\t\t<p class=\"editablelinks\"><strong>Fino al 28 febbraio<\/strong>Godetevi l'esperienza della Raclette alla Table d'H\u00f4tes, tutti i giorni dell'anno. <strong>Venerd\u00ec e sabato sera dalle 20.30.<\/strong><\/p><p class=\"editablelinks\">La Savoia si invita a Primard per un menu gourmet e conviviale e una grande tavola condivisa. <br \/>Nel menu: vin brul\u00e9, goug\u00e8res, Raclettes du <i>Casaro Meilleur Ouvrier de France <\/i>Bernard Mure-Ravaux, salumi della Maison Baud, dolci savoiardi e frutta di stagione.<\/p><p class=\"editablelinks\">Intorno a un grande tavolo (da 6 a 14 ospiti), godetevi un'atmosfera alpina a un'ora da Parigi.<br \/><em>75 a persona (acqua e bevande calde incluse)<br \/><\/em><em>35\u20ac per bambino sotto i 12 anni<br \/>Solo su prenotazione<\/em><\/p>\t\t\t\t\t\t\t\t<\/div>\n\t\t\t\t<\/div>\n\t\t\t\t<div class=\"elementor-element elementor-element-489eb5a elementor-align-left elementor-mobile-align-center elementor-widget elementor-widget-asli-widget-button\" data-id=\"489eb5a\" data-element_type=\"widget\" data-e-type=\"widget\" data-settings=\"{&quot;cursor_hover_offset&quot;:{&quot;unit&quot;:&quot;px&quot;,&quot;size&quot;:0,&quot;sizes&quot;:[]},&quot;icon_indent&quot;:{&quot;unit&quot;:&quot;px&quot;,&quot;size&quot;:12,&quot;sizes&quot;:[]}}\" data-widget_type=\"asli-widget-button.regular\">\n\t\t\t\t<div class=\"elementor-widget-container\">\n\t\t\t\t\t\t\t<div class=\"d-inline-flex elementor-button-wrapper\">\n\t\t\t<a class=\"elementor-button button button_icon elementor-button-link elementor-size-sm\" href=\"mailto:reservations@domainedeprimard.com\">\n\t\t\t\t\t\t<span class=\"button__label button__label-normal\">\n\t\t\t\t\t\t\t<span class=\"button__title elementor-button-text\">Libro<\/span>\n\t\t\t\t\t\t\t\t\t\t\t\t\t\t\t\t\t\t\t<\/span>\n\n\t\t<span class=\"button__label button__label-hover\">\n\t\t\t\t\t\t\t<span class=\"button__title elementor-button-text\">Libro<\/span>\n\t\t\t\t\t\t\t\t\t\t\t\t\t\t\t\t\t\t\t<\/span>\n\t\t\t\t\t<\/a>\n\t\t<\/div>\n\t\t\t\t\t\t<\/div>\n\t\t\t\t<\/div>\n\t\t\t\t<\/div>\n\t\t<div class=\"elementor-element elementor-element-1040acba e-con-full e-flex e-con e-child\" data-id=\"1040acba\" data-element_type=\"container\" data-e-type=\"container\">\n\t\t\t\t<div class=\"elementor-element elementor-element-41538b2e elementor-widget elementor-widget-image-carousel\" data-id=\"41538b2e\" data-element_type=\"widget\" data-e-type=\"widget\" data-settings=\"{&quot;slides_to_show&quot;:&quot;1&quot;,&quot;navigation&quot;:&quot;none&quot;,&quot;autoplay_speed&quot;:2500,&quot;effect&quot;:&quot;fade&quot;,&quot;speed&quot;:900,&quot;autoplay&quot;:&quot;yes&quot;,&quot;pause_on_hover&quot;:&quot;yes&quot;,&quot;pause_on_interaction&quot;:&quot;yes&quot;,&quot;infinite&quot;:&quot;yes&quot;}\" data-widget_type=\"image-carousel.default\">\n\t\t\t\t<div class=\"elementor-widget-container\">\n\t\t\t\t\t\t\t<div class=\"elementor-image-carousel-wrapper swiper\" role=\"region\" aria-roledescription=\"carousel\" aria-label=\"Carosello di immagini\" dir=\"ltr\">\n\t\t\t<div class=\"elementor-image-carousel swiper-wrapper\" aria-live=\"off\">\n\t\t\t\t\t\t\t\t<div class=\"swiper-slide\" role=\"group\" aria-roledescription=\"slide\" aria-label=\"1 di 2\" data-no-translation-aria-label=\"\"><figure class=\"swiper-slide-inner\"><img decoding=\"async\" class=\"swiper-slide-image\" src=\"https:\/\/www.domainedeprimard.fontenille-collection.com\/wp-content\/uploads\/2025\/10\/primard-hotel-table-d-hotes-raclette--768x768.jpg\" alt=\"Cena a base di raclette alla table d&#039;h\u00f4tes\" \/><\/figure><\/div><div class=\"swiper-slide\" role=\"group\" aria-roledescription=\"slide\" aria-label=\"2 di 2\" data-no-translation-aria-label=\"\"><figure class=\"swiper-slide-inner\"><img decoding=\"async\" class=\"swiper-slide-image\" src=\"https:\/\/www.domainedeprimard.fontenille-collection.com\/wp-content\/uploads\/2025\/10\/primard-raclette-768x768.jpg\" alt=\"Fonduta di raclette\" \/><\/figure><\/div>\t\t\t<\/div>\n\t\t\t\t\t\t\t\n\t\t\t\t\t\t\t\t\t<\/div>\n\t\t\t\t\t\t<\/div>\n\t\t\t\t<\/div>\n\t\t\t\t<\/div>\n\t\t\t\t\t<\/div>\n\t\t\t\t<\/section>\n\t\t<section class=\"elementor-element elementor-element-96ca2ce e-flex e-con-boxed pt-medium pb-medium px-gutters-horizontal e-con e-parent\" data-id=\"96ca2ce\" data-element_type=\"container\" data-e-type=\"container\" data-settings=\"{&quot;background_background&quot;:&quot;classic&quot;}\">\n\t\t\t\t\t<div class=\"e-con-inner\">\n\t\t<div class=\"elementor-element elementor-element-04e5521 e-con-full e-flex e-con e-child\" data-id=\"04e5521\" data-element_type=\"container\" data-e-type=\"container\">\n\t\t\t\t<div class=\"elementor-element elementor-element-d8a69c9 elementor-widget elementor-widget-image-carousel\" data-id=\"d8a69c9\" data-element_type=\"widget\" data-e-type=\"widget\" data-settings=\"{&quot;slides_to_show&quot;:&quot;1&quot;,&quot;navigation&quot;:&quot;none&quot;,&quot;autoplay_speed&quot;:2500,&quot;effect&quot;:&quot;fade&quot;,&quot;speed&quot;:900,&quot;autoplay&quot;:&quot;yes&quot;,&quot;pause_on_hover&quot;:&quot;yes&quot;,&quot;pause_on_interaction&quot;:&quot;yes&quot;,&quot;infinite&quot;:&quot;yes&quot;}\" data-widget_type=\"image-carousel.default\">\n\t\t\t\t<div class=\"elementor-widget-container\">\n\t\t\t\t\t\t\t<div class=\"elementor-image-carousel-wrapper swiper\" role=\"region\" aria-roledescription=\"carousel\" aria-label=\"Carosello di immagini\" dir=\"ltr\">\n\t\t\t<div class=\"elementor-image-carousel swiper-wrapper\" aria-live=\"off\">\n\t\t\t\t\t\t\t\t<div class=\"swiper-slide\" role=\"group\" aria-roledescription=\"slide\" aria-label=\"1 di 1\" data-no-translation-aria-label=\"\"><figure class=\"swiper-slide-inner\"><img decoding=\"async\" class=\"swiper-slide-image\" src=\"https:\/\/www.domainedeprimard.fontenille-collection.com\/wp-content\/uploads\/2025\/10\/hotel-relais-et-chateaux-Domaine-de-Primard-table-dhotes-giverny-experience-gastronomie-a-1h-de-paris-min-768x768.webp\" alt=\"hotel-relais-et-chateaux-Domaine-de-Primard-table d&#039;h\u00f4tes-giverny-experience-gastronomy-1h da paris-min\" \/><\/figure><\/div>\t\t\t<\/div>\n\t\t\t\t\t<\/div>\n\t\t\t\t\t\t<\/div>\n\t\t\t\t<\/div>\n\t\t\t\t<\/div>\n\t\t<div class=\"elementor-element elementor-element-5dcbdb0 e-flex e-con-boxed e-con e-child\" data-id=\"5dcbdb0\" data-element_type=\"container\" data-e-type=\"container\">\n\t\t\t\t\t<div class=\"e-con-inner\">\n\t\t\t\t<div class=\"elementor-element elementor-element-25f7e34 elementor-widget elementor-widget-asli-widget-text-content\" data-id=\"25f7e34\" data-element_type=\"widget\" data-e-type=\"widget\" data-settings=\"{&quot;max_width&quot;:{&quot;unit&quot;:&quot;px&quot;,&quot;size&quot;:1100,&quot;sizes&quot;:[]},&quot;max_width_tablet&quot;:{&quot;unit&quot;:&quot;%&quot;,&quot;size&quot;:100,&quot;sizes&quot;:[]},&quot;max_width_mobile&quot;:{&quot;unit&quot;:&quot;%&quot;,&quot;size&quot;:100,&quot;sizes&quot;:[]},&quot;text_content_stroke_width&quot;:{&quot;unit&quot;:&quot;%&quot;,&quot;size&quot;:110,&quot;sizes&quot;:[]},&quot;text_content_stroke_height&quot;:{&quot;unit&quot;:&quot;%&quot;,&quot;size&quot;:80,&quot;sizes&quot;:[]},&quot;text_content_stroke_rotation&quot;:{&quot;unit&quot;:&quot;deg&quot;,&quot;size&quot;:-5,&quot;sizes&quot;:[]}}\" data-widget_type=\"asli-widget-text-content.default\">\n\t\t\t\t<div class=\"elementor-widget-container\">\n\t\t\t\t\t\t\t<div class=\"text-start me-auto content js-content\" data-arts-split-text-preset=\"animatedChars\" data-arts-component-name=\"Content\" data-arts-os-animation=\"true\">\n\t\t\t<h2 class=\"content__text typography-text-content\">Una Table d'H\u00f4tes gourmet a Primard<\/h2>\n\t\t<\/div>\n\t\t\t\t\t\t<\/div>\n\t\t\t\t<\/div>\n\t\t\t\t<div class=\"elementor-element elementor-element-3c6af08 elementor-widget elementor-widget-text-editor\" data-id=\"3c6af08\" data-element_type=\"widget\" data-e-type=\"widget\" data-widget_type=\"text-editor.default\">\n\t\t\t\t<div class=\"elementor-widget-container\">\n\t\t\t\t\t\t\t\t\t<p>Nell'antica cucina della Maison sur l'Eure, la Table d'H\u00f4tes del Domaine de Primard incarna l'essenza dell'art de vivre francese. Circondata da travi in legno, un camino d'epoca e una maestosa stufa La Cornue, questa sala emblematica si trasforma in un bozzolo caldo e raffinato per pranzare o cenare.<\/p><p>Questa esperienza culinaria unica \u00e8 pensata per chi cerca un momento fuori dal tempo, nella cornice di un'elegante casa di campagna, a solo 1 ora da Parigi.<\/p><p>Che si tratti di festeggiare un compleanno, di organizzare una cena privata con uno chef o di godersi un momento privilegiato con un piccolo gruppo, questo indirizzo discreto del Domaine de Primard \u00e8 uno dei migliori inviti ad assaporare il momento.<\/p>\t\t\t\t\t\t\t\t<\/div>\n\t\t\t\t<\/div>\n\t\t\t\t<div class=\"elementor-element elementor-element-c12a51b elementor-align-left elementor-mobile-align-center elementor-widget elementor-widget-asli-widget-button\" data-id=\"c12a51b\" data-element_type=\"widget\" data-e-type=\"widget\" data-settings=\"{&quot;cursor_hover_offset&quot;:{&quot;unit&quot;:&quot;px&quot;,&quot;size&quot;:0,&quot;sizes&quot;:[]},&quot;icon_indent&quot;:{&quot;unit&quot;:&quot;px&quot;,&quot;size&quot;:12,&quot;sizes&quot;:[]}}\" data-widget_type=\"asli-widget-button.regular\">\n\t\t\t\t<div class=\"elementor-widget-container\">\n\t\t\t\t\t\t\t<div class=\"d-inline-flex elementor-button-wrapper\">\n\t\t\t<a class=\"elementor-button button button_icon elementor-button-link elementor-size-sm\" href=\"mailto:commercial@domainedeprimard.com\">\n\t\t\t\t\t\t<span class=\"button__label button__label-normal\">\n\t\t\t\t\t\t\t<span class=\"button__title elementor-button-text\">Contattateci<\/span>\n\t\t\t\t\t\t\t\t\t\t\t\t\t\t\t\t\t\t\t<\/span>\n\n\t\t<span class=\"button__label button__label-hover\">\n\t\t\t\t\t\t\t<span class=\"button__title elementor-button-text\">Libro<\/span>\n\t\t\t\t\t\t\t\t\t\t\t\t\t\t\t\t\t\t\t<\/span>\n\t\t\t\t\t<\/a>\n\t\t<\/div>\n\t\t\t\t\t\t<\/div>\n\t\t\t\t<\/div>\n\t\t\t\t\t<\/div>\n\t\t\t\t<\/div>\n\t\t\t\t\t<\/div>\n\t\t\t\t<\/section>\n\t\t<section class=\"elementor-element elementor-element-70dadd82 e-flex e-con-boxed pb-medium px-gutters-horizontal e-con e-parent\" data-id=\"70dadd82\" data-element_type=\"container\" data-e-type=\"container\" data-settings=\"{&quot;background_background&quot;:&quot;gradient&quot;}\">\n\t\t\t\t\t<div class=\"e-con-inner\">\n\t\t<div class=\"elementor-element elementor-element-6a357e3d e-con-full e-flex e-con e-child\" data-id=\"6a357e3d\" data-element_type=\"container\" data-e-type=\"container\">\n\t\t\t\t<div class=\"elementor-element elementor-element-7caa2de0 elementor-widget elementor-widget-image-carousel\" data-id=\"7caa2de0\" data-element_type=\"widget\" data-e-type=\"widget\" data-settings=\"{&quot;slides_to_show&quot;:&quot;1&quot;,&quot;navigation&quot;:&quot;none&quot;,&quot;autoplay_speed&quot;:2500,&quot;effect&quot;:&quot;fade&quot;,&quot;speed&quot;:900,&quot;autoplay&quot;:&quot;yes&quot;,&quot;pause_on_hover&quot;:&quot;yes&quot;,&quot;pause_on_interaction&quot;:&quot;yes&quot;,&quot;infinite&quot;:&quot;yes&quot;}\" data-widget_type=\"image-carousel.default\">\n\t\t\t\t<div class=\"elementor-widget-container\">\n\t\t\t\t\t\t\t<div class=\"elementor-image-carousel-wrapper swiper\" role=\"region\" aria-roledescription=\"carousel\" aria-label=\"Carosello di immagini\" dir=\"ltr\">\n\t\t\t<div class=\"elementor-image-carousel swiper-wrapper\" aria-live=\"off\">\n\t\t\t\t\t\t\t\t<div class=\"swiper-slide\" role=\"group\" aria-roledescription=\"slide\" aria-label=\"1 di 3\" data-no-translation-aria-label=\"\"><figure class=\"swiper-slide-inner\"><img decoding=\"async\" class=\"swiper-slide-image\" src=\"https:\/\/www.domainedeprimard.fontenille-collection.com\/wp-content\/uploads\/2025\/10\/hotel-relais-et-chateaux-Domaine-de-Primard-table-dhotes-giverny-proche-paris-experience-culinaire-gastronomie-min-768x768.webp\" alt=\"Hotel-Relais-et-Chateaux-Domaine-de-Primard-Tavola-di-casa-Giverny-vicino-Parigi-esperienza-culinaria-gastronomia-min\" \/><\/figure><\/div><div class=\"swiper-slide\" role=\"group\" aria-roledescription=\"slide\" aria-label=\"2 di 3\" data-no-translation-aria-label=\"\"><figure class=\"swiper-slide-inner\"><img decoding=\"async\" class=\"swiper-slide-image\" src=\"https:\/\/www.domainedeprimard.fontenille-collection.com\/wp-content\/uploads\/2024\/12\/atelier-culinaire-noel-768x768.jpg\" alt=\"laboratorio culinario alla table d&#039;h\u00f4tes\" \/><\/figure><\/div><div class=\"swiper-slide\" role=\"group\" aria-roledescription=\"slide\" aria-label=\"3 di 3\" data-no-translation-aria-label=\"\"><figure class=\"swiper-slide-inner\"><img decoding=\"async\" class=\"swiper-slide-image\" src=\"https:\/\/www.domainedeprimard.fontenille-collection.com\/wp-content\/uploads\/2025\/10\/hotel-relais-et-chateaux-Primard-chateau-domaine-giverny-eure-proche-paris-cave-a-vins-degustation-wine-aperitif-tasting-min-768x768.webp\" alt=\"hotel-relais-et-chateaux-Primard-chateau-domaine-giverny-eure-vicino-parigi-cantina-degustazione-vino-aperitivo\" \/><\/figure><\/div>\t\t\t<\/div>\n\t\t\t\t\t\t\t\n\t\t\t\t\t\t\t\t\t<\/div>\n\t\t\t\t\t\t<\/div>\n\t\t\t\t<\/div>\n\t\t\t\t<\/div>\n\t\t<div class=\"elementor-element elementor-element-2360457c e-flex e-con-boxed e-con e-child\" data-id=\"2360457c\" data-element_type=\"container\" data-e-type=\"container\">\n\t\t\t\t\t<div class=\"e-con-inner\">\n\t\t\t\t<div class=\"elementor-element elementor-element-612f2d21 elementor-widget elementor-widget-asli-widget-text-content\" data-id=\"612f2d21\" data-element_type=\"widget\" data-e-type=\"widget\" data-settings=\"{&quot;max_width&quot;:{&quot;unit&quot;:&quot;px&quot;,&quot;size&quot;:1100,&quot;sizes&quot;:[]},&quot;max_width_tablet&quot;:{&quot;unit&quot;:&quot;%&quot;,&quot;size&quot;:100,&quot;sizes&quot;:[]},&quot;max_width_mobile&quot;:{&quot;unit&quot;:&quot;%&quot;,&quot;size&quot;:100,&quot;sizes&quot;:[]},&quot;text_content_stroke_width&quot;:{&quot;unit&quot;:&quot;%&quot;,&quot;size&quot;:110,&quot;sizes&quot;:[]},&quot;text_content_stroke_height&quot;:{&quot;unit&quot;:&quot;%&quot;,&quot;size&quot;:80,&quot;sizes&quot;:[]},&quot;text_content_stroke_rotation&quot;:{&quot;unit&quot;:&quot;deg&quot;,&quot;size&quot;:-5,&quot;sizes&quot;:[]}}\" data-widget_type=\"asli-widget-text-content.default\">\n\t\t\t\t<div class=\"elementor-widget-container\">\n\t\t\t\t\t\t\t<div class=\"text-start me-auto content js-content\" data-arts-split-text-preset=\"animatedChars\" data-arts-component-name=\"Content\" data-arts-os-animation=\"true\">\n\t\t\t<h2 class=\"content__text typography-text-content\">Degustazioni e laboratori culinari<\/h2>\n\t\t<\/div>\n\t\t\t\t\t\t<\/div>\n\t\t\t\t<\/div>\n\t\t\t\t<div class=\"elementor-element elementor-element-4bf29bb3 elementor-widget elementor-widget-text-editor\" data-id=\"4bf29bb3\" data-element_type=\"widget\" data-e-type=\"widget\" data-widget_type=\"text-editor.default\">\n\t\t\t\t<div class=\"elementor-widget-container\">\n\t\t\t\t\t\t\t\t\t<p data-start=\"352\" data-end=\"726\">Durante tutto l'anno, la Table d'H\u00f4tes de Primard accoglie i buongustai per vivere esperienze coinvolgenti e conviviali. Da <strong data-start=\"484\" data-end=\"507\">laboratori culinari<\/strong> sono organizzate intorno a temi stagionali, permettendo di scoprire o perfezionare ricette emblematiche: con l'avvicinarsi del Natale, la magia prende vita intorno a frollini gourmet e tronchetti festivi.<\/p><p data-start=\"728\" data-end=\"873\">Per gli eventi privati, il nostro team progetter\u00e0 laboratori su misura per i vostri ospiti, offrendo una reale opportunit\u00e0 di condividere esperienze culinarie.<\/p><p data-start=\"875\" data-end=\"1129\">La Table d'H\u00f4tes \u00e8 anche un luogo di scoperta del vino. Da <strong data-start=\"940\" data-end=\"964\">degustazioni di vino e champagne<\/strong> in collaborazione con <strong data-start=\"1013\" data-end=\"1031\">Veuve Clicquot<\/strong>Un ambiente caldo e invitante per esplorare le sottili combinazioni di cibo e Champagne.<\/p>\t\t\t\t\t\t\t\t<\/div>\n\t\t\t\t<\/div>\n\t\t\t\t<div class=\"elementor-element elementor-element-0ccb0b9 elementor-align-left elementor-mobile-align-center elementor-widget elementor-widget-asli-widget-button\" data-id=\"0ccb0b9\" data-element_type=\"widget\" data-e-type=\"widget\" data-settings=\"{&quot;cursor_hover_offset&quot;:{&quot;unit&quot;:&quot;px&quot;,&quot;size&quot;:0,&quot;sizes&quot;:[]},&quot;icon_indent&quot;:{&quot;unit&quot;:&quot;px&quot;,&quot;size&quot;:12,&quot;sizes&quot;:[]}}\" data-widget_type=\"asli-widget-button.regular\">\n\t\t\t\t<div class=\"elementor-widget-container\">\n\t\t\t\t\t\t\t<div class=\"d-inline-flex elementor-button-wrapper\">\n\t\t\t<a class=\"elementor-button button button_icon button_icon-before elementor-button-link elementor-size-sm\" href=\"https:\/\/www.domainedeprimard.fontenille-collection.com\/it\/offerte-e-novita\/\">\n\t\t\t\t\t\t<span class=\"button__label button__label-normal\">\n\t\t\t\t\t\t\t<span class=\"button__title elementor-button-text\">Offerte e notizie<\/span>\n\t\t\t\t\t\t\t\t\t\t\t\t\t\t\t<span class=\"elementor-button-icon elementor-align-icon-left\">\n\t\t\t\t\t\t\t\t\t<svg aria-hidden=\"true\" class=\"e-font-icon-svg e-far-calendar-check\" viewbox=\"0 0 448 512\" xmlns=\"http:\/\/www.w3.org\/2000\/svg\"><path d=\"M400 64h-48V12c0-6.627-5.373-12-12-12h-40c-6.627 0-12 5.373-12 12v52H160V12c0-6.627-5.373-12-12-12h-40c-6.627 0-12 5.373-12 12v52H48C21.49 64 0 85.49 0 112v352c0 26.51 21.49 48 48 48h352c26.51 0 48-21.49 48-48V112c0-26.51-21.49-48-48-48zm-6 400H54a6 6 0 0 1-6-6V160h352v298a6 6 0 0 1-6 6zm-52.849-200.65L198.842 404.519c-4.705 4.667-12.303 4.637-16.971-.068l-75.091-75.699c-4.667-4.705-4.637-12.303.068-16.971l22.719-22.536c4.705-4.667 12.303-4.637 16.97.069l44.104 44.461 111.072-110.181c4.705-4.667 12.303-4.637 16.971.068l22.536 22.718c4.667 4.705 4.636 12.303-.069 16.97z\"><\/path><\/svg>\t\t\t\t\t\t\t<\/span>\n\t\t\t\t\t\t\t\t\t<\/span>\n\n\t\t<span class=\"button__label button__label-hover\">\n\t\t\t\t\t\t\t<span class=\"button__title elementor-button-text\">Vedi<\/span>\n\t\t\t\t\t\t\t\t\t\t\t\t\t\t\t<span class=\"elementor-button-icon elementor-align-icon-left elementor-button-icon elementor-align-icon-left hidden\">\n\t\t\t\t\t\t\t\t\t<svg aria-hidden=\"true\" class=\"e-font-icon-svg e-far-calendar-check\" viewbox=\"0 0 448 512\" xmlns=\"http:\/\/www.w3.org\/2000\/svg\"><path d=\"M400 64h-48V12c0-6.627-5.373-12-12-12h-40c-6.627 0-12 5.373-12 12v52H160V12c0-6.627-5.373-12-12-12h-40c-6.627 0-12 5.373-12 12v52H48C21.49 64 0 85.49 0 112v352c0 26.51 21.49 48 48 48h352c26.51 0 48-21.49 48-48V112c0-26.51-21.49-48-48-48zm-6 400H54a6 6 0 0 1-6-6V160h352v298a6 6 0 0 1-6 6zm-52.849-200.65L198.842 404.519c-4.705 4.667-12.303 4.637-16.971-.068l-75.091-75.699c-4.667-4.705-4.637-12.303.068-16.971l22.719-22.536c4.705-4.667 12.303-4.637 16.97.069l44.104 44.461 111.072-110.181c4.705-4.667 12.303-4.637 16.971.068l22.536 22.718c4.667 4.705 4.636 12.303-.069 16.97z\"><\/path><\/svg>\t\t\t\t\t\t\t<\/span>\n\t\t\t\t\t\t\t\t\t<\/span>\n\t\t\t\t\t<\/a>\n\t\t<\/div>\n\t\t\t\t\t\t<\/div>\n\t\t\t\t<\/div>\n\t\t\t\t\t<\/div>\n\t\t\t\t<\/div>\n\t\t\t\t\t<\/div>\n\t\t\t\t<\/section>\n\t\t<section class=\"elementor-element elementor-element-45c56da e-flex e-con-boxed pb-medium px-gutters-horizontal e-con e-parent\" data-id=\"45c56da\" data-element_type=\"container\" data-e-type=\"container\" data-settings=\"{&quot;background_background&quot;:&quot;classic&quot;}\">\n\t\t\t\t\t<div class=\"e-con-inner\">\n\t\t<div class=\"elementor-element elementor-element-312bacd9 e-con-full e-flex e-con e-child\" data-id=\"312bacd9\" data-element_type=\"container\" data-e-type=\"container\">\n\t\t\t\t<div class=\"elementor-element elementor-element-2bf46e73 elementor-widget elementor-widget-image-carousel\" data-id=\"2bf46e73\" data-element_type=\"widget\" data-e-type=\"widget\" data-settings=\"{&quot;slides_to_show&quot;:&quot;1&quot;,&quot;navigation&quot;:&quot;none&quot;,&quot;autoplay_speed&quot;:2500,&quot;effect&quot;:&quot;fade&quot;,&quot;speed&quot;:900,&quot;autoplay&quot;:&quot;yes&quot;,&quot;pause_on_hover&quot;:&quot;yes&quot;,&quot;pause_on_interaction&quot;:&quot;yes&quot;,&quot;infinite&quot;:&quot;yes&quot;}\" data-widget_type=\"image-carousel.default\">\n\t\t\t\t<div class=\"elementor-widget-container\">\n\t\t\t\t\t\t\t<div class=\"elementor-image-carousel-wrapper swiper\" role=\"region\" aria-roledescription=\"carousel\" aria-label=\"Carosello di immagini\" dir=\"ltr\">\n\t\t\t<div class=\"elementor-image-carousel swiper-wrapper\" aria-live=\"off\">\n\t\t\t\t\t\t\t\t<div class=\"swiper-slide\" role=\"group\" aria-roledescription=\"slide\" aria-label=\"1 di 1\" data-no-translation-aria-label=\"\"><figure class=\"swiper-slide-inner\"><img decoding=\"async\" class=\"swiper-slide-image\" src=\"https:\/\/www.domainedeprimard.fontenille-collection.com\/wp-content\/uploads\/2025\/10\/primard-hotel-relais-chateaux-proche-paris-table-hotes-privatisations-768x768.jpg\" alt=\"Table d&#039;h\u00f4tes privato per un evento\" \/><\/figure><\/div>\t\t\t<\/div>\n\t\t\t\t\t<\/div>\n\t\t\t\t\t\t<\/div>\n\t\t\t\t<\/div>\n\t\t\t\t<\/div>\n\t\t<div class=\"elementor-element elementor-element-42c0c0cb e-flex e-con-boxed e-con e-child\" data-id=\"42c0c0cb\" data-element_type=\"container\" data-e-type=\"container\">\n\t\t\t\t\t<div class=\"e-con-inner\">\n\t\t\t\t<div class=\"elementor-element elementor-element-5e6ab56e elementor-widget elementor-widget-asli-widget-text-content\" data-id=\"5e6ab56e\" data-element_type=\"widget\" data-e-type=\"widget\" data-settings=\"{&quot;max_width&quot;:{&quot;unit&quot;:&quot;px&quot;,&quot;size&quot;:1100,&quot;sizes&quot;:[]},&quot;max_width_tablet&quot;:{&quot;unit&quot;:&quot;%&quot;,&quot;size&quot;:100,&quot;sizes&quot;:[]},&quot;max_width_mobile&quot;:{&quot;unit&quot;:&quot;%&quot;,&quot;size&quot;:100,&quot;sizes&quot;:[]},&quot;text_content_stroke_width&quot;:{&quot;unit&quot;:&quot;%&quot;,&quot;size&quot;:110,&quot;sizes&quot;:[]},&quot;text_content_stroke_height&quot;:{&quot;unit&quot;:&quot;%&quot;,&quot;size&quot;:80,&quot;sizes&quot;:[]},&quot;text_content_stroke_rotation&quot;:{&quot;unit&quot;:&quot;deg&quot;,&quot;size&quot;:-5,&quot;sizes&quot;:[]}}\" data-widget_type=\"asli-widget-text-content.default\">\n\t\t\t\t<div class=\"elementor-widget-container\">\n\t\t\t\t\t\t\t<div class=\"text-start me-auto content js-content\" data-arts-split-text-preset=\"animatedChars\" data-arts-component-name=\"Content\" data-arts-os-animation=\"true\">\n\t\t\t<h2 class=\"content__text typography-text-content\">Privatizzazione confidenziale<\/h2>\n\t\t<\/div>\n\t\t\t\t\t\t<\/div>\n\t\t\t\t<\/div>\n\t\t\t\t<div class=\"elementor-element elementor-element-5eb79a1b elementor-widget elementor-widget-text-editor\" data-id=\"5eb79a1b\" data-element_type=\"widget\" data-e-type=\"widget\" data-widget_type=\"text-editor.default\">\n\t\t\t\t<div class=\"elementor-widget-container\">\n\t\t\t\t\t\t\t\t\t<p>Miscela di competenza culinaria, convivialit\u00e0 ed eleganza, la Table d'H\u00f4tes de Primard vi invita a vivere un'esperienza unica nel cuore di un hotel Relais &amp; Ch\u00e2teaux vicino a Parigi.<\/p><p>La Table d'H\u00f4tes \u00e8 disponibile a pranzo e a cena per i vostri eventi. Menu su misura in base alle vostre esigenze. Costo totale della privatizzazione: 1.500 euro (bevande escluse).<\/p>\t\t\t\t\t\t\t\t<\/div>\n\t\t\t\t<\/div>\n\t\t\t\t<div class=\"elementor-element elementor-element-80d9f1f elementor-align-left elementor-mobile-align-center elementor-widget elementor-widget-asli-widget-button\" data-id=\"80d9f1f\" data-element_type=\"widget\" data-e-type=\"widget\" data-settings=\"{&quot;cursor_hover_offset&quot;:{&quot;unit&quot;:&quot;px&quot;,&quot;size&quot;:0,&quot;sizes&quot;:[]},&quot;icon_indent&quot;:{&quot;unit&quot;:&quot;px&quot;,&quot;size&quot;:12,&quot;sizes&quot;:[]}}\" data-widget_type=\"asli-widget-button.regular\">\n\t\t\t\t<div class=\"elementor-widget-container\">\n\t\t\t\t\t\t\t<div class=\"d-inline-flex elementor-button-wrapper\">\n\t\t\t<a class=\"elementor-button button button_icon elementor-button-link elementor-size-sm\" href=\"mailto:commercial@domainedeprimard.com\">\n\t\t\t\t\t\t<span class=\"button__label button__label-normal\">\n\t\t\t\t\t\t\t<span class=\"button__title elementor-button-text\">Contattateci<\/span>\n\t\t\t\t\t\t\t\t\t\t\t\t\t\t\t\t\t\t\t<\/span>\n\n\t\t<span class=\"button__label button__label-hover\">\n\t\t\t\t\t\t\t<span class=\"button__title elementor-button-text\">Contattateci<\/span>\n\t\t\t\t\t\t\t\t\t\t\t\t\t\t\t\t\t\t\t<\/span>\n\t\t\t\t\t<\/a>\n\t\t<\/div>\n\t\t\t\t\t\t<\/div>\n\t\t\t\t<\/div>\n\t\t\t\t\t<\/div>\n\t\t\t\t<\/div>\n\t\t\t\t\t<\/div>\n\t\t\t\t<\/section>\n\t\t<div class=\"elementor-element elementor-element-c1d676a e-con-full e-flex e-con e-child\" data-id=\"c1d676a\" data-element_type=\"container\" data-e-type=\"container\" data-settings=\"{&quot;background_background&quot;:&quot;classic&quot;}\">\n\t\t<div class=\"elementor-element elementor-element-0de88ab e-con-full e-flex e-con e-child\" data-id=\"0de88ab\" data-element_type=\"container\" data-e-type=\"container\">\n\t\t<div class=\"elementor-element elementor-element-39cab9e e-con-full e-flex e-con e-child\" data-id=\"39cab9e\" data-element_type=\"container\" data-e-type=\"container\">\n\t\t\t\t<div class=\"elementor-element elementor-element-f187af8 elementor-cta--skin-cover elementor-cta--valign-middle elementor-animated-content elementor-bg-transform elementor-bg-transform-zoom-in elementor-widget elementor-widget-call-to-action\" data-id=\"f187af8\" data-element_type=\"widget\" data-e-type=\"widget\" data-widget_type=\"call-to-action.default\">\n\t\t\t\t<div class=\"elementor-widget-container\">\n\t\t\t\t\t\t\t<a class=\"elementor-cta\" href=\"https:\/\/www.domainedeprimard.fontenille-collection.com\/it\/scoprire-primard-normandie-vicino-a-parigi\/\">\n\t\t\t\t\t<div class=\"elementor-cta__bg-wrapper\">\n\t\t\t\t<div class=\"elementor-cta__bg elementor-bg\" style=\"background-image: url(https:\/\/www.domainedeprimard.fontenille-collection.com\/wp-content\/uploads\/2025\/11\/hotel-domaine-de-primard-a-une-heure-de-paris-campagne-jardin-automne-768x1188.jpg);\" role=\"img\" aria-label=\"hotel-domaine-de-primard-a-une-heure-de-paris-campagna-giardino-autunno\"><\/div>\n\t\t\t\t<div class=\"elementor-cta__bg-overlay\"><\/div>\n\t\t\t<\/div>\n\t\t\t\t\t\t\t<div class=\"elementor-cta__content\">\n\t\t\t\t\n\t\t\t\t\t\t\t\t\t<h3 class=\"elementor-cta__title elementor-cta__content-item elementor-content-item elementor-animated-item--move-up\">\n\t\t\t\t\t\tScoprire Primard\t\t\t\t\t<\/h3>\n\t\t\t\t\n\t\t\t\t\t\t\t\t\t<h4 class=\"elementor-cta__description elementor-cta__content-item elementor-content-item elementor-animated-item--move-up\">\n\t\t\t\t\t\tCasa romantica sulle rive dell'Eure\t\t\t\t\t<\/h4>\n\t\t\t\t\n\t\t\t\t\t\t\t<\/div>\n\t\t\t\t\t\t<\/a>\n\t\t\t\t\t\t<\/div>\n\t\t\t\t<\/div>\n\t\t\t\t<\/div>\n\t\t<div class=\"elementor-element elementor-element-d52c3c3 e-con-full e-flex e-con e-child\" data-id=\"d52c3c3\" data-element_type=\"container\" data-e-type=\"container\">\n\t\t\t\t<div class=\"elementor-element elementor-element-69fd7a9 elementor-cta--skin-cover elementor-cta--valign-middle elementor-animated-content elementor-bg-transform elementor-bg-transform-zoom-in elementor-widget elementor-widget-call-to-action\" data-id=\"69fd7a9\" data-element_type=\"widget\" data-e-type=\"widget\" data-widget_type=\"call-to-action.default\">\n\t\t\t\t<div class=\"elementor-widget-container\">\n\t\t\t\t\t\t\t<a class=\"elementor-cta\" href=\"https:\/\/www.domainedeprimard.fontenille-collection.com\/it\/camere-e-suite\/\">\n\t\t\t\t\t<div class=\"elementor-cta__bg-wrapper\">\n\t\t\t\t<div class=\"elementor-cta__bg elementor-bg\" style=\"background-image: url(https:\/\/www.domainedeprimard.fontenille-collection.com\/wp-content\/uploads\/2025\/03\/chambre-domaine-de-primard-gainville-hotel-baignoire-768x972.webp);\" role=\"img\" aria-label=\"Camera da letto Primard\"><\/div>\n\t\t\t\t<div class=\"elementor-cta__bg-overlay\"><\/div>\n\t\t\t<\/div>\n\t\t\t\t\t\t\t<div class=\"elementor-cta__content\">\n\t\t\t\t\n\t\t\t\t\t\t\t\t\t<h3 class=\"elementor-cta__title elementor-cta__content-item elementor-content-item elementor-animated-item--move-up\">\n\t\t\t\t\t\tCamere e suite\t\t\t\t\t<\/h3>\n\t\t\t\t\n\t\t\t\t\t\t\t\t\t<h4 class=\"elementor-cta__description elementor-cta__content-item elementor-content-item elementor-animated-item--move-up\">\n\t\t\t\t\t\tFuga dal paese<br>alle porte di Parigi\t\t\t\t\t<\/h4>\n\t\t\t\t\n\t\t\t\t\t\t\t<\/div>\n\t\t\t\t\t\t<\/a>\n\t\t\t\t\t\t<\/div>\n\t\t\t\t<\/div>\n\t\t\t\t<\/div>\n\t\t<div class=\"elementor-element elementor-element-aa35362 e-con-full e-flex e-con e-child\" data-id=\"aa35362\" data-element_type=\"container\" data-e-type=\"container\">\n\t\t\t\t<div class=\"elementor-element elementor-element-f85d007 elementor-cta--skin-cover elementor-cta--valign-middle elementor-animated-content elementor-bg-transform elementor-bg-transform-zoom-in elementor-widget elementor-widget-call-to-action\" data-id=\"f85d007\" data-element_type=\"widget\" data-e-type=\"widget\" data-widget_type=\"call-to-action.default\">\n\t\t\t\t<div class=\"elementor-widget-container\">\n\t\t\t\t\t\t\t<a class=\"elementor-cta\" href=\"https:\/\/www.domainedeprimard.fontenille-collection.com\/it\/ristorante-bistrot-martin\/\">\n\t\t\t\t\t<div class=\"elementor-cta__bg-wrapper\">\n\t\t\t\t<div class=\"elementor-cta__bg elementor-bg\" style=\"background-image: url(https:\/\/www.domainedeprimard.fontenille-collection.com\/wp-content\/uploads\/2025\/11\/hotel-domaine-de-primard-a-une-heure-de-paris-campagne-bistrot-martin-automne-768x1188.jpg);\" role=\"img\" aria-label=\"hotel-domaine-de-primard-a-une-heure-de-paris-campagne-bistrot-martin-autunno\"><\/div>\n\t\t\t\t<div class=\"elementor-cta__bg-overlay\"><\/div>\n\t\t\t<\/div>\n\t\t\t\t\t\t\t<div class=\"elementor-cta__content\">\n\t\t\t\t\n\t\t\t\t\t\t\t\t\t<h3 class=\"elementor-cta__title elementor-cta__content-item elementor-content-item elementor-animated-item--move-up\">\n\t\t\t\t\t\tBistrot Martin\t\t\t\t\t<\/h3>\n\t\t\t\t\n\t\t\t\t\t\t\t\t\t<h4 class=\"elementor-cta__description elementor-cta__content-item elementor-content-item elementor-animated-item--move-up\">\n\t\t\t\t\t\tCucina facile da usare<br>&amp; gourmet\t\t\t\t\t<\/h4>\n\t\t\t\t\n\t\t\t\t\t\t\t<\/div>\n\t\t\t\t\t\t<\/a>\n\t\t\t\t\t\t<\/div>\n\t\t\t\t<\/div>\n\t\t\t\t<\/div>\n\t\t<div class=\"elementor-element elementor-element-1afa289 e-con-full e-flex e-con e-child\" data-id=\"1afa289\" data-element_type=\"container\" data-e-type=\"container\">\n\t\t\t\t<div class=\"elementor-element elementor-element-b632aaa elementor-cta--skin-cover elementor-cta--valign-middle elementor-animated-content elementor-bg-transform elementor-bg-transform-zoom-in elementor-widget elementor-widget-call-to-action\" data-id=\"b632aaa\" data-element_type=\"widget\" data-e-type=\"widget\" data-widget_type=\"call-to-action.default\">\n\t\t\t\t<div class=\"elementor-widget-container\">\n\t\t\t\t\t\t\t<a class=\"elementor-cta\" href=\"https:\/\/www.domainedeprimard.fontenille-collection.com\/it\/esperienze-al-domaine-de-primard\/\">\n\t\t\t\t\t<div class=\"elementor-cta__bg-wrapper\">\n\t\t\t\t<div class=\"elementor-cta__bg elementor-bg\" style=\"background-image: url(https:\/\/www.domainedeprimard.fontenille-collection.com\/wp-content\/uploads\/2026\/02\/hotel-domaine-de-primard-a-1-heure-de-paris-campagne-vins-fontenille-768x768.webp);\" role=\"img\" aria-label=\"Degustazione vini Fontenille al Domaine de Primard\"><\/div>\n\t\t\t\t<div class=\"elementor-cta__bg-overlay\"><\/div>\n\t\t\t<\/div>\n\t\t\t\t\t\t\t<div class=\"elementor-cta__content\">\n\t\t\t\t\n\t\t\t\t\t\t\t\t\t<h3 class=\"elementor-cta__title elementor-cta__content-item elementor-content-item elementor-animated-item--move-up\">\n\t\t\t\t\t\tEsperienze\t\t\t\t\t<\/h3>\n\t\t\t\t\n\t\t\t\t\t\t\t\t\t<h4 class=\"elementor-cta__description elementor-cta__content-item elementor-content-item elementor-animated-item--move-up\">\n\t\t\t\t\t\tImmersione nella campagna<br>&amp; giardini poetici\t\t\t\t\t<\/h4>\n\t\t\t\t\n\t\t\t\t\t\t\t<\/div>\n\t\t\t\t\t\t<\/a>\n\t\t\t\t\t\t<\/div>\n\t\t\t\t<\/div>\n\t\t\t\t<\/div>\n\t\t\t\t<\/div>\n\t\t\t\t<\/div>\n\t\t\t\t<\/div>","protected":false},"excerpt":{"rendered":"<p>La Table d&rsquo;H\u00f4tes Dans l&rsquo;ancienne cuisine du Ch\u00e2teau de Primard, la Table d&rsquo;H\u00f4tes est un lieu singulier &amp; intimiste pour c\u00e9l\u00e9brer une occasion particuli\u00e8re en famille, entre amis ou collaborateurs. Autour de la chemin\u00e9e d&rsquo;\u00e9poque et du fourneau La Cornue, d\u00e9gustez un menu de saison sur-mesure \u00e9labor\u00e9 avec les produits du potager &amp; du terroir [&hellip;]<\/p>\n","protected":false},"author":3,"featured_media":26800,"parent":0,"menu_order":0,"comment_status":"closed","ping_status":"closed","template":"","meta":{"_acf_changed":false,"footnotes":""},"class_list":["post-26789","page","type-page","status-publish","has-post-thumbnail","hentry"],"acf":[],"yoast_head":"<!-- This site is optimized with the Yoast SEO plugin v27.5 - https:\/\/yoast.com\/product\/yoast-seo-wordpress\/ -->\n<title>Table d\u2019H\u00f4tes \u2013 Domaine de Primard<\/title>\n<meta name=\"description\" content=\"Partagez un d\u00eener convivial sur-mesure \u00e0 la Table d\u2019H\u00f4tes du Domaine de Primard, au c\u0153ur de l&#039;ancienne cuisine et du Ch\u00e2teau.\" \/>\n<meta name=\"robots\" content=\"index, follow, max-snippet:-1, max-image-preview:large, max-video-preview:-1\" \/>\n<link rel=\"canonical\" href=\"https:\/\/www.domainedeprimard.fontenille-collection.com\/it\/table-dhotes-campagna-eure-et-loir\/\" \/>\n<meta property=\"og:locale\" content=\"it_IT\" \/>\n<meta property=\"og:type\" content=\"article\" \/>\n<meta property=\"og:title\" content=\"Table d\u2019H\u00f4tes \u2013 Domaine de Primard\" \/>\n<meta property=\"og:description\" content=\"Partagez un d\u00eener convivial sur-mesure \u00e0 la Table d\u2019H\u00f4tes du Domaine de Primard, au c\u0153ur de l&#039;ancienne cuisine et du Ch\u00e2teau.\" \/>\n<meta property=\"og:url\" content=\"https:\/\/www.domainedeprimard.fontenille-collection.com\/it\/table-dhotes-campagna-eure-et-loir\/\" \/>\n<meta property=\"og:site_name\" content=\"Domaine de Primard - H\u00f4tel &amp; Spa d\u2019exception pr\u00e8s de Paris\" \/>\n<meta property=\"article:modified_time\" content=\"2026-02-26T10:55:47+00:00\" \/>\n<meta property=\"og:image\" content=\"https:\/\/www.domainedeprimard.fontenille-collection.com\/wp-content\/uploads\/2025\/06\/hotel-relais-et-chateaux-Domaine-de-Primard-table-dhotes-experience-gastronomie-1.jpg\" \/>\n\t<meta property=\"og:image:width\" content=\"1080\" \/>\n\t<meta property=\"og:image:height\" content=\"1080\" \/>\n\t<meta property=\"og:image:type\" content=\"image\/jpeg\" \/>\n<meta name=\"twitter:card\" content=\"summary_large_image\" \/>\n<meta name=\"twitter:label1\" content=\"Tempo di lettura stimato\" \/>\n\t<meta name=\"twitter:data1\" content=\"6 minuti\" \/>\n<script type=\"application\/ld+json\" class=\"yoast-schema-graph\">{\"@context\":\"https:\\\/\\\/schema.org\",\"@graph\":[{\"@type\":\"WebPage\",\"@id\":\"https:\\\/\\\/www.domainedeprimard.fontenille-collection.com\\\/table-d-hotes-campagne-eure-et-loir\\\/\",\"url\":\"https:\\\/\\\/www.domainedeprimard.fontenille-collection.com\\\/table-d-hotes-campagne-eure-et-loir\\\/\",\"name\":\"Table d\u2019H\u00f4tes \u2013 Domaine de Primard\",\"isPartOf\":{\"@id\":\"https:\\\/\\\/www.domainedeprimard.fontenille-collection.com\\\/#website\"},\"primaryImageOfPage\":{\"@id\":\"https:\\\/\\\/www.domainedeprimard.fontenille-collection.com\\\/table-d-hotes-campagne-eure-et-loir\\\/#primaryimage\"},\"image\":{\"@id\":\"https:\\\/\\\/www.domainedeprimard.fontenille-collection.com\\\/table-d-hotes-campagne-eure-et-loir\\\/#primaryimage\"},\"thumbnailUrl\":\"https:\\\/\\\/www.domainedeprimard.fontenille-collection.com\\\/wp-content\\\/uploads\\\/2025\\\/06\\\/hotel-relais-et-chateaux-Domaine-de-Primard-table-dhotes-experience-gastronomie-1.jpg\",\"datePublished\":\"2025-06-19T09:57:29+00:00\",\"dateModified\":\"2026-02-26T10:55:47+00:00\",\"description\":\"Partagez un d\u00eener convivial sur-mesure \u00e0 la Table d\u2019H\u00f4tes du Domaine de Primard, au c\u0153ur de l'ancienne cuisine et du Ch\u00e2teau.\",\"breadcrumb\":{\"@id\":\"https:\\\/\\\/www.domainedeprimard.fontenille-collection.com\\\/table-d-hotes-campagne-eure-et-loir\\\/#breadcrumb\"},\"inLanguage\":\"it-IT\",\"potentialAction\":[{\"@type\":\"ReadAction\",\"target\":[\"https:\\\/\\\/www.domainedeprimard.fontenille-collection.com\\\/table-d-hotes-campagne-eure-et-loir\\\/\"]}]},{\"@type\":\"ImageObject\",\"inLanguage\":\"it-IT\",\"@id\":\"https:\\\/\\\/www.domainedeprimard.fontenille-collection.com\\\/table-d-hotes-campagne-eure-et-loir\\\/#primaryimage\",\"url\":\"https:\\\/\\\/www.domainedeprimard.fontenille-collection.com\\\/wp-content\\\/uploads\\\/2025\\\/06\\\/hotel-relais-et-chateaux-Domaine-de-Primard-table-dhotes-experience-gastronomie-1.jpg\",\"contentUrl\":\"https:\\\/\\\/www.domainedeprimard.fontenille-collection.com\\\/wp-content\\\/uploads\\\/2025\\\/06\\\/hotel-relais-et-chateaux-Domaine-de-Primard-table-dhotes-experience-gastronomie-1.jpg\",\"width\":1080,\"height\":1080,\"caption\":\"Table d'h\u00f4tes du Domaine de Primard\"},{\"@type\":\"BreadcrumbList\",\"@id\":\"https:\\\/\\\/www.domainedeprimard.fontenille-collection.com\\\/table-d-hotes-campagne-eure-et-loir\\\/#breadcrumb\",\"itemListElement\":[{\"@type\":\"ListItem\",\"position\":1,\"name\":\"Accueil\",\"item\":\"https:\\\/\\\/www.domainedeprimard.fontenille-collection.com\\\/\"},{\"@type\":\"ListItem\",\"position\":2,\"name\":\"Table d&rsquo;H\u00f4tes\"}]},{\"@type\":\"WebSite\",\"@id\":\"https:\\\/\\\/www.domainedeprimard.fontenille-collection.com\\\/#website\",\"url\":\"https:\\\/\\\/www.domainedeprimard.fontenille-collection.com\\\/\",\"name\":\"Domaine de Primard - H\u00f4tel &amp; Spa d\u2019exception pr\u00e8s de Paris\",\"description\":\"Aux portes de Giverny, l\u2019art des jardins et le romantisme d\u2019un Ch\u00e2teau\",\"publisher\":{\"@id\":\"https:\\\/\\\/www.domainedeprimard.fontenille-collection.com\\\/#organization\"},\"potentialAction\":[{\"@type\":\"SearchAction\",\"target\":{\"@type\":\"EntryPoint\",\"urlTemplate\":\"https:\\\/\\\/www.domainedeprimard.fontenille-collection.com\\\/?s={search_term_string}\"},\"query-input\":{\"@type\":\"PropertyValueSpecification\",\"valueRequired\":true,\"valueName\":\"search_term_string\"}}],\"inLanguage\":\"it-IT\"},{\"@type\":\"Organization\",\"@id\":\"https:\\\/\\\/www.domainedeprimard.fontenille-collection.com\\\/#organization\",\"name\":\"Domaine de Primard - H\u00f4tel &amp; Spa d\u2019exception pr\u00e8s de Paris\",\"url\":\"https:\\\/\\\/www.domainedeprimard.fontenille-collection.com\\\/\",\"logo\":{\"@type\":\"ImageObject\",\"inLanguage\":\"it-IT\",\"@id\":\"https:\\\/\\\/www.domainedeprimard.fontenille-collection.com\\\/#\\\/schema\\\/logo\\\/image\\\/\",\"url\":\"https:\\\/\\\/www.domainedeprimard.fontenille-collection.com\\\/wp-content\\\/uploads\\\/2024\\\/11\\\/LOGO-DOMAINE-DE-PRIMARD-WHITE.png\",\"contentUrl\":\"https:\\\/\\\/www.domainedeprimard.fontenille-collection.com\\\/wp-content\\\/uploads\\\/2024\\\/11\\\/LOGO-DOMAINE-DE-PRIMARD-WHITE.png\",\"width\":1889,\"height\":212,\"caption\":\"Domaine de Primard - H\u00f4tel &amp; Spa d\u2019exception pr\u00e8s de Paris\"},\"image\":{\"@id\":\"https:\\\/\\\/www.domainedeprimard.fontenille-collection.com\\\/#\\\/schema\\\/logo\\\/image\\\/\"}}]}<\/script>\n<!-- \/ Yoast SEO plugin. -->","yoast_head_json":{"title":"Tavola Rotante \u2013 Tenuta Primard","description":"Godetevi una cena conviviale e su misura al Domaine de Primard Table d'H\u00f4tes, nel cuore dell'antica cucina e del castello.","robots":{"index":"index","follow":"follow","max-snippet":"max-snippet:-1","max-image-preview":"max-image-preview:large","max-video-preview":"max-video-preview:-1"},"canonical":"https:\/\/www.domainedeprimard.fontenille-collection.com\/it\/table-dhotes-campagna-eure-et-loir\/","og_locale":"it_IT","og_type":"article","og_title":"Table d\u2019H\u00f4tes \u2013 Domaine de Primard","og_description":"Partagez un d\u00eener convivial sur-mesure \u00e0 la Table d\u2019H\u00f4tes du Domaine de Primard, au c\u0153ur de l'ancienne cuisine et du Ch\u00e2teau.","og_url":"https:\/\/www.domainedeprimard.fontenille-collection.com\/it\/table-dhotes-campagna-eure-et-loir\/","og_site_name":"Domaine de Primard - H\u00f4tel &amp; Spa d\u2019exception pr\u00e8s de Paris","article_modified_time":"2026-02-26T10:55:47+00:00","og_image":[{"width":1080,"height":1080,"url":"https:\/\/www.domainedeprimard.fontenille-collection.com\/wp-content\/uploads\/2025\/06\/hotel-relais-et-chateaux-Domaine-de-Primard-table-dhotes-experience-gastronomie-1.jpg","type":"image\/jpeg"}],"twitter_card":"summary_large_image","twitter_misc":{"Tempo di lettura stimato":"6 minuti"},"schema":{"@context":"https:\/\/schema.org","@graph":[{"@type":"WebPage","@id":"https:\/\/www.domainedeprimard.fontenille-collection.com\/table-d-hotes-campagne-eure-et-loir\/","url":"https:\/\/www.domainedeprimard.fontenille-collection.com\/table-d-hotes-campagne-eure-et-loir\/","name":"Tavola Rotante \u2013 Tenuta Primard","isPartOf":{"@id":"https:\/\/www.domainedeprimard.fontenille-collection.com\/#website"},"primaryImageOfPage":{"@id":"https:\/\/www.domainedeprimard.fontenille-collection.com\/table-d-hotes-campagne-eure-et-loir\/#primaryimage"},"image":{"@id":"https:\/\/www.domainedeprimard.fontenille-collection.com\/table-d-hotes-campagne-eure-et-loir\/#primaryimage"},"thumbnailUrl":"https:\/\/www.domainedeprimard.fontenille-collection.com\/wp-content\/uploads\/2025\/06\/hotel-relais-et-chateaux-Domaine-de-Primard-table-dhotes-experience-gastronomie-1.jpg","datePublished":"2025-06-19T09:57:29+00:00","dateModified":"2026-02-26T10:55:47+00:00","description":"Godetevi una cena conviviale e su misura al Domaine de Primard Table d'H\u00f4tes, nel cuore dell'antica cucina e del castello.","breadcrumb":{"@id":"https:\/\/www.domainedeprimard.fontenille-collection.com\/table-d-hotes-campagne-eure-et-loir\/#breadcrumb"},"inLanguage":"it-IT","potentialAction":[{"@type":"ReadAction","target":["https:\/\/www.domainedeprimard.fontenille-collection.com\/table-d-hotes-campagne-eure-et-loir\/"]}]},{"@type":"ImageObject","inLanguage":"it-IT","@id":"https:\/\/www.domainedeprimard.fontenille-collection.com\/table-d-hotes-campagne-eure-et-loir\/#primaryimage","url":"https:\/\/www.domainedeprimard.fontenille-collection.com\/wp-content\/uploads\/2025\/06\/hotel-relais-et-chateaux-Domaine-de-Primard-table-dhotes-experience-gastronomie-1.jpg","contentUrl":"https:\/\/www.domainedeprimard.fontenille-collection.com\/wp-content\/uploads\/2025\/06\/hotel-relais-et-chateaux-Domaine-de-Primard-table-dhotes-experience-gastronomie-1.jpg","width":1080,"height":1080,"caption":"Table d'h\u00f4tes du Domaine de Primard"},{"@type":"BreadcrumbList","@id":"https:\/\/www.domainedeprimard.fontenille-collection.com\/table-d-hotes-campagne-eure-et-loir\/#breadcrumb","itemListElement":[{"@type":"ListItem","position":1,"name":"Accueil","item":"https:\/\/www.domainedeprimard.fontenille-collection.com\/"},{"@type":"ListItem","position":2,"name":"Table d&rsquo;H\u00f4tes"}]},{"@type":"WebSite","@id":"https:\/\/www.domainedeprimard.fontenille-collection.com\/#website","url":"https:\/\/www.domainedeprimard.fontenille-collection.com\/","name":"Domaine de Primard - Hotel e Spa d'eccezione vicino a Parigi","description":"Alle porte di Giverny, l'arte dei giardini e il romanticismo di uno Ch\u00e2teau","publisher":{"@id":"https:\/\/www.domainedeprimard.fontenille-collection.com\/#organization"},"potentialAction":[{"@type":"SearchAction","target":{"@type":"EntryPoint","urlTemplate":"https:\/\/www.domainedeprimard.fontenille-collection.com\/?s={search_term_string}"},"query-input":{"@type":"PropertyValueSpecification","valueRequired":true,"valueName":"search_term_string"}}],"inLanguage":"it-IT"},{"@type":"Organization","@id":"https:\/\/www.domainedeprimard.fontenille-collection.com\/#organization","name":"Domaine de Primard - Hotel e Spa d'eccezione vicino a Parigi","url":"https:\/\/www.domainedeprimard.fontenille-collection.com\/","logo":{"@type":"ImageObject","inLanguage":"it-IT","@id":"https:\/\/www.domainedeprimard.fontenille-collection.com\/#\/schema\/logo\/image\/","url":"https:\/\/www.domainedeprimard.fontenille-collection.com\/wp-content\/uploads\/2024\/11\/LOGO-DOMAINE-DE-PRIMARD-WHITE.png","contentUrl":"https:\/\/www.domainedeprimard.fontenille-collection.com\/wp-content\/uploads\/2024\/11\/LOGO-DOMAINE-DE-PRIMARD-WHITE.png","width":1889,"height":212,"caption":"Domaine de Primard - H\u00f4tel &amp; Spa d\u2019exception pr\u00e8s de Paris"},"image":{"@id":"https:\/\/www.domainedeprimard.fontenille-collection.com\/#\/schema\/logo\/image\/"}}]}},"_links":{"self":[{"href":"https:\/\/www.domainedeprimard.fontenille-collection.com\/it\/wp-json\/wp\/v2\/pages\/26789","targetHints":{"allow":["GET"]}}],"collection":[{"href":"https:\/\/www.domainedeprimard.fontenille-collection.com\/it\/wp-json\/wp\/v2\/pages"}],"about":[{"href":"https:\/\/www.domainedeprimard.fontenille-collection.com\/it\/wp-json\/wp\/v2\/types\/page"}],"author":[{"embeddable":true,"href":"https:\/\/www.domainedeprimard.fontenille-collection.com\/it\/wp-json\/wp\/v2\/users\/3"}],"replies":[{"embeddable":true,"href":"https:\/\/www.domainedeprimard.fontenille-collection.com\/it\/wp-json\/wp\/v2\/comments?post=26789"}],"version-history":[{"count":28,"href":"https:\/\/www.domainedeprimard.fontenille-collection.com\/it\/wp-json\/wp\/v2\/pages\/26789\/revisions"}],"predecessor-version":[{"id":29988,"href":"https:\/\/www.domainedeprimard.fontenille-collection.com\/it\/wp-json\/wp\/v2\/pages\/26789\/revisions\/29988"}],"wp:featuredmedia":[{"embeddable":true,"href":"https:\/\/www.domainedeprimard.fontenille-collection.com\/it\/wp-json\/wp\/v2\/media\/26800"}],"wp:attachment":[{"href":"https:\/\/www.domainedeprimard.fontenille-collection.com\/it\/wp-json\/wp\/v2\/media?parent=26789"}],"curies":[{"name":"wp","href":"https:\/\/api.w.org\/{rel}","templated":true}]}}