{"id":26003,"date":"2025-02-17T14:45:20","date_gmt":"2025-02-17T14:45:20","guid":{"rendered":"https:\/\/www.domainedeprimard.fontenille-collection.com\/?page_id=26003"},"modified":"2026-04-03T14:58:52","modified_gmt":"2026-04-03T14:58:52","slug":"restaurant-bistrot-martin","status":"publish","type":"page","link":"https:\/\/www.domainedeprimard.fontenille-collection.com\/de\/restaurant-bistrot-martin\/","title":{"rendered":"Bistro Martin"},"content":{"rendered":"\t\t<div data-elementor-type=\"wp-page\" data-elementor-id=\"26003\" class=\"elementor elementor-26003\" data-elementor-settings=\"{&quot;asli_hide_title_disabled&quot;:&quot;yes&quot;}\" data-elementor-post-type=\"page\">\n\t\t\t\t<div class=\"elementor-element elementor-element-a34ded3 e-con-full e-flex pt-large px-gutters-horizontal e-con e-child\" data-id=\"a34ded3\" data-element_type=\"container\" data-e-type=\"container\" data-settings=\"{&quot;background_background&quot;:&quot;classic&quot;}\">\n\t\t\t\t<div class=\"elementor-element elementor-element-9a1ba7e elementor-widget elementor-widget-asli-widget-text-content\" data-id=\"9a1ba7e\" data-element_type=\"widget\" data-e-type=\"widget\" data-settings=\"{&quot;max_width_mobile&quot;:{&quot;unit&quot;:&quot;%&quot;,&quot;size&quot;:90,&quot;sizes&quot;:[]},&quot;max_width&quot;:{&quot;unit&quot;:&quot;px&quot;,&quot;size&quot;:960,&quot;sizes&quot;:[]},&quot;max_width_tablet&quot;:{&quot;unit&quot;:&quot;%&quot;,&quot;size&quot;:100,&quot;sizes&quot;:[]},&quot;text_content_stroke_width&quot;:{&quot;unit&quot;:&quot;%&quot;,&quot;size&quot;:110,&quot;sizes&quot;:[]},&quot;text_content_stroke_height&quot;:{&quot;unit&quot;:&quot;%&quot;,&quot;size&quot;:80,&quot;sizes&quot;:[]},&quot;text_content_stroke_rotation&quot;:{&quot;unit&quot;:&quot;deg&quot;,&quot;size&quot;:-5,&quot;sizes&quot;:[]}}\" data-widget_type=\"asli-widget-text-content.default\">\n\t\t\t\t<div class=\"elementor-widget-container\">\n\t\t\t\t\t\t\t<div class=\"text-center mx-auto content js-content\" data-arts-component-name=\"Content\">\n\t\t\t<h1 class=\"content__text typography-text-content\">Restaurant bistronomique pr\u00e8s d'Evreux<\/h1>\n\t\t<\/div>\n\t\t\t\t\t\t<\/div>\n\t\t\t\t<\/div>\n\t\t\t\t<div class=\"elementor-element elementor-element-bd5fc8e elementor-widget elementor-widget-asli-widget-text-content\" data-id=\"bd5fc8e\" data-element_type=\"widget\" data-e-type=\"widget\" data-settings=\"{&quot;max_width_tablet&quot;:{&quot;unit&quot;:&quot;%&quot;,&quot;size&quot;:75,&quot;sizes&quot;:[]},&quot;max_width&quot;:{&quot;unit&quot;:&quot;px&quot;,&quot;size&quot;:800,&quot;sizes&quot;:[]},&quot;max_width_mobile&quot;:{&quot;unit&quot;:&quot;%&quot;,&quot;size&quot;:100,&quot;sizes&quot;:[]},&quot;text_content_stroke_width&quot;:{&quot;unit&quot;:&quot;%&quot;,&quot;size&quot;:110,&quot;sizes&quot;:[]},&quot;text_content_stroke_height&quot;:{&quot;unit&quot;:&quot;%&quot;,&quot;size&quot;:80,&quot;sizes&quot;:[]},&quot;text_content_stroke_rotation&quot;:{&quot;unit&quot;:&quot;deg&quot;,&quot;size&quot;:-5,&quot;sizes&quot;:[]}}\" data-widget_type=\"asli-widget-text-content.default\">\n\t\t\t\t<div class=\"elementor-widget-container\">\n\t\t\t\t\t\t\t<div class=\"text-center mx-auto content js-content\" data-arts-split-text-preset=\"animatedChars\" data-arts-component-name=\"Content\" data-arts-os-animation=\"true\">\n\t\t\t<h2 class=\"content__text typography-text-content\">Bistrot Martin<\/h2>\n\t\t<\/div>\n\t\t\t\t\t\t<\/div>\n\t\t\t\t<\/div>\n\t\t\t\t<div class=\"elementor-element elementor-element-3b35f22 elementor-widget elementor-widget-asli-widget-text-content\" data-id=\"3b35f22\" data-element_type=\"widget\" data-e-type=\"widget\" data-settings=\"{&quot;max_width_tablet&quot;:{&quot;unit&quot;:&quot;%&quot;,&quot;size&quot;:75,&quot;sizes&quot;:[]},&quot;max_width&quot;:{&quot;unit&quot;:&quot;px&quot;,&quot;size&quot;:800,&quot;sizes&quot;:[]},&quot;max_width_mobile&quot;:{&quot;unit&quot;:&quot;%&quot;,&quot;size&quot;:100,&quot;sizes&quot;:[]},&quot;text_content_stroke_width&quot;:{&quot;unit&quot;:&quot;%&quot;,&quot;size&quot;:110,&quot;sizes&quot;:[]},&quot;text_content_stroke_height&quot;:{&quot;unit&quot;:&quot;%&quot;,&quot;size&quot;:80,&quot;sizes&quot;:[]},&quot;text_content_stroke_rotation&quot;:{&quot;unit&quot;:&quot;deg&quot;,&quot;size&quot;:-5,&quot;sizes&quot;:[]}}\" data-widget_type=\"asli-widget-text-content.default\">\n\t\t\t\t<div class=\"elementor-widget-container\">\n\t\t\t\t\t\t\t<div class=\"text-center mx-auto content js-content\" data-arts-component-name=\"Content\">\n\t\t\t<h2 class=\"content__text typography-text-content\">Au Domaine de Primard, la gastronomie sublime l\u2019atmosph\u00e8re champ\u00eatre et authentique du lieu. \u00c0 chaque saison, le restaurant du domaine c\u00e9l\u00e8bre les produits locaux et \u00e9coresponsables, issus des meilleurs producteurs r\u00e9gionaux. Le potager en permaculture du domaine fournit une partie des fruits et l\u00e9gumes, garantissant une cuisine de saison, en harmonie avec la nature.<\/h2>\n\t\t<\/div>\n\t\t\t\t\t\t<\/div>\n\t\t\t\t<\/div>\n\t\t\t\t<\/div>\n\t\t<section class=\"elementor-element elementor-element-bc2f27f e-flex e-con-boxed pt-xsmall px-gutters-horizontal e-con e-parent\" data-id=\"bc2f27f\" data-element_type=\"container\" data-e-type=\"container\" data-settings=\"{&quot;background_background&quot;:&quot;classic&quot;}\">\n\t\t\t\t\t<div class=\"e-con-inner\">\n\t\t<div class=\"elementor-element elementor-element-dc11831 e-con-full e-flex e-con e-child\" data-id=\"dc11831\" data-element_type=\"container\" data-e-type=\"container\">\n\t\t<div class=\"elementor-element elementor-element-a5d6312 e-con-full e-flex e-con e-child\" data-id=\"a5d6312\" data-element_type=\"container\" data-e-type=\"container\">\n\t\t\t\t<div class=\"elementor-element elementor-element-560fc77 elementor-widget elementor-widget-asli-widget-text-content\" data-id=\"560fc77\" data-element_type=\"widget\" data-e-type=\"widget\" data-settings=\"{&quot;max_width&quot;:{&quot;unit&quot;:&quot;px&quot;,&quot;size&quot;:750,&quot;sizes&quot;:[]},&quot;max_width_tablet&quot;:{&quot;unit&quot;:&quot;%&quot;,&quot;size&quot;:100,&quot;sizes&quot;:[]},&quot;max_width_mobile&quot;:{&quot;unit&quot;:&quot;%&quot;,&quot;size&quot;:100,&quot;sizes&quot;:[]},&quot;text_content_stroke_width&quot;:{&quot;unit&quot;:&quot;%&quot;,&quot;size&quot;:110,&quot;sizes&quot;:[]},&quot;text_content_stroke_height&quot;:{&quot;unit&quot;:&quot;%&quot;,&quot;size&quot;:80,&quot;sizes&quot;:[]},&quot;text_content_stroke_rotation&quot;:{&quot;unit&quot;:&quot;deg&quot;,&quot;size&quot;:-5,&quot;sizes&quot;:[]}}\" data-widget_type=\"asli-widget-text-content.default\">\n\t\t\t\t<div class=\"elementor-widget-container\">\n\t\t\t\t\t\t\t<div class=\"text-start me-auto content js-content\" data-arts-component-name=\"Content\">\n\t\t\t<h3 class=\"content__text typography-text-content\">Une table gourmande, comme \u00e0 la maison<\/h3>\n\t\t<\/div>\n\t\t\t\t\t\t<\/div>\n\t\t\t\t<\/div>\n\t\t\t\t<div class=\"elementor-element elementor-element-967c29a elementor-widget elementor-widget-asli-widget-text-content\" data-id=\"967c29a\" data-element_type=\"widget\" data-e-type=\"widget\" data-settings=\"{&quot;max_width_tablet&quot;:{&quot;unit&quot;:&quot;%&quot;,&quot;size&quot;:75,&quot;sizes&quot;:[]},&quot;max_width&quot;:{&quot;unit&quot;:&quot;px&quot;,&quot;size&quot;:750,&quot;sizes&quot;:[]},&quot;max_width_mobile&quot;:{&quot;unit&quot;:&quot;%&quot;,&quot;size&quot;:100,&quot;sizes&quot;:[]},&quot;text_content_stroke_width&quot;:{&quot;unit&quot;:&quot;%&quot;,&quot;size&quot;:110,&quot;sizes&quot;:[]},&quot;text_content_stroke_height&quot;:{&quot;unit&quot;:&quot;%&quot;,&quot;size&quot;:80,&quot;sizes&quot;:[]},&quot;text_content_stroke_rotation&quot;:{&quot;unit&quot;:&quot;deg&quot;,&quot;size&quot;:-5,&quot;sizes&quot;:[]}}\" data-widget_type=\"asli-widget-text-content.default\">\n\t\t\t\t<div class=\"elementor-widget-container\">\n\t\t\t\t\t\t\t<div class=\"text-start me-auto content js-content\" data-arts-component-name=\"Content\">\n\t\t\t<p class=\"content__text typography-text-content\">Situ\u00e9 au c\u0153ur du Domaine de Primard, \u00e0 seulement une heure de Paris et \u00e0 proximit\u00e9 des c\u00e9l\u00e8bres jardins de Giverny, le Bistrot Martin vous invite \u00e0 d\u00e9couvrir une cuisine authentique et conviviale. Nich\u00e9 dans un cadre champ\u00eatre, ce restaurant \u00e0 Guainville, bord\u00e9 par des vergers et des paysages bucoliques, incarne l\u2019art de vivre en pleine nature.<\/p>\n\t\t<\/div>\n\t\t\t\t\t\t<\/div>\n\t\t\t\t<\/div>\n\t\t\t\t<div class=\"elementor-element elementor-element-cf34644 elementor-widget elementor-widget-asli-widget-text-content\" data-id=\"cf34644\" data-element_type=\"widget\" data-e-type=\"widget\" data-settings=\"{&quot;max_width_tablet&quot;:{&quot;unit&quot;:&quot;%&quot;,&quot;size&quot;:75,&quot;sizes&quot;:[]},&quot;max_width&quot;:{&quot;unit&quot;:&quot;px&quot;,&quot;size&quot;:750,&quot;sizes&quot;:[]},&quot;max_width_mobile&quot;:{&quot;unit&quot;:&quot;%&quot;,&quot;size&quot;:100,&quot;sizes&quot;:[]},&quot;text_content_stroke_width&quot;:{&quot;unit&quot;:&quot;%&quot;,&quot;size&quot;:110,&quot;sizes&quot;:[]},&quot;text_content_stroke_height&quot;:{&quot;unit&quot;:&quot;%&quot;,&quot;size&quot;:80,&quot;sizes&quot;:[]},&quot;text_content_stroke_rotation&quot;:{&quot;unit&quot;:&quot;deg&quot;,&quot;size&quot;:-5,&quot;sizes&quot;:[]}}\" data-widget_type=\"asli-widget-text-content.default\">\n\t\t\t\t<div class=\"elementor-widget-container\">\n\t\t\t\t\t\t\t<div class=\"text-start me-auto content js-content\" data-arts-component-name=\"Content\">\n\t\t\t<p class=\"content__text typography-text-content\">La brigade de Martin c\u00e9l\u00e8bre les produits locaux et les saisons \u00e0 travers des plats g\u00e9n\u00e9reux, simples et savoureux. Inspir\u00e9 par les r\u00e9coltes du potager du domaine et les meilleurs producteurs locaux, Martin refl\u00e8te la philosophie du Domaine de Primard, alliant respect de la nature et convivialit\u00e9.<\/p>\n\t\t<\/div>\n\t\t\t\t\t\t<\/div>\n\t\t\t\t<\/div>\n\t\t\t\t<div class=\"elementor-element elementor-element-b582d98 elementor-widget elementor-widget-asli-widget-text-content\" data-id=\"b582d98\" data-element_type=\"widget\" data-e-type=\"widget\" data-settings=\"{&quot;max_width_tablet&quot;:{&quot;unit&quot;:&quot;%&quot;,&quot;size&quot;:75,&quot;sizes&quot;:[]},&quot;max_width&quot;:{&quot;unit&quot;:&quot;px&quot;,&quot;size&quot;:750,&quot;sizes&quot;:[]},&quot;max_width_mobile&quot;:{&quot;unit&quot;:&quot;%&quot;,&quot;size&quot;:100,&quot;sizes&quot;:[]},&quot;text_content_stroke_width&quot;:{&quot;unit&quot;:&quot;%&quot;,&quot;size&quot;:110,&quot;sizes&quot;:[]},&quot;text_content_stroke_height&quot;:{&quot;unit&quot;:&quot;%&quot;,&quot;size&quot;:80,&quot;sizes&quot;:[]},&quot;text_content_stroke_rotation&quot;:{&quot;unit&quot;:&quot;deg&quot;,&quot;size&quot;:-5,&quot;sizes&quot;:[]}}\" data-widget_type=\"asli-widget-text-content.default\">\n\t\t\t\t<div class=\"elementor-widget-container\">\n\t\t\t\t\t\t\t<div class=\"text-start me-auto content js-content\" data-arts-component-name=\"Content\">\n\t\t\t<p class=\"content__text typography-text-content\">Tout au long de l'ann\u00e9e, d\u00e9couvrez des exp\u00e9riences culinaires au Bistrot Martin.<\/p>\n\t\t<\/div>\n\t\t\t\t\t\t<\/div>\n\t\t\t\t<\/div>\n\t\t\t\t<div class=\"elementor-element elementor-element-86cf42b elementor-widget elementor-widget-n-accordion\" data-id=\"86cf42b\" data-element_type=\"widget\" data-e-type=\"widget\" data-settings=\"{&quot;default_state&quot;:&quot;all_collapsed&quot;,&quot;max_items_expended&quot;:&quot;multiple&quot;,&quot;n_accordion_animation_duration&quot;:{&quot;unit&quot;:&quot;ms&quot;,&quot;size&quot;:400,&quot;sizes&quot;:[]}}\" data-widget_type=\"nested-accordion.default\">\n\t\t\t\t<div class=\"elementor-widget-container\">\n\t\t\t\t\t\t\t<div class=\"e-n-accordion\" aria-label=\"Accordion. Open links with Enter or Space, close with Escape, and navigate with Arrow Keys\">\n\t\t\t\t\t\t<details id=\"e-n-accordion-item-1410\" class=\"e-n-accordion-item\" >\n\t\t\t\t<summary class=\"e-n-accordion-item-title\" data-accordion-index=\"1\" tabindex=\"0\" aria-expanded=\"false\" aria-controls=\"e-n-accordion-item-1410\" >\n\t\t\t\t\t<span class='e-n-accordion-item-title-header'><div class=\"e-n-accordion-item-title-text\"> Les Samedis Barbecue au Bistrot Martin <\/div><\/span>\n\t\t\t\t\t\t\t<span class='e-n-accordion-item-title-icon'>\n\t\t\t<span class='e-opened' ><svg aria-hidden=\"true\" class=\"e-font-icon-svg e-fas-minus\" viewBox=\"0 0 448 512\" xmlns=\"http:\/\/www.w3.org\/2000\/svg\"><path d=\"M416 208H32c-17.67 0-32 14.33-32 32v32c0 17.67 14.33 32 32 32h384c17.67 0 32-14.33 32-32v-32c0-17.67-14.33-32-32-32z\"><\/path><\/svg><\/span>\n\t\t\t<span class='e-closed'><svg aria-hidden=\"true\" class=\"e-font-icon-svg e-fas-plus\" viewBox=\"0 0 448 512\" xmlns=\"http:\/\/www.w3.org\/2000\/svg\"><path d=\"M416 208H272V64c0-17.67-14.33-32-32-32h-32c-17.67 0-32 14.33-32 32v144H32c-17.67 0-32 14.33-32 32v32c0 17.67 14.33 32 32 32h144v144c0 17.67 14.33 32 32 32h32c17.67 0 32-14.33 32-32V304h144c17.67 0 32-14.33 32-32v-32c0-17.67-14.33-32-32-32z\"><\/path><\/svg><\/span>\n\t\t<\/span>\n\n\t\t\t\t\t\t<\/summary>\n\t\t\t\t<div role=\"region\" aria-labelledby=\"e-n-accordion-item-1410\" class=\"elementor-element elementor-element-f30f1c2 e-con-full e-flex e-con e-child\" data-id=\"f30f1c2\" data-element_type=\"container\" data-e-type=\"container\">\n\t\t<div role=\"region\" aria-labelledby=\"e-n-accordion-item-1410\" class=\"elementor-element elementor-element-10b512c e-con-full e-flex e-con e-child\" data-id=\"10b512c\" data-element_type=\"container\" data-e-type=\"container\">\n\t\t<div role=\"region\" aria-labelledby=\"e-n-accordion-item-1410\" class=\"elementor-element elementor-element-d978c87 e-con-full e-flex e-con e-child\" data-id=\"d978c87\" data-element_type=\"container\" data-e-type=\"container\">\n\t\t\t\t<div class=\"elementor-element elementor-element-65027d5 elementor-widget elementor-widget-text-editor\" data-id=\"65027d5\" data-element_type=\"widget\" data-e-type=\"widget\" data-widget_type=\"text-editor.default\">\n\t\t\t\t<div class=\"elementor-widget-container\">\n\t\t\t\t\t\t\t\t\t<p data-start=\"354\" data-end=\"719\">Chaque samedi soir, le Bistrot Martin fait cr\u00e9piter les braises et c\u00e9l\u00e8bre la cuisine au feu dans une ambiance conviviale et raffin\u00e9e.<br data-start=\"492\" data-end=\"495\" \/>Au menu : grillades \u00e0 partager \u2013 c\u00f4te de b\u0153uf matur\u00e9e, \u00e9paule d\u2019agneau confite, poulpe grill\u00e9 ou thon rouge \u2013 accompagn\u00e9es de grignotages maison, du camembert r\u00f4ti au thym du jardin aux tempuras de l\u00e9gumes.<\/p><p data-start=\"721\" data-end=\"1015\">Les desserts g\u00e9n\u00e9reux \u2013 tarte tatin, mousse au chocolat, clafoutis aux mirabelles \u2013 signent la touche sucr\u00e9e d\u2019un d\u00eener aux airs de vacances \u00e0 la campagne.<br data-start=\"880\" data-end=\"883\" \/>\u00c0 savourer en terrasse, face aux vergers, ou \u00e0 l\u2019int\u00e9rieur, dans la chaleur du bistrot et l\u2019\u00e9l\u00e9gance naturelle de Primard.<\/p>\t\t\t\t\t\t\t\t<\/div>\n\t\t\t\t<\/div>\n\t\t\t\t<\/div>\n\t\t\t\t<\/div>\n\t\t\t\t<\/div>\n\t\t\t\t\t<\/details>\n\t\t\t\t\t<\/div>\n\t\t\t\t\t\t<\/div>\n\t\t\t\t<\/div>\n\t\t<div class=\"elementor-element elementor-element-d66a241 e-con-full e-flex e-con e-child\" data-id=\"d66a241\" data-element_type=\"container\" data-e-type=\"container\">\n\t\t\t\t<div class=\"elementor-element elementor-element-e4c00de elementor-align-left elementor-widget elementor-widget-asli-widget-button\" data-id=\"e4c00de\" data-element_type=\"widget\" data-e-type=\"widget\" data-settings=\"{&quot;cursor_hover_offset&quot;:{&quot;unit&quot;:&quot;px&quot;,&quot;size&quot;:0,&quot;sizes&quot;:[]},&quot;icon_indent&quot;:{&quot;unit&quot;:&quot;px&quot;,&quot;size&quot;:12,&quot;sizes&quot;:[]}}\" data-widget_type=\"asli-widget-button.regular\">\n\t\t\t\t<div class=\"elementor-widget-container\">\n\t\t\t\t\t\t\t<div class=\"d-inline-flex elementor-button-wrapper\">\n\t\t\t<a class=\"elementor-button button button_icon elementor-button-link elementor-size-sm\" href=\"https:\/\/www.menumodo.com\/app.php\/viewer\/hotel\/41479\/8066?lang=fr&#038;tags=h\" target=\"_blank\">\n\t\t\t\t\t\t<span class=\"button__label button__label-normal\">\n\t\t\t\t\t\t\t<span class=\"button__title elementor-button-text\">Voir la carte<\/span>\n\t\t\t\t\t\t\t\t\t\t\t\t\t\t\t\t\t\t\t<\/span>\n\n\t\t<span class=\"button__label button__label-hover\">\n\t\t\t\t\t\t\t<span class=\"button__title elementor-button-text\">Voir la carte<\/span>\n\t\t\t\t\t\t\t\t\t\t\t\t\t\t\t\t\t\t\t<\/span>\n\t\t\t\t\t<\/a>\n\t\t<\/div>\n\t\t\t\t\t\t<\/div>\n\t\t\t\t<\/div>\n\t\t\t\t<div class=\"elementor-element elementor-element-b15e330 elementor-align-left elementor-widget elementor-widget-asli-widget-button\" data-id=\"b15e330\" data-element_type=\"widget\" data-e-type=\"widget\" data-settings=\"{&quot;cursor_hover_offset&quot;:{&quot;unit&quot;:&quot;px&quot;,&quot;size&quot;:0,&quot;sizes&quot;:[]},&quot;icon_indent&quot;:{&quot;unit&quot;:&quot;px&quot;,&quot;size&quot;:12,&quot;sizes&quot;:[]}}\" data-widget_type=\"asli-widget-button.regular\">\n\t\t\t\t<div class=\"elementor-widget-container\">\n\t\t\t\t\t\t\t<div class=\"d-inline-flex elementor-button-wrapper\">\n\t\t\t<a class=\"elementor-button button button_icon elementor-button-link elementor-size-sm\" href=\"https:\/\/bookings.zenchef.com\/results?rid=374702&#038;pid=1001\" target=\"_blank\">\n\t\t\t\t\t\t<span class=\"button__label button__label-normal\">\n\t\t\t\t\t\t\t<span class=\"button__title elementor-button-text\">R\u00e9server<\/span>\n\t\t\t\t\t\t\t\t\t\t\t\t\t\t\t\t\t\t\t<\/span>\n\n\t\t<span class=\"button__label button__label-hover\">\n\t\t\t\t\t\t\t<span class=\"button__title elementor-button-text\">R\u00e9server<\/span>\n\t\t\t\t\t\t\t\t\t\t\t\t\t\t\t\t\t\t\t<\/span>\n\t\t\t\t\t<\/a>\n\t\t<\/div>\n\t\t\t\t\t\t<\/div>\n\t\t\t\t<\/div>\n\t\t\t\t<\/div>\n\t\t\t\t<\/div>\n\t\t<div class=\"elementor-element elementor-element-c9edb06 e-con-full e-flex e-con e-child\" data-id=\"c9edb06\" data-element_type=\"container\" data-e-type=\"container\">\n\t\t\t\t<div class=\"elementor-element elementor-element-13a7ee7 elementor-widget__width-inherit elementor-widget elementor-widget-asli-widget-parallax-image\" data-id=\"13a7ee7\" data-element_type=\"widget\" data-e-type=\"widget\" data-widget_type=\"asli-widget-parallax-image.default\">\n\t\t\t\t<div class=\"elementor-widget-container\">\n\t\t\t\t\t\t\t<div class=\"parallax js-parallax\" data-arts-component-name=\"Parallax\" data-arts-component-options=\"{&quot;inner&quot;:{&quot;factor&quot;:{&quot;x&quot;:0,&quot;y&quot;:0.12},&quot;translate&quot;:[],&quot;scale&quot;:[],&quot;rotate&quot;:false,&quot;velocity&quot;:false,&quot;matchMedia&quot;:&quot;(not((min-width: 320px) and (max-width: 767px))) or (not((min-width: 768px) and (max-width: 991px))) or (min-width: 992px)&quot;},&quot;outer&quot;:false}\">\n\t\t\t<div class=\"image-wrapper media-wrapper overflow-hidden\">\n\t\t\t\t\t\t\t\t\t<div class=\"mask-wrapper w-100 overflow-hidden \">\n\t\t\t\t\t\t\n\t<div class=\"w-100 h-100 overflow-hidden has-aspect-ratio\" style=\"--media-width:1080; --media-height:1080;\">\n\t\t<img fetchpriority=\"high\" decoding=\"async\" class=\"lazy js-parallax__inner of-contain\" src=\"data:image\/svg+xml,%3Csvg%20xmlns=&amp;apos;http:\/\/www.w3.org\/2000\/svg&amp;apos;%20width=&amp;apos;100%25&amp;apos;%20height=&amp;apos;100%25&amp;apos;%3E%3C\/svg%3E\" data-src=\"https:\/\/www.domainedeprimard.fontenille-collection.com\/wp-content\/uploads\/2025\/10\/martin-salle-primard-guainville.webp\" width=\"1080\" height=\"1080\" data-srcset=\"https:\/\/www.domainedeprimard.fontenille-collection.com\/wp-content\/uploads\/2025\/10\/martin-salle-primard-guainville.webp 1080w, https:\/\/www.domainedeprimard.fontenille-collection.com\/wp-content\/uploads\/2025\/10\/martin-salle-primard-guainville-300x300.webp 300w, https:\/\/www.domainedeprimard.fontenille-collection.com\/wp-content\/uploads\/2025\/10\/martin-salle-primard-guainville-1024x1024.webp 1024w, https:\/\/www.domainedeprimard.fontenille-collection.com\/wp-content\/uploads\/2025\/10\/martin-salle-primard-guainville-150x150.webp 150w, https:\/\/www.domainedeprimard.fontenille-collection.com\/wp-content\/uploads\/2025\/10\/martin-salle-primard-guainville-768x768.webp 768w, https:\/\/www.domainedeprimard.fontenille-collection.com\/wp-content\/uploads\/2025\/10\/martin-salle-primard-guainville-12x12.webp 12w\" data-sizes=\"(max-width: 1080px) 100vw, 1080px\" alt=\"Salle int\u00e9rieure et ses plafonds fleuris du bistrot Martin\">\n\t\t\t<noscript><img decoding=\"async\" class=\"lazy js-parallax__inner of-contain\" src=\"https:\/\/www.domainedeprimard.fontenille-collection.com\/wp-content\/uploads\/2025\/10\/martin-salle-primard-guainville.webp\" width=\"1080\" height=\"1080\" alt=\"Salle int\u00e9rieure et ses plafonds fleuris du bistrot Martin\" srcset=\"https:\/\/www.domainedeprimard.fontenille-collection.com\/wp-content\/uploads\/2025\/10\/martin-salle-primard-guainville.webp 1080w, https:\/\/www.domainedeprimard.fontenille-collection.com\/wp-content\/uploads\/2025\/10\/martin-salle-primard-guainville-300x300.webp 300w, https:\/\/www.domainedeprimard.fontenille-collection.com\/wp-content\/uploads\/2025\/10\/martin-salle-primard-guainville-1024x1024.webp 1024w, https:\/\/www.domainedeprimard.fontenille-collection.com\/wp-content\/uploads\/2025\/10\/martin-salle-primard-guainville-150x150.webp 150w, https:\/\/www.domainedeprimard.fontenille-collection.com\/wp-content\/uploads\/2025\/10\/martin-salle-primard-guainville-768x768.webp 768w, https:\/\/www.domainedeprimard.fontenille-collection.com\/wp-content\/uploads\/2025\/10\/martin-salle-primard-guainville-12x12.webp 12w\" sizes=\"(max-width: 1080px) 100vw, 1080px\"><\/noscript>\n\t\t\t<\/div>\n\t\t\t\t\t\t<div class=\"section__overlay hover-zoom__overlay overlay\"><\/div>\n\t\t\t\t\t<\/div>\n\t\t\t\t\t\t\t\t\t\t\t<\/div>\n\t\t<\/div>\n\t\t\t\t\t\t<\/div>\n\t\t\t\t<\/div>\n\t\t\t\t<\/div>\n\t\t\t\t<\/div>\n\t\t\t\t\t<\/div>\n\t\t\t\t<\/section>\n\t\t<section class=\"elementor-element elementor-element-6f08dc7 e-flex e-con-boxed pt-medium pb-medium px-gutters-horizontal e-con e-parent\" data-id=\"6f08dc7\" data-element_type=\"container\" data-e-type=\"container\" data-settings=\"{&quot;background_background&quot;:&quot;classic&quot;,&quot;background_motion_fx_motion_fx_scrolling&quot;:&quot;yes&quot;,&quot;background_motion_fx_translateY_effect&quot;:&quot;yes&quot;,&quot;background_motion_fx_translateY_speed&quot;:{&quot;unit&quot;:&quot;px&quot;,&quot;size&quot;:4,&quot;sizes&quot;:[]},&quot;background_motion_fx_translateY_affectedRange&quot;:{&quot;unit&quot;:&quot;%&quot;,&quot;size&quot;:&quot;&quot;,&quot;sizes&quot;:{&quot;start&quot;:0,&quot;end&quot;:100}},&quot;background_motion_fx_devices&quot;:[&quot;desktop&quot;,&quot;tablet&quot;,&quot;mobile&quot;]}\">\n\t\t\t\t\t<div class=\"e-con-inner\">\n\t\t<div class=\"elementor-element elementor-element-02700a9 e-con-full e-flex e-con e-child\" data-id=\"02700a9\" data-element_type=\"container\" data-e-type=\"container\">\n\t\t<div class=\"elementor-element elementor-element-dbab498 e-con-full e-flex e-con e-child\" data-id=\"dbab498\" data-element_type=\"container\" data-e-type=\"container\">\n\t\t\t\t<div class=\"elementor-element elementor-element-eeb4f91 elementor-widget elementor-widget-asli-widget-text-content\" data-id=\"eeb4f91\" data-element_type=\"widget\" data-e-type=\"widget\" data-settings=\"{&quot;max_width&quot;:{&quot;unit&quot;:&quot;px&quot;,&quot;size&quot;:700,&quot;sizes&quot;:[]},&quot;max_width_tablet&quot;:{&quot;unit&quot;:&quot;%&quot;,&quot;size&quot;:100,&quot;sizes&quot;:[]},&quot;max_width_mobile&quot;:{&quot;unit&quot;:&quot;%&quot;,&quot;size&quot;:100,&quot;sizes&quot;:[]},&quot;text_content_stroke_width&quot;:{&quot;unit&quot;:&quot;%&quot;,&quot;size&quot;:110,&quot;sizes&quot;:[]},&quot;text_content_stroke_height&quot;:{&quot;unit&quot;:&quot;%&quot;,&quot;size&quot;:80,&quot;sizes&quot;:[]},&quot;text_content_stroke_rotation&quot;:{&quot;unit&quot;:&quot;deg&quot;,&quot;size&quot;:-5,&quot;sizes&quot;:[]}}\" data-widget_type=\"asli-widget-text-content.default\">\n\t\t\t\t<div class=\"elementor-widget-container\">\n\t\t\t\t\t\t\t<div class=\"text-start me-auto content js-content\" data-arts-split-text-preset=\"animatedLines\" data-arts-component-name=\"Content\" data-arts-os-animation=\"true\">\n\t\t\t<h3 class=\"content__text typography-text-content\">Des saveurs au fil des saisons<\/h3>\n\t\t<\/div>\n\t\t\t\t\t\t<\/div>\n\t\t\t\t<\/div>\n\t\t\t\t<div class=\"elementor-element elementor-element-5caa904 elementor-widget elementor-widget-asli-widget-text-content\" data-id=\"5caa904\" data-element_type=\"widget\" data-e-type=\"widget\" data-settings=\"{&quot;max_width_tablet&quot;:{&quot;unit&quot;:&quot;%&quot;,&quot;size&quot;:75,&quot;sizes&quot;:[]},&quot;max_width&quot;:{&quot;unit&quot;:&quot;px&quot;,&quot;size&quot;:750,&quot;sizes&quot;:[]},&quot;max_width_mobile&quot;:{&quot;unit&quot;:&quot;%&quot;,&quot;size&quot;:100,&quot;sizes&quot;:[]},&quot;text_content_stroke_width&quot;:{&quot;unit&quot;:&quot;%&quot;,&quot;size&quot;:110,&quot;sizes&quot;:[]},&quot;text_content_stroke_height&quot;:{&quot;unit&quot;:&quot;%&quot;,&quot;size&quot;:80,&quot;sizes&quot;:[]},&quot;text_content_stroke_rotation&quot;:{&quot;unit&quot;:&quot;deg&quot;,&quot;size&quot;:-5,&quot;sizes&quot;:[]}}\" data-widget_type=\"asli-widget-text-content.default\">\n\t\t\t\t<div class=\"elementor-widget-container\">\n\t\t\t\t\t\t\t<div class=\"text-start me-auto content js-content\" data-arts-component-name=\"Content\">\n\t\t\t<p class=\"content__text typography-text-content\">La carte du Bistrot Martin \u00e9volue au gr\u00e9 des saisons, mettant en lumi\u00e8re le meilleur du terroir local avec une touche de cr\u00e9ativit\u00e9 et toujours g\u00e9n\u00e9reux. <br> \u00c0 d\u00e9guster selon les saisons : risotto de champignons frais, endives brais\u00e9es, cr\u00e8me de parmesan et truffe d'automne, burger de b\u0153uf, bacon &amp; cheddar maison, c\u00f4te de cochon \u00e0 partager, sauce au poivre maison et pommes de terre.<br> Parce que le plaisir se partage, la carte de Martin accorde une place g\u00e9n\u00e9reuse aux desserts \u00e0 d\u00e9guster ensemble. Pavlova aux fruits du jardin, tarte rustique \u00e0 partager ou profiteroles fondantes : chaque cr\u00e9ation c\u00e9l\u00e8bre la gourmandise simple et sinc\u00e8re ch\u00e8re \u00e0 la maison.\n\nServis dans une atmosph\u00e8re conviviale, ces desserts g\u00e9n\u00e9reux prolongent le repas comme un moment de douceur et de partage \u2014 une signature du Martin, entre authenticit\u00e9, saisonnalit\u00e9 et esprit de famille.<\/p>\n\t\t<\/div>\n\t\t\t\t\t\t<\/div>\n\t\t\t\t<\/div>\n\t\t<div class=\"elementor-element elementor-element-ea6339d e-con-full e-flex e-con e-child\" data-id=\"ea6339d\" data-element_type=\"container\" data-e-type=\"container\">\n\t\t\t\t<div class=\"elementor-element elementor-element-69c0a62 elementor-align-left elementor-widget elementor-widget-asli-widget-button\" data-id=\"69c0a62\" data-element_type=\"widget\" data-e-type=\"widget\" data-settings=\"{&quot;cursor_hover_offset&quot;:{&quot;unit&quot;:&quot;px&quot;,&quot;size&quot;:0,&quot;sizes&quot;:[]},&quot;icon_indent&quot;:{&quot;unit&quot;:&quot;px&quot;,&quot;size&quot;:12,&quot;sizes&quot;:[]}}\" data-widget_type=\"asli-widget-button.regular\">\n\t\t\t\t<div class=\"elementor-widget-container\">\n\t\t\t\t\t\t\t<div class=\"d-inline-flex elementor-button-wrapper\">\n\t\t\t<a class=\"elementor-button button button_icon elementor-button-link elementor-size-sm\" href=\"https:\/\/www.menumodo.com\/app.php\/viewer\/hotel\/41479\/8066?lang=fr&#038;tags=h\" target=\"_blank\">\n\t\t\t\t\t\t<span class=\"button__label button__label-normal\">\n\t\t\t\t\t\t\t<span class=\"button__title elementor-button-text\">Voir la carte<\/span>\n\t\t\t\t\t\t\t\t\t\t\t\t\t\t\t\t\t\t\t<\/span>\n\n\t\t<span class=\"button__label button__label-hover\">\n\t\t\t\t\t\t\t<span class=\"button__title elementor-button-text\">Voir la carte<\/span>\n\t\t\t\t\t\t\t\t\t\t\t\t\t\t\t\t\t\t\t<\/span>\n\t\t\t\t\t<\/a>\n\t\t<\/div>\n\t\t\t\t\t\t<\/div>\n\t\t\t\t<\/div>\n\t\t\t\t<div class=\"elementor-element elementor-element-15b01d2 elementor-align-left elementor-widget elementor-widget-asli-widget-button\" data-id=\"15b01d2\" data-element_type=\"widget\" data-e-type=\"widget\" data-settings=\"{&quot;cursor_hover_offset&quot;:{&quot;unit&quot;:&quot;px&quot;,&quot;size&quot;:0,&quot;sizes&quot;:[]},&quot;icon_indent&quot;:{&quot;unit&quot;:&quot;px&quot;,&quot;size&quot;:12,&quot;sizes&quot;:[]}}\" data-widget_type=\"asli-widget-button.regular\">\n\t\t\t\t<div class=\"elementor-widget-container\">\n\t\t\t\t\t\t\t<div class=\"d-inline-flex elementor-button-wrapper\">\n\t\t\t<a class=\"elementor-button button button_icon elementor-button-link elementor-size-sm\" href=\"https:\/\/bookings.zenchef.com\/results?rid=374702&#038;pid=1001\" target=\"_blank\">\n\t\t\t\t\t\t<span class=\"button__label button__label-normal\">\n\t\t\t\t\t\t\t<span class=\"button__title elementor-button-text\">R\u00e9server<\/span>\n\t\t\t\t\t\t\t\t\t\t\t\t\t\t\t\t\t\t\t<\/span>\n\n\t\t<span class=\"button__label button__label-hover\">\n\t\t\t\t\t\t\t<span class=\"button__title elementor-button-text\">R\u00e9server<\/span>\n\t\t\t\t\t\t\t\t\t\t\t\t\t\t\t\t\t\t\t<\/span>\n\t\t\t\t\t<\/a>\n\t\t<\/div>\n\t\t\t\t\t\t<\/div>\n\t\t\t\t<\/div>\n\t\t\t\t<\/div>\n\t\t\t\t<\/div>\n\t\t<div class=\"elementor-element elementor-element-85b84ff e-con-full e-flex e-con e-child\" data-id=\"85b84ff\" data-element_type=\"container\" data-e-type=\"container\">\n\t\t\t\t<div class=\"elementor-element elementor-element-367717c elementor-widget__width-inherit elementor-widget elementor-widget-asli-widget-parallax-image\" data-id=\"367717c\" data-element_type=\"widget\" data-e-type=\"widget\" data-widget_type=\"asli-widget-parallax-image.default\">\n\t\t\t\t<div class=\"elementor-widget-container\">\n\t\t\t\t\t\t\t<div class=\"parallax js-parallax\" data-arts-component-name=\"Parallax\" data-arts-component-options=\"{&quot;inner&quot;:{&quot;factor&quot;:{&quot;x&quot;:0,&quot;y&quot;:0.12},&quot;translate&quot;:[],&quot;scale&quot;:[],&quot;rotate&quot;:false,&quot;velocity&quot;:false,&quot;matchMedia&quot;:&quot;(not((min-width: 320px) and (max-width: 767px))) or (not((min-width: 768px) and (max-width: 991px))) or (min-width: 992px)&quot;},&quot;outer&quot;:false}\">\n\t\t\t<div class=\"image-wrapper media-wrapper overflow-hidden\">\n\t\t\t\t\t\t\t\t\t<div class=\"mask-wrapper w-100 overflow-hidden \">\n\t\t\t\t\t\t\n\t<div class=\"w-100 h-100 overflow-hidden has-aspect-ratio\" style=\"--media-width:800; --media-height:800;\">\n\t\t<img decoding=\"async\" class=\"lazy js-parallax__inner of-contain\" src=\"data:image\/svg+xml,%3Csvg%20xmlns=&amp;apos;http:\/\/www.w3.org\/2000\/svg&amp;apos;%20width=&amp;apos;100%25&amp;apos;%20height=&amp;apos;100%25&amp;apos;%3E%3C\/svg%3E\" data-src=\"https:\/\/www.domainedeprimard.fontenille-collection.com\/wp-content\/uploads\/2025\/09\/restaurant-evreux-bistrot-martin-bistronomique-domaine-de-primard-proche-giverny.jpg\" width=\"800\" height=\"800\" data-srcset=\"https:\/\/www.domainedeprimard.fontenille-collection.com\/wp-content\/uploads\/2025\/09\/restaurant-evreux-bistrot-martin-bistronomique-domaine-de-primard-proche-giverny.jpg 800w, https:\/\/www.domainedeprimard.fontenille-collection.com\/wp-content\/uploads\/2025\/09\/restaurant-evreux-bistrot-martin-bistronomique-domaine-de-primard-proche-giverny-300x300.jpg 300w, https:\/\/www.domainedeprimard.fontenille-collection.com\/wp-content\/uploads\/2025\/09\/restaurant-evreux-bistrot-martin-bistronomique-domaine-de-primard-proche-giverny-150x150.jpg 150w, https:\/\/www.domainedeprimard.fontenille-collection.com\/wp-content\/uploads\/2025\/09\/restaurant-evreux-bistrot-martin-bistronomique-domaine-de-primard-proche-giverny-768x768.jpg 768w, https:\/\/www.domainedeprimard.fontenille-collection.com\/wp-content\/uploads\/2025\/09\/restaurant-evreux-bistrot-martin-bistronomique-domaine-de-primard-proche-giverny-12x12.jpg 12w\" data-sizes=\"(max-width: 800px) 100vw, 800px\" alt=\"Plat de risotto aux girolles d&amp;apos;automne au Bistrot Martin \u00e0 Primard\">\n\t\t\t<noscript><img loading=\"lazy\" decoding=\"async\" class=\"lazy js-parallax__inner of-contain\" src=\"https:\/\/www.domainedeprimard.fontenille-collection.com\/wp-content\/uploads\/2025\/09\/restaurant-evreux-bistrot-martin-bistronomique-domaine-de-primard-proche-giverny.jpg\" width=\"800\" height=\"800\" alt=\"Plat de risotto aux girolles d&amp;apos;automne au Bistrot Martin \u00e0 Primard\" srcset=\"https:\/\/www.domainedeprimard.fontenille-collection.com\/wp-content\/uploads\/2025\/09\/restaurant-evreux-bistrot-martin-bistronomique-domaine-de-primard-proche-giverny.jpg 800w, https:\/\/www.domainedeprimard.fontenille-collection.com\/wp-content\/uploads\/2025\/09\/restaurant-evreux-bistrot-martin-bistronomique-domaine-de-primard-proche-giverny-300x300.jpg 300w, https:\/\/www.domainedeprimard.fontenille-collection.com\/wp-content\/uploads\/2025\/09\/restaurant-evreux-bistrot-martin-bistronomique-domaine-de-primard-proche-giverny-150x150.jpg 150w, https:\/\/www.domainedeprimard.fontenille-collection.com\/wp-content\/uploads\/2025\/09\/restaurant-evreux-bistrot-martin-bistronomique-domaine-de-primard-proche-giverny-768x768.jpg 768w, https:\/\/www.domainedeprimard.fontenille-collection.com\/wp-content\/uploads\/2025\/09\/restaurant-evreux-bistrot-martin-bistronomique-domaine-de-primard-proche-giverny-12x12.jpg 12w\" sizes=\"(max-width: 800px) 100vw, 800px\"><\/noscript>\n\t\t\t<\/div>\n\t\t\t\t\t\t<div class=\"section__overlay hover-zoom__overlay overlay\"><\/div>\n\t\t\t\t\t<\/div>\n\t\t\t\t\t\t\t\t\t\t\t<\/div>\n\t\t<\/div>\n\t\t\t\t\t\t<\/div>\n\t\t\t\t<\/div>\n\t\t\t\t<\/div>\n\t\t\t\t<\/div>\n\t\t\t\t\t<\/div>\n\t\t\t\t<\/section>\n\t\t<section class=\"elementor-element elementor-element-63f6a9e e-flex e-con-boxed pt-xsmall pb-medium px-gutters-horizontal e-con e-parent\" data-id=\"63f6a9e\" data-element_type=\"container\" data-e-type=\"container\" data-settings=\"{&quot;background_background&quot;:&quot;classic&quot;}\">\n\t\t\t\t\t<div class=\"e-con-inner\">\n\t\t<div class=\"elementor-element elementor-element-04f8f1d e-con-full e-flex e-con e-child\" data-id=\"04f8f1d\" data-element_type=\"container\" data-e-type=\"container\">\n\t\t<div class=\"elementor-element elementor-element-cd316f5 e-con-full e-flex e-con e-child\" data-id=\"cd316f5\" data-element_type=\"container\" data-e-type=\"container\">\n\t\t\t\t<div class=\"elementor-element elementor-element-a8793ac elementor-widget elementor-widget-asli-widget-text-content\" data-id=\"a8793ac\" data-element_type=\"widget\" data-e-type=\"widget\" data-settings=\"{&quot;max_width&quot;:{&quot;unit&quot;:&quot;px&quot;,&quot;size&quot;:750,&quot;sizes&quot;:[]},&quot;max_width_tablet&quot;:{&quot;unit&quot;:&quot;%&quot;,&quot;size&quot;:100,&quot;sizes&quot;:[]},&quot;max_width_mobile&quot;:{&quot;unit&quot;:&quot;%&quot;,&quot;size&quot;:100,&quot;sizes&quot;:[]},&quot;text_content_stroke_width&quot;:{&quot;unit&quot;:&quot;%&quot;,&quot;size&quot;:110,&quot;sizes&quot;:[]},&quot;text_content_stroke_height&quot;:{&quot;unit&quot;:&quot;%&quot;,&quot;size&quot;:80,&quot;sizes&quot;:[]},&quot;text_content_stroke_rotation&quot;:{&quot;unit&quot;:&quot;deg&quot;,&quot;size&quot;:-5,&quot;sizes&quot;:[]}}\" data-widget_type=\"asli-widget-text-content.default\">\n\t\t\t\t<div class=\"elementor-widget-container\">\n\t\t\t\t\t\t\t<div class=\"text-start me-auto content js-content\" data-arts-component-name=\"Content\">\n\t\t\t<h3 class=\"content__text typography-text-content\">Un restaurant-terrasse au c\u0153ur d'un verger <br>pr\u00e8s de Giverny<\/h3>\n\t\t<\/div>\n\t\t\t\t\t\t<\/div>\n\t\t\t\t<\/div>\n\t\t\t\t<div class=\"elementor-element elementor-element-5abf827 elementor-widget elementor-widget-asli-widget-text-content\" data-id=\"5abf827\" data-element_type=\"widget\" data-e-type=\"widget\" data-settings=\"{&quot;max_width_tablet&quot;:{&quot;unit&quot;:&quot;%&quot;,&quot;size&quot;:75,&quot;sizes&quot;:[]},&quot;max_width&quot;:{&quot;unit&quot;:&quot;px&quot;,&quot;size&quot;:750,&quot;sizes&quot;:[]},&quot;max_width_mobile&quot;:{&quot;unit&quot;:&quot;%&quot;,&quot;size&quot;:100,&quot;sizes&quot;:[]},&quot;text_content_stroke_width&quot;:{&quot;unit&quot;:&quot;%&quot;,&quot;size&quot;:110,&quot;sizes&quot;:[]},&quot;text_content_stroke_height&quot;:{&quot;unit&quot;:&quot;%&quot;,&quot;size&quot;:80,&quot;sizes&quot;:[]},&quot;text_content_stroke_rotation&quot;:{&quot;unit&quot;:&quot;deg&quot;,&quot;size&quot;:-5,&quot;sizes&quot;:[]}}\" data-widget_type=\"asli-widget-text-content.default\">\n\t\t\t\t<div class=\"elementor-widget-container\">\n\t\t\t\t\t\t\t<div class=\"text-start me-auto content js-content\" data-arts-component-name=\"Content\">\n\t\t\t<p class=\"content__text typography-text-content\">Le Bistrot Martin se distingue par son emplacement unique au c\u0153ur du Domaine de Primard, \u00e0 seulement une heure de Paris, entre \u00c9vreux et Giverny. Nich\u00e9 dans un cadre bucolique o\u00f9 la nature s\u2019exprime pleinement, il offre l\u2019atmosph\u00e8re parfaite pour un repas champ\u00eatre en toute simplicit\u00e9.\n\nD\u00e8s les beaux jours, la terrasse s\u2019ouvre sur les vergers du Domaine, entre pommiers et cerisiers, invitant \u00e0 un d\u00e9jeuner en plein air au calme. Id\u00e9al pour une escapade en famille ou entre amis, Martin incarne l\u2019essence d\u2019un restaurant authentique en Eure-et-Loir, o\u00f9 terroir, convivialit\u00e9 et art de vivre \u00e0 la campagne se rencontrent avec \u00e9l\u00e9gance.<\/p>\n\t\t<\/div>\n\t\t\t\t\t\t<\/div>\n\t\t\t\t<\/div>\n\t\t\t\t<\/div>\n\t\t<div class=\"elementor-element elementor-element-3a97090 e-con-full e-flex e-con e-child\" data-id=\"3a97090\" data-element_type=\"container\" data-e-type=\"container\">\n\t\t\t\t<div class=\"elementor-element elementor-element-3554edd elementor-widget__width-inherit elementor-widget elementor-widget-asli-widget-parallax-image\" data-id=\"3554edd\" data-element_type=\"widget\" data-e-type=\"widget\" data-widget_type=\"asli-widget-parallax-image.default\">\n\t\t\t\t<div class=\"elementor-widget-container\">\n\t\t\t\t\t\t\t<div class=\"parallax js-parallax\" data-arts-component-name=\"Parallax\" data-arts-component-options=\"{&quot;inner&quot;:{&quot;factor&quot;:{&quot;x&quot;:0,&quot;y&quot;:0.12},&quot;translate&quot;:[],&quot;scale&quot;:[],&quot;rotate&quot;:false,&quot;velocity&quot;:false,&quot;matchMedia&quot;:&quot;(not((min-width: 320px) and (max-width: 767px))) or (not((min-width: 768px) and (max-width: 991px))) or (min-width: 992px)&quot;},&quot;outer&quot;:false}\">\n\t\t\t<div class=\"image-wrapper media-wrapper overflow-hidden\">\n\t\t\t\t\t\t\t\t\t<div class=\"mask-wrapper w-100 overflow-hidden \">\n\t\t\t\t\t\t\n\t<div class=\"w-100 h-100 overflow-hidden has-aspect-ratio\" style=\"--media-width:800; --media-height:800;\">\n\t\t<img loading=\"lazy\" decoding=\"async\" class=\"lazy js-parallax__inner of-contain\" src=\"data:image\/svg+xml,%3Csvg%20xmlns=&amp;apos;http:\/\/www.w3.org\/2000\/svg&amp;apos;%20width=&amp;apos;100%25&amp;apos;%20height=&amp;apos;100%25&amp;apos;%3E%3C\/svg%3E\" data-src=\"https:\/\/www.domainedeprimard.fontenille-collection.com\/wp-content\/uploads\/2025\/10\/primard-restaurant-bistrot-martin-evreux-giverny-verger-terrasse.jpg\" width=\"800\" height=\"800\" data-srcset=\"https:\/\/www.domainedeprimard.fontenille-collection.com\/wp-content\/uploads\/2025\/10\/primard-restaurant-bistrot-martin-evreux-giverny-verger-terrasse.jpg 800w, https:\/\/www.domainedeprimard.fontenille-collection.com\/wp-content\/uploads\/2025\/10\/primard-restaurant-bistrot-martin-evreux-giverny-verger-terrasse-300x300.jpg 300w, https:\/\/www.domainedeprimard.fontenille-collection.com\/wp-content\/uploads\/2025\/10\/primard-restaurant-bistrot-martin-evreux-giverny-verger-terrasse-150x150.jpg 150w, https:\/\/www.domainedeprimard.fontenille-collection.com\/wp-content\/uploads\/2025\/10\/primard-restaurant-bistrot-martin-evreux-giverny-verger-terrasse-768x768.jpg 768w, https:\/\/www.domainedeprimard.fontenille-collection.com\/wp-content\/uploads\/2025\/10\/primard-restaurant-bistrot-martin-evreux-giverny-verger-terrasse-12x12.jpg 12w\" data-sizes=\"(max-width: 800px) 100vw, 800px\" alt=\"Restaurant bistrot martin dans le verger\">\n\t\t\t<noscript><img loading=\"lazy\" decoding=\"async\" class=\"lazy js-parallax__inner of-contain\" src=\"https:\/\/www.domainedeprimard.fontenille-collection.com\/wp-content\/uploads\/2025\/10\/primard-restaurant-bistrot-martin-evreux-giverny-verger-terrasse.jpg\" width=\"800\" height=\"800\" alt=\"Restaurant bistrot martin dans le verger\" srcset=\"https:\/\/www.domainedeprimard.fontenille-collection.com\/wp-content\/uploads\/2025\/10\/primard-restaurant-bistrot-martin-evreux-giverny-verger-terrasse.jpg 800w, https:\/\/www.domainedeprimard.fontenille-collection.com\/wp-content\/uploads\/2025\/10\/primard-restaurant-bistrot-martin-evreux-giverny-verger-terrasse-300x300.jpg 300w, https:\/\/www.domainedeprimard.fontenille-collection.com\/wp-content\/uploads\/2025\/10\/primard-restaurant-bistrot-martin-evreux-giverny-verger-terrasse-150x150.jpg 150w, https:\/\/www.domainedeprimard.fontenille-collection.com\/wp-content\/uploads\/2025\/10\/primard-restaurant-bistrot-martin-evreux-giverny-verger-terrasse-768x768.jpg 768w, https:\/\/www.domainedeprimard.fontenille-collection.com\/wp-content\/uploads\/2025\/10\/primard-restaurant-bistrot-martin-evreux-giverny-verger-terrasse-12x12.jpg 12w\" sizes=\"(max-width: 800px) 100vw, 800px\"><\/noscript>\n\t\t\t<\/div>\n\t\t\t\t\t\t<div class=\"section__overlay hover-zoom__overlay overlay\"><\/div>\n\t\t\t\t\t<\/div>\n\t\t\t\t\t\t\t\t\t\t\t<\/div>\n\t\t<\/div>\n\t\t\t\t\t\t<\/div>\n\t\t\t\t<\/div>\n\t\t\t\t<\/div>\n\t\t\t\t<\/div>\n\t\t\t\t\t<\/div>\n\t\t\t\t<\/section>\n\t\t<section class=\"elementor-element elementor-element-1abe632 e-flex e-con-boxed e-con e-parent\" data-id=\"1abe632\" data-element_type=\"container\" data-e-type=\"container\" data-settings=\"{&quot;background_background&quot;:&quot;classic&quot;}\">\n\t\t\t\t\t<div class=\"e-con-inner\">\n\t\t<div class=\"elementor-element elementor-element-c2119aa e-con-full e-flex e-con e-child\" data-id=\"c2119aa\" data-element_type=\"container\" data-e-type=\"container\">\n\t\t<div class=\"elementor-element elementor-element-78482b4 e-con-full e-flex p-gutters e-con e-child\" data-id=\"78482b4\" data-element_type=\"container\" data-e-type=\"container\">\n\t\t\t\t<div class=\"elementor-element elementor-element-4614b3f elementor-widget elementor-widget-asli-widget-text-content\" data-id=\"4614b3f\" data-element_type=\"widget\" data-e-type=\"widget\" data-settings=\"{&quot;max_width&quot;:{&quot;unit&quot;:&quot;px&quot;,&quot;size&quot;:960,&quot;sizes&quot;:[]},&quot;max_width_tablet&quot;:{&quot;unit&quot;:&quot;%&quot;,&quot;size&quot;:100,&quot;sizes&quot;:[]},&quot;max_width_mobile&quot;:{&quot;unit&quot;:&quot;%&quot;,&quot;size&quot;:100,&quot;sizes&quot;:[]},&quot;text_content_stroke_width&quot;:{&quot;unit&quot;:&quot;%&quot;,&quot;size&quot;:110,&quot;sizes&quot;:[]},&quot;text_content_stroke_height&quot;:{&quot;unit&quot;:&quot;%&quot;,&quot;size&quot;:80,&quot;sizes&quot;:[]},&quot;text_content_stroke_rotation&quot;:{&quot;unit&quot;:&quot;deg&quot;,&quot;size&quot;:-5,&quot;sizes&quot;:[]}}\" data-widget_type=\"asli-widget-text-content.default\">\n\t\t\t\t<div class=\"elementor-widget-container\">\n\t\t\t\t\t\t\t<div class=\"text-start me-auto content js-content\" data-arts-component-name=\"Content\">\n\t\t\t<h2 class=\"content__text typography-text-content\">Informations pratiques<\/h2>\n\t\t<\/div>\n\t\t\t\t\t\t<\/div>\n\t\t\t\t<\/div>\n\t\t<div class=\"elementor-element elementor-element-d22548d e-con-full e-flex e-con e-child\" data-id=\"d22548d\" data-element_type=\"container\" data-e-type=\"container\">\n\t\t\t\t<div class=\"elementor-element elementor-element-d650d1d elementor-widget elementor-widget-asli-widget-text-content\" data-id=\"d650d1d\" data-element_type=\"widget\" data-e-type=\"widget\" data-settings=\"{&quot;max_width_tablet&quot;:{&quot;unit&quot;:&quot;%&quot;,&quot;size&quot;:75,&quot;sizes&quot;:[]},&quot;max_width&quot;:{&quot;unit&quot;:&quot;px&quot;,&quot;size&quot;:960,&quot;sizes&quot;:[]},&quot;max_width_mobile&quot;:{&quot;unit&quot;:&quot;%&quot;,&quot;size&quot;:100,&quot;sizes&quot;:[]},&quot;text_content_stroke_width&quot;:{&quot;unit&quot;:&quot;%&quot;,&quot;size&quot;:110,&quot;sizes&quot;:[]},&quot;text_content_stroke_height&quot;:{&quot;unit&quot;:&quot;%&quot;,&quot;size&quot;:80,&quot;sizes&quot;:[]},&quot;text_content_stroke_rotation&quot;:{&quot;unit&quot;:&quot;deg&quot;,&quot;size&quot;:-5,&quot;sizes&quot;:[]}}\" data-widget_type=\"asli-widget-text-content.default\">\n\t\t\t\t<div class=\"elementor-widget-container\">\n\t\t\t\t\t\t\t<div class=\"text-start me-auto content js-content\" data-arts-component-name=\"Content\">\n\t\t\t<h3 class=\"content__text typography-text-content\">Horaires d'ouverture :\n<\/h3>\n\t\t<\/div>\n\t\t\t\t\t\t<\/div>\n\t\t\t\t<\/div>\n\t\t\t\t<div class=\"elementor-element elementor-element-92bcb58 elementor-widget elementor-widget-text-editor\" data-id=\"92bcb58\" data-element_type=\"widget\" data-e-type=\"widget\" data-widget_type=\"text-editor.default\">\n\t\t\t\t<div class=\"elementor-widget-container\">\n\t\t\t\t\t\t\t\t\t<ul><li>Tous les jours de d\u00e9but avril au 31 octobre midi et soir et pendant les f\u00eates de fin d&rsquo;ann\u00e9e<\/li><li>Ouvert du jeudi soir au dimanche midi de mi-novembre \u00e0 mars<\/li><li>Fermeture annuelle : du 5 janvier au 15 janvier<\/li><\/ul>\t\t\t\t\t\t\t\t<\/div>\n\t\t\t\t<\/div>\n\t\t\t\t<\/div>\n\t\t<div class=\"elementor-element elementor-element-20a476a e-con-full e-flex e-con e-child\" data-id=\"20a476a\" data-element_type=\"container\" data-e-type=\"container\">\n\t\t\t\t<div class=\"elementor-element elementor-element-09a9d01 elementor-widget elementor-widget-asli-widget-text-content\" data-id=\"09a9d01\" data-element_type=\"widget\" data-e-type=\"widget\" data-settings=\"{&quot;max_width_tablet&quot;:{&quot;unit&quot;:&quot;%&quot;,&quot;size&quot;:75,&quot;sizes&quot;:[]},&quot;max_width&quot;:{&quot;unit&quot;:&quot;px&quot;,&quot;size&quot;:960,&quot;sizes&quot;:[]},&quot;max_width_mobile&quot;:{&quot;unit&quot;:&quot;%&quot;,&quot;size&quot;:100,&quot;sizes&quot;:[]},&quot;text_content_stroke_width&quot;:{&quot;unit&quot;:&quot;%&quot;,&quot;size&quot;:110,&quot;sizes&quot;:[]},&quot;text_content_stroke_height&quot;:{&quot;unit&quot;:&quot;%&quot;,&quot;size&quot;:80,&quot;sizes&quot;:[]},&quot;text_content_stroke_rotation&quot;:{&quot;unit&quot;:&quot;deg&quot;,&quot;size&quot;:-5,&quot;sizes&quot;:[]}}\" data-widget_type=\"asli-widget-text-content.default\">\n\t\t\t\t<div class=\"elementor-widget-container\">\n\t\t\t\t\t\t\t<div class=\"text-start me-auto content js-content\" data-arts-component-name=\"Content\">\n\t\t\t<h3 class=\"content__text typography-text-content\">Acc\u00e8s :<\/h3>\n\t\t<\/div>\n\t\t\t\t\t\t<\/div>\n\t\t\t\t<\/div>\n\t\t\t\t<div class=\"elementor-element elementor-element-1525c1f elementor-widget elementor-widget-text-editor\" data-id=\"1525c1f\" data-element_type=\"widget\" data-e-type=\"widget\" data-widget_type=\"text-editor.default\">\n\t\t\t\t<div class=\"elementor-widget-container\">\n\t\t\t\t\t\t\t\t\t<ul><li>\u00c0 35 minutes de Giverny et d&rsquo;Evreux en voiture<\/li><li>\u00c0 50 minutes de Paris, accessible en train via la Ligne J (direction Bueil directe depuis Saint-Lazare).<\/li><li>Navette \u00e9lectrique depuis la gare de Bueil (5 minutes).<\/li><\/ul>\t\t\t\t\t\t\t\t<\/div>\n\t\t\t\t<\/div>\n\t\t<div class=\"elementor-element elementor-element-39138e9 e-con-full e-flex e-con e-child\" data-id=\"39138e9\" data-element_type=\"container\" data-e-type=\"container\">\n\t\t\t\t<div class=\"elementor-element elementor-element-7dd2854 elementor-align-left elementor-widget elementor-widget-asli-widget-button\" data-id=\"7dd2854\" data-element_type=\"widget\" data-e-type=\"widget\" data-settings=\"{&quot;cursor_hover_offset&quot;:{&quot;unit&quot;:&quot;px&quot;,&quot;size&quot;:0,&quot;sizes&quot;:[]},&quot;icon_indent&quot;:{&quot;unit&quot;:&quot;px&quot;,&quot;size&quot;:12,&quot;sizes&quot;:[]}}\" data-widget_type=\"asli-widget-button.regular\">\n\t\t\t\t<div class=\"elementor-widget-container\">\n\t\t\t\t\t\t\t<div class=\"d-inline-flex elementor-button-wrapper\">\n\t\t\t<a class=\"elementor-button button button_icon button_icon-before elementor-button-link elementor-size-sm\" href=\"#\">\n\t\t\t\t\t\t<span class=\"button__label button__label-normal\">\n\t\t\t\t\t\t\t<span class=\"button__title elementor-button-text\">Google Maps<\/span>\n\t\t\t\t\t\t\t\t\t\t\t\t\t\t\t<span class=\"elementor-button-icon elementor-align-icon-left\">\n\t\t\t\t\t\t\t\t\t<svg aria-hidden=\"true\" class=\"e-font-icon-svg e-fas-map-signs\" viewBox=\"0 0 512 512\" xmlns=\"http:\/\/www.w3.org\/2000\/svg\"><path d=\"M507.31 84.69L464 41.37c-6-6-14.14-9.37-22.63-9.37H288V16c0-8.84-7.16-16-16-16h-32c-8.84 0-16 7.16-16 16v16H56c-13.25 0-24 10.75-24 24v80c0 13.25 10.75 24 24 24h385.37c8.49 0 16.62-3.37 22.63-9.37l43.31-43.31c6.25-6.26 6.25-16.38 0-22.63zM224 496c0 8.84 7.16 16 16 16h32c8.84 0 16-7.16 16-16V384h-64v112zm232-272H288v-32h-64v32H70.63c-8.49 0-16.62 3.37-22.63 9.37L4.69 276.69c-6.25 6.25-6.25 16.38 0 22.63L48 342.63c6 6 14.14 9.37 22.63 9.37H456c13.25 0 24-10.75 24-24v-80c0-13.25-10.75-24-24-24z\"><\/path><\/svg>\t\t\t\t\t\t\t<\/span>\n\t\t\t\t\t\t\t\t\t<\/span>\n\n\t\t<span class=\"button__label button__label-hover\">\n\t\t\t\t\t\t\t<span class=\"button__title elementor-button-text\">Voir le trajet<\/span>\n\t\t\t\t\t\t\t\t\t\t\t\t\t\t\t<span class=\"elementor-button-icon elementor-align-icon-left elementor-button-icon elementor-align-icon-left hidden\">\n\t\t\t\t\t\t\t\t\t<svg aria-hidden=\"true\" class=\"e-font-icon-svg e-fas-map-signs\" viewBox=\"0 0 512 512\" xmlns=\"http:\/\/www.w3.org\/2000\/svg\"><path d=\"M507.31 84.69L464 41.37c-6-6-14.14-9.37-22.63-9.37H288V16c0-8.84-7.16-16-16-16h-32c-8.84 0-16 7.16-16 16v16H56c-13.25 0-24 10.75-24 24v80c0 13.25 10.75 24 24 24h385.37c8.49 0 16.62-3.37 22.63-9.37l43.31-43.31c6.25-6.26 6.25-16.38 0-22.63zM224 496c0 8.84 7.16 16 16 16h32c8.84 0 16-7.16 16-16V384h-64v112zm232-272H288v-32h-64v32H70.63c-8.49 0-16.62 3.37-22.63 9.37L4.69 276.69c-6.25 6.25-6.25 16.38 0 22.63L48 342.63c6 6 14.14 9.37 22.63 9.37H456c13.25 0 24-10.75 24-24v-80c0-13.25-10.75-24-24-24z\"><\/path><\/svg>\t\t\t\t\t\t\t<\/span>\n\t\t\t\t\t\t\t\t\t<\/span>\n\t\t\t\t\t<\/a>\n\t\t<\/div>\n\t\t\t\t\t\t<\/div>\n\t\t\t\t<\/div>\n\t\t\t\t<div class=\"elementor-element elementor-element-125a5d9 elementor-align-left elementor-widget elementor-widget-asli-widget-button\" data-id=\"125a5d9\" data-element_type=\"widget\" data-e-type=\"widget\" data-settings=\"{&quot;cursor_hover_offset&quot;:{&quot;unit&quot;:&quot;px&quot;,&quot;size&quot;:0,&quot;sizes&quot;:[]},&quot;icon_indent&quot;:{&quot;unit&quot;:&quot;px&quot;,&quot;size&quot;:12,&quot;sizes&quot;:[]}}\" data-widget_type=\"asli-widget-button.regular\">\n\t\t\t\t<div class=\"elementor-widget-container\">\n\t\t\t\t\t\t\t<div class=\"d-inline-flex elementor-button-wrapper\">\n\t\t\t<a class=\"elementor-button button button_icon button_icon-before elementor-button-link elementor-size-sm\" href=\"tel:+33236581007\">\n\t\t\t\t\t\t<span class=\"button__label button__label-normal\">\n\t\t\t\t\t\t\t<span class=\"button__title elementor-button-text\">T\u00e9l\u00e9phone<\/span>\n\t\t\t\t\t\t\t\t\t\t\t\t\t\t\t<span class=\"elementor-button-icon elementor-align-icon-left\">\n\t\t\t\t\t\t\t\t\t<svg aria-hidden=\"true\" class=\"e-font-icon-svg e-fas-phone-alt\" viewBox=\"0 0 512 512\" xmlns=\"http:\/\/www.w3.org\/2000\/svg\"><path d=\"M497.39 361.8l-112-48a24 24 0 0 0-28 6.9l-49.6 60.6A370.66 370.66 0 0 1 130.6 204.11l60.6-49.6a23.94 23.94 0 0 0 6.9-28l-48-112A24.16 24.16 0 0 0 122.6.61l-104 24A24 24 0 0 0 0 48c0 256.5 207.9 464 464 464a24 24 0 0 0 23.4-18.6l24-104a24.29 24.29 0 0 0-14.01-27.6z\"><\/path><\/svg>\t\t\t\t\t\t\t<\/span>\n\t\t\t\t\t\t\t\t\t<\/span>\n\n\t\t<span class=\"button__label button__label-hover\">\n\t\t\t\t\t\t\t<span class=\"button__title elementor-button-text\">T\u00e9l\u00e9phone<\/span>\n\t\t\t\t\t\t\t\t\t\t\t\t\t\t\t<span class=\"elementor-button-icon elementor-align-icon-left elementor-button-icon elementor-align-icon-left hidden\">\n\t\t\t\t\t\t\t\t\t<svg aria-hidden=\"true\" class=\"e-font-icon-svg e-fas-phone-alt\" viewBox=\"0 0 512 512\" xmlns=\"http:\/\/www.w3.org\/2000\/svg\"><path d=\"M497.39 361.8l-112-48a24 24 0 0 0-28 6.9l-49.6 60.6A370.66 370.66 0 0 1 130.6 204.11l60.6-49.6a23.94 23.94 0 0 0 6.9-28l-48-112A24.16 24.16 0 0 0 122.6.61l-104 24A24 24 0 0 0 0 48c0 256.5 207.9 464 464 464a24 24 0 0 0 23.4-18.6l24-104a24.29 24.29 0 0 0-14.01-27.6z\"><\/path><\/svg>\t\t\t\t\t\t\t<\/span>\n\t\t\t\t\t\t\t\t\t<\/span>\n\t\t\t\t\t<\/a>\n\t\t<\/div>\n\t\t\t\t\t\t<\/div>\n\t\t\t\t<\/div>\n\t\t\t\t<\/div>\n\t\t\t\t<\/div>\n\t\t\t\t<\/div>\n\t\t<div class=\"elementor-element elementor-element-cccc36b e-con-full e-flex e-con e-child\" data-id=\"cccc36b\" data-element_type=\"container\" data-e-type=\"container\">\n\t\t\t\t<div class=\"elementor-element elementor-element-ee2e783 elementor-widget elementor-widget-asli-widget-google-maps\" data-id=\"ee2e783\" data-element_type=\"widget\" data-e-type=\"widget\" data-settings=\"{&quot;map_height&quot;:{&quot;unit&quot;:&quot;px&quot;,&quot;size&quot;:800,&quot;sizes&quot;:[]},&quot;map_height_tablet&quot;:{&quot;unit&quot;:&quot;vh&quot;,&quot;size&quot;:70,&quot;sizes&quot;:[]},&quot;map_height_mobile&quot;:{&quot;unit&quot;:&quot;vh&quot;,&quot;size&quot;:50,&quot;sizes&quot;:[]}}\" data-widget_type=\"asli-widget-google-maps.default\">\n\t\t\t\t<div class=\"elementor-widget-container\">\n\t\t\t\t\t\t\t<div class=\"google-map-no-key google-map js-google-map\" data-arts-component-name=\"GoogleMap\" data-arts-component-options=\"{&quot;zoom&quot;:14,&quot;styles&quot;:&quot;[\\n    {\\n        \\&quot;featureType\\&quot;: \\&quot;administrative\\&quot;,\\n        \\&quot;elementType\\&quot;: \\&quot;all\\&quot;,\\n        \\&quot;stylers\\&quot;: [\\n            {\\n                \\&quot;visibility\\&quot;: \\&quot;off\\&quot;\\n            }\\n        ]\\n    },\\n    {\\n        \\&quot;featureType\\&quot;: \\&quot;landscape\\&quot;,\\n        \\&quot;elementType\\&quot;: \\&quot;all\\&quot;,\\n        \\&quot;stylers\\&quot;: [\\n            {\\n                \\&quot;visibility\\&quot;: \\&quot;simplified\\&quot;\\n            },\\n            {\\n                \\&quot;hue\\&quot;: \\&quot;#0066ff\\&quot;\\n            },\\n            {\\n                \\&quot;saturation\\&quot;: 74\\n            },\\n            {\\n                \\&quot;lightness\\&quot;: 100\\n            }\\n        ]\\n    },\\n    {\\n        \\&quot;featureType\\&quot;: \\&quot;poi\\&quot;,\\n        \\&quot;elementType\\&quot;: \\&quot;all\\&quot;,\\n        \\&quot;stylers\\&quot;: [\\n            {\\n                \\&quot;visibility\\&quot;: \\&quot;simplified\\&quot;\\n            }\\n        ]\\n    },\\n    {\\n        \\&quot;featureType\\&quot;: \\&quot;road\\&quot;,\\n        \\&quot;elementType\\&quot;: \\&quot;all\\&quot;,\\n        \\&quot;stylers\\&quot;: [\\n            {\\n                \\&quot;visibility\\&quot;: \\&quot;simplified\\&quot;\\n            }\\n        ]\\n    },\\n    {\\n        \\&quot;featureType\\&quot;: \\&quot;road.highway\\&quot;,\\n        \\&quot;elementType\\&quot;: \\&quot;all\\&quot;,\\n        \\&quot;stylers\\&quot;: [\\n            {\\n                \\&quot;visibility\\&quot;: \\&quot;off\\&quot;\\n            },\\n            {\\n                \\&quot;weight\\&quot;: 0.6\\n            },\\n            {\\n                \\&quot;saturation\\&quot;: -85\\n            },\\n            {\\n                \\&quot;lightness\\&quot;: 61\\n            }\\n        ]\\n    },\\n    {\\n        \\&quot;featureType\\&quot;: \\&quot;road.highway\\&quot;,\\n        \\&quot;elementType\\&quot;: \\&quot;geometry\\&quot;,\\n        \\&quot;stylers\\&quot;: [\\n            {\\n                \\&quot;visibility\\&quot;: \\&quot;on\\&quot;\\n            }\\n        ]\\n    },\\n    {\\n        \\&quot;featureType\\&quot;: \\&quot;road.arterial\\&quot;,\\n        \\&quot;elementType\\&quot;: \\&quot;all\\&quot;,\\n        \\&quot;stylers\\&quot;: [\\n            {\\n                \\&quot;visibility\\&quot;: \\&quot;off\\&quot;\\n            }\\n        ]\\n    },\\n    {\\n        \\&quot;featureType\\&quot;: \\&quot;road.local\\&quot;,\\n        \\&quot;elementType\\&quot;: \\&quot;all\\&quot;,\\n        \\&quot;stylers\\&quot;: [\\n            {\\n                \\&quot;visibility\\&quot;: \\&quot;on\\&quot;\\n            }\\n        ]\\n    },\\n    {\\n        \\&quot;featureType\\&quot;: \\&quot;transit\\&quot;,\\n        \\&quot;elementType\\&quot;: \\&quot;all\\&quot;,\\n        \\&quot;stylers\\&quot;: [\\n            {\\n                \\&quot;visibility\\&quot;: \\&quot;simplified\\&quot;\\n            }\\n        ]\\n    },\\n    {\\n        \\&quot;featureType\\&quot;: \\&quot;water\\&quot;,\\n        \\&quot;elementType\\&quot;: \\&quot;all\\&quot;,\\n        \\&quot;stylers\\&quot;: [\\n            {\\n                \\&quot;visibility\\&quot;: \\&quot;simplified\\&quot;\\n            },\\n            {\\n                \\&quot;color\\&quot;: \\&quot;#5f94ff\\&quot;\\n            },\\n            {\\n                \\&quot;lightness\\&quot;: 26\\n            },\\n            {\\n                \\&quot;gamma\\&quot;: 5.86\\n            }\\n        ]\\n    }\\n]&quot;}\">\n\t\t\t<div class=\"google-map__container d-flex-centered js-google-map__container\">\n\t\t\t\t\t\t\t<\/div>\n\t\t\t\t\t\t\t<!-- Markers -->\n\t\t\t\t\t\t\t\t\t\t\t\t\t\t<div class=\"google-map__marker js-google-map__marker d-none\" data-marker-options=\"{&quot;lat&quot;:&quot;40.6700&quot;,&quot;lng&quot;:&quot;-73.9400&quot;,&quot;img&quot;:&quot;&quot;,&quot;width&quot;:&quot;&quot;,&quot;height&quot;:&quot;&quot;}\" data-marker-content=\"\"><\/div>\n\t\t\t\t\t\t\t\t<!-- - Markers -->\n\t\t\t\t\t<\/div>\n\t\t\t\t\t\t<\/div>\n\t\t\t\t<\/div>\n\t\t\t\t<\/div>\n\t\t\t\t<\/div>\n\t\t\t\t\t<\/div>\n\t\t\t\t<\/section>\n\t\t<section class=\"elementor-element elementor-element-fdbcc5f e-flex e-con-boxed pt-medium px-gutters-horizontal e-con e-parent\" data-id=\"fdbcc5f\" data-element_type=\"container\" data-e-type=\"container\" data-settings=\"{&quot;background_background&quot;:&quot;classic&quot;}\">\n\t\t\t\t\t<div class=\"e-con-inner\">\n\t\t<div class=\"elementor-element elementor-element-377603c e-con-full e-flex e-con e-child\" data-id=\"377603c\" data-element_type=\"container\" data-e-type=\"container\">\n\t\t<div class=\"elementor-element elementor-element-cfd71c1 e-con-full e-flex e-con e-child\" data-id=\"cfd71c1\" data-element_type=\"container\" data-e-type=\"container\">\n\t\t\t\t<div class=\"elementor-element elementor-element-1bcbb02 elementor-widget elementor-widget-image-carousel\" data-id=\"1bcbb02\" data-element_type=\"widget\" data-e-type=\"widget\" data-settings=\"{&quot;slides_to_show&quot;:&quot;1&quot;,&quot;navigation&quot;:&quot;none&quot;,&quot;autoplay_speed&quot;:2500,&quot;effect&quot;:&quot;fade&quot;,&quot;speed&quot;:900,&quot;autoplay&quot;:&quot;yes&quot;,&quot;pause_on_hover&quot;:&quot;yes&quot;,&quot;pause_on_interaction&quot;:&quot;yes&quot;,&quot;infinite&quot;:&quot;yes&quot;}\" data-widget_type=\"image-carousel.default\">\n\t\t\t\t<div class=\"elementor-widget-container\">\n\t\t\t\t\t\t\t<div class=\"elementor-image-carousel-wrapper swiper\" role=\"region\" aria-roledescription=\"carousel\" aria-label=\"Carrousel d\u2019images\" dir=\"ltr\">\n\t\t\t<div class=\"elementor-image-carousel swiper-wrapper\" aria-live=\"off\">\n\t\t\t\t\t\t\t\t<div class=\"swiper-slide\" role=\"group\" aria-roledescription=\"slide\" aria-label=\"1 sur 1\"><figure class=\"swiper-slide-inner\"><img decoding=\"async\" class=\"swiper-slide-image\" src=\"https:\/\/www.domainedeprimard.fontenille-collection.com\/wp-content\/uploads\/2025\/10\/hotel-relais-et-chateaux-Domaine-de-Primard-table-dhotes-giverny-experience-gastronomie-a-1h-de-paris-min-768x768.webp\" alt=\"hotel-relais-et-chateaux-Domaine-de-Primard-table d&#039;h\u00f4tes-giverny-experience-gastronomie-\u00e0 1h de paris-min\" \/><\/figure><\/div>\t\t\t<\/div>\n\t\t\t\t\t<\/div>\n\t\t\t\t\t\t<\/div>\n\t\t\t\t<\/div>\n\t\t\t\t<\/div>\n\t\t<div class=\"elementor-element elementor-element-444f411 e-con-full e-flex e-con e-child\" data-id=\"444f411\" data-element_type=\"container\" data-e-type=\"container\">\n\t\t\t\t<div class=\"elementor-element elementor-element-2b9200b elementor-widget elementor-widget-asli-widget-text-content\" data-id=\"2b9200b\" data-element_type=\"widget\" data-e-type=\"widget\" data-settings=\"{&quot;max_width&quot;:{&quot;unit&quot;:&quot;px&quot;,&quot;size&quot;:700,&quot;sizes&quot;:[]},&quot;max_width_tablet&quot;:{&quot;unit&quot;:&quot;%&quot;,&quot;size&quot;:100,&quot;sizes&quot;:[]},&quot;max_width_mobile&quot;:{&quot;unit&quot;:&quot;%&quot;,&quot;size&quot;:100,&quot;sizes&quot;:[]},&quot;text_content_stroke_width&quot;:{&quot;unit&quot;:&quot;%&quot;,&quot;size&quot;:110,&quot;sizes&quot;:[]},&quot;text_content_stroke_height&quot;:{&quot;unit&quot;:&quot;%&quot;,&quot;size&quot;:80,&quot;sizes&quot;:[]},&quot;text_content_stroke_rotation&quot;:{&quot;unit&quot;:&quot;deg&quot;,&quot;size&quot;:-5,&quot;sizes&quot;:[]}}\" data-widget_type=\"asli-widget-text-content.default\">\n\t\t\t\t<div class=\"elementor-widget-container\">\n\t\t\t\t\t\t\t<div class=\"text-start me-auto content js-content\" data-arts-split-text-preset=\"animatedLines\" data-arts-component-name=\"Content\" data-arts-os-animation=\"true\">\n\t\t\t<h2 class=\"content__text typography-text-content\">La Table d\u2019H\u00f4tes :<br>un moment intime &amp; convivial<\/h2>\n\t\t<\/div>\n\t\t\t\t\t\t<\/div>\n\t\t\t\t<\/div>\n\t\t\t\t<div class=\"elementor-element elementor-element-ec38353 elementor-widget elementor-widget-asli-widget-text-content\" data-id=\"ec38353\" data-element_type=\"widget\" data-e-type=\"widget\" data-settings=\"{&quot;max_width_tablet&quot;:{&quot;unit&quot;:&quot;%&quot;,&quot;size&quot;:75,&quot;sizes&quot;:[]},&quot;max_width&quot;:{&quot;unit&quot;:&quot;px&quot;,&quot;size&quot;:960,&quot;sizes&quot;:[]},&quot;max_width_mobile&quot;:{&quot;unit&quot;:&quot;%&quot;,&quot;size&quot;:100,&quot;sizes&quot;:[]},&quot;text_content_stroke_width&quot;:{&quot;unit&quot;:&quot;%&quot;,&quot;size&quot;:110,&quot;sizes&quot;:[]},&quot;text_content_stroke_height&quot;:{&quot;unit&quot;:&quot;%&quot;,&quot;size&quot;:80,&quot;sizes&quot;:[]},&quot;text_content_stroke_rotation&quot;:{&quot;unit&quot;:&quot;deg&quot;,&quot;size&quot;:-5,&quot;sizes&quot;:[]}}\" data-widget_type=\"asli-widget-text-content.default\">\n\t\t\t\t<div class=\"elementor-widget-container\">\n\t\t\t\t\t\t\t<div class=\"text-start me-auto content js-content\" data-arts-component-name=\"Content\">\n\t\t\t<p class=\"content__text typography-text-content\">Jusqu'\u00e0 15 personnes<\/p>\n\t\t<\/div>\n\t\t\t\t\t\t<\/div>\n\t\t\t\t<\/div>\n\t\t\t\t<div class=\"elementor-element elementor-element-93467df elementor-widget elementor-widget-asli-widget-text-content\" data-id=\"93467df\" data-element_type=\"widget\" data-e-type=\"widget\" data-settings=\"{&quot;max_width_tablet&quot;:{&quot;unit&quot;:&quot;%&quot;,&quot;size&quot;:75,&quot;sizes&quot;:[]},&quot;max_width&quot;:{&quot;unit&quot;:&quot;px&quot;,&quot;size&quot;:750,&quot;sizes&quot;:[]},&quot;max_width_mobile&quot;:{&quot;unit&quot;:&quot;%&quot;,&quot;size&quot;:100,&quot;sizes&quot;:[]},&quot;text_content_stroke_width&quot;:{&quot;unit&quot;:&quot;%&quot;,&quot;size&quot;:110,&quot;sizes&quot;:[]},&quot;text_content_stroke_height&quot;:{&quot;unit&quot;:&quot;%&quot;,&quot;size&quot;:80,&quot;sizes&quot;:[]},&quot;text_content_stroke_rotation&quot;:{&quot;unit&quot;:&quot;deg&quot;,&quot;size&quot;:-5,&quot;sizes&quot;:[]}}\" data-widget_type=\"asli-widget-text-content.default\">\n\t\t\t\t<div class=\"elementor-widget-container\">\n\t\t\t\t\t\t\t<div class=\"text-start me-auto content js-content\" data-arts-component-name=\"Content\">\n\t\t\t<p class=\"content__text typography-text-content\">Situ\u00e9e dans l\u2019ancienne cuisine du Ch\u00e2teau de Primard, la Table d\u2019H\u00f4tes est un lieu unique m\u00ealant authenticit\u00e9 et convivialit\u00e9. Autour de la chemin\u00e9e d\u2019\u00e9poque et du fourneau La Cornue, profitez d\u2019un repas pr\u00e9par\u00e9 sous vos yeux &amp; sur-mesure par le Chef &amp; sa brigade.<\/p>\n\t\t<\/div>\n\t\t\t\t\t\t<\/div>\n\t\t\t\t<\/div>\n\t\t\t\t<div class=\"elementor-element elementor-element-413309f elementor-widget elementor-widget-asli-widget-text-content\" data-id=\"413309f\" data-element_type=\"widget\" data-e-type=\"widget\" data-settings=\"{&quot;max_width_tablet&quot;:{&quot;unit&quot;:&quot;%&quot;,&quot;size&quot;:75,&quot;sizes&quot;:[]},&quot;max_width&quot;:{&quot;unit&quot;:&quot;px&quot;,&quot;size&quot;:750,&quot;sizes&quot;:[]},&quot;max_width_mobile&quot;:{&quot;unit&quot;:&quot;%&quot;,&quot;size&quot;:100,&quot;sizes&quot;:[]},&quot;text_content_stroke_width&quot;:{&quot;unit&quot;:&quot;%&quot;,&quot;size&quot;:110,&quot;sizes&quot;:[]},&quot;text_content_stroke_height&quot;:{&quot;unit&quot;:&quot;%&quot;,&quot;size&quot;:80,&quot;sizes&quot;:[]},&quot;text_content_stroke_rotation&quot;:{&quot;unit&quot;:&quot;deg&quot;,&quot;size&quot;:-5,&quot;sizes&quot;:[]}}\" data-widget_type=\"asli-widget-text-content.default\">\n\t\t\t\t<div class=\"elementor-widget-container\">\n\t\t\t\t\t\t\t<div class=\"text-start me-auto content js-content\" data-arts-component-name=\"Content\">\n\t\t\t<p class=\"content__text typography-text-content\">Dans une atmosph\u00e8re intimiste, cette exp\u00e9rience accueille de 2 \u00e0 15 convives autour d\u2019une grande table centrale. Chaque menu est \u00e9labor\u00e9 selon les saisons et les arrivages du moment, offrant un voyage culinaire exclusif au c\u0153ur de la maison.<br> D\u00e8s le 17 octobre jusqu'au mois de mars, retrouver les d\u00eeners raclette tous les week-ends.<\/p>\n\t\t<\/div>\n\t\t\t\t\t\t<\/div>\n\t\t\t\t<\/div>\n\t\t<div class=\"elementor-element elementor-element-6b347f4 e-con-full e-flex e-con e-child\" data-id=\"6b347f4\" data-element_type=\"container\" data-e-type=\"container\">\n\t\t\t\t<div class=\"elementor-element elementor-element-1b28d29 elementor-align-left elementor-widget elementor-widget-asli-widget-button\" data-id=\"1b28d29\" data-element_type=\"widget\" data-e-type=\"widget\" data-settings=\"{&quot;cursor_hover_offset&quot;:{&quot;unit&quot;:&quot;px&quot;,&quot;size&quot;:0,&quot;sizes&quot;:[]},&quot;icon_indent&quot;:{&quot;unit&quot;:&quot;px&quot;,&quot;size&quot;:12,&quot;sizes&quot;:[]}}\" data-widget_type=\"asli-widget-button.regular\">\n\t\t\t\t<div class=\"elementor-widget-container\">\n\t\t\t\t\t\t\t<div class=\"d-inline-flex elementor-button-wrapper\">\n\t\t\t<a class=\"elementor-button button button_icon button_icon-before elementor-button-link elementor-size-md\" href=\"mailto:commercial@domainedeprimard.com\" target=\"_blank\">\n\t\t\t\t\t\t<span class=\"button__label button__label-normal\">\n\t\t\t\t\t\t\t<span class=\"button__title elementor-button-text\">Contact<\/span>\n\t\t\t\t\t\t\t\t\t\t\t\t\t\t\t<span class=\"elementor-button-icon elementor-align-icon-left\">\n\t\t\t\t\t\t\t\t\t<svg aria-hidden=\"true\" class=\"e-font-icon-svg e-fas-envelope\" viewBox=\"0 0 512 512\" xmlns=\"http:\/\/www.w3.org\/2000\/svg\"><path d=\"M502.3 190.8c3.9-3.1 9.7-.2 9.7 4.7V400c0 26.5-21.5 48-48 48H48c-26.5 0-48-21.5-48-48V195.6c0-5 5.7-7.8 9.7-4.7 22.4 17.4 52.1 39.5 154.1 113.6 21.1 15.4 56.7 47.8 92.2 47.6 35.7.3 72-32.8 92.3-47.6 102-74.1 131.6-96.3 154-113.7zM256 320c23.2.4 56.6-29.2 73.4-41.4 132.7-96.3 142.8-104.7 173.4-128.7 5.8-4.5 9.2-11.5 9.2-18.9v-19c0-26.5-21.5-48-48-48H48C21.5 64 0 85.5 0 112v19c0 7.4 3.4 14.3 9.2 18.9 30.6 23.9 40.7 32.4 173.4 128.7 16.8 12.2 50.2 41.8 73.4 41.4z\"><\/path><\/svg>\t\t\t\t\t\t\t<\/span>\n\t\t\t\t\t\t\t\t\t<\/span>\n\n\t\t<span class=\"button__label button__label-hover\">\n\t\t\t\t\t\t\t<span class=\"button__title elementor-button-text\">Contact<\/span>\n\t\t\t\t\t\t\t\t\t\t\t\t\t\t\t<span class=\"elementor-button-icon elementor-align-icon-left elementor-button-icon elementor-align-icon-left hidden\">\n\t\t\t\t\t\t\t\t\t<svg aria-hidden=\"true\" class=\"e-font-icon-svg e-fas-envelope\" viewBox=\"0 0 512 512\" xmlns=\"http:\/\/www.w3.org\/2000\/svg\"><path d=\"M502.3 190.8c3.9-3.1 9.7-.2 9.7 4.7V400c0 26.5-21.5 48-48 48H48c-26.5 0-48-21.5-48-48V195.6c0-5 5.7-7.8 9.7-4.7 22.4 17.4 52.1 39.5 154.1 113.6 21.1 15.4 56.7 47.8 92.2 47.6 35.7.3 72-32.8 92.3-47.6 102-74.1 131.6-96.3 154-113.7zM256 320c23.2.4 56.6-29.2 73.4-41.4 132.7-96.3 142.8-104.7 173.4-128.7 5.8-4.5 9.2-11.5 9.2-18.9v-19c0-26.5-21.5-48-48-48H48C21.5 64 0 85.5 0 112v19c0 7.4 3.4 14.3 9.2 18.9 30.6 23.9 40.7 32.4 173.4 128.7 16.8 12.2 50.2 41.8 73.4 41.4z\"><\/path><\/svg>\t\t\t\t\t\t\t<\/span>\n\t\t\t\t\t\t\t\t\t<\/span>\n\t\t\t\t\t<\/a>\n\t\t<\/div>\n\t\t\t\t\t\t<\/div>\n\t\t\t\t<\/div>\n\t\t\t\t<div class=\"elementor-element elementor-element-5964d13 elementor-align-left elementor-widget elementor-widget-asli-widget-button\" data-id=\"5964d13\" data-element_type=\"widget\" data-e-type=\"widget\" data-settings=\"{&quot;cursor_hover_offset&quot;:{&quot;unit&quot;:&quot;px&quot;,&quot;size&quot;:0,&quot;sizes&quot;:[]},&quot;icon_indent&quot;:{&quot;unit&quot;:&quot;px&quot;,&quot;size&quot;:12,&quot;sizes&quot;:[]}}\" data-widget_type=\"asli-widget-button.regular\">\n\t\t\t\t<div class=\"elementor-widget-container\">\n\t\t\t\t\t\t\t<div class=\"d-inline-flex elementor-button-wrapper\">\n\t\t\t<a class=\"elementor-button button button_icon elementor-button-link elementor-size-md\" href=\"https:\/\/www.domainedeprimard.fontenille-collection.com\/table-d-hotes-campagne-eure-et-loir\/\">\n\t\t\t\t\t\t<span class=\"button__label button__label-normal\">\n\t\t\t\t\t\t\t<span class=\"button__title elementor-button-text\">En savoir +<\/span>\n\t\t\t\t\t\t\t\t\t\t\t\t\t\t\t\t\t\t\t<\/span>\n\n\t\t<span class=\"button__label button__label-hover\">\n\t\t\t\t\t\t\t<span class=\"button__title elementor-button-text\">En savoir +<\/span>\n\t\t\t\t\t\t\t\t\t\t\t\t\t\t\t\t\t\t\t<\/span>\n\t\t\t\t\t<\/a>\n\t\t<\/div>\n\t\t\t\t\t\t<\/div>\n\t\t\t\t<\/div>\n\t\t\t\t<\/div>\n\t\t\t\t<\/div>\n\t\t\t\t<\/div>\n\t\t\t\t\t<\/div>\n\t\t\t\t<\/section>\n\t\t<section class=\"elementor-element elementor-element-c49c65c e-flex e-con-boxed pt-medium px-gutters-horizontal e-con e-parent\" data-id=\"c49c65c\" data-element_type=\"container\" data-e-type=\"container\" data-settings=\"{&quot;background_background&quot;:&quot;classic&quot;}\">\n\t\t\t\t\t<div class=\"e-con-inner\">\n\t\t<div class=\"elementor-element elementor-element-089ee51 e-con-full e-flex e-con e-child\" data-id=\"089ee51\" data-element_type=\"container\" data-e-type=\"container\">\n\t\t<div class=\"elementor-element elementor-element-0ff2189 e-con-full e-flex e-con e-child\" data-id=\"0ff2189\" data-element_type=\"container\" data-e-type=\"container\">\n\t\t\t\t<div class=\"elementor-element elementor-element-3f1a414 elementor-widget elementor-widget-asli-widget-text-content\" data-id=\"3f1a414\" data-element_type=\"widget\" data-e-type=\"widget\" data-settings=\"{&quot;max_width&quot;:{&quot;unit&quot;:&quot;px&quot;,&quot;size&quot;:700,&quot;sizes&quot;:[]},&quot;max_width_tablet&quot;:{&quot;unit&quot;:&quot;%&quot;,&quot;size&quot;:100,&quot;sizes&quot;:[]},&quot;max_width_mobile&quot;:{&quot;unit&quot;:&quot;%&quot;,&quot;size&quot;:100,&quot;sizes&quot;:[]},&quot;text_content_stroke_width&quot;:{&quot;unit&quot;:&quot;%&quot;,&quot;size&quot;:110,&quot;sizes&quot;:[]},&quot;text_content_stroke_height&quot;:{&quot;unit&quot;:&quot;%&quot;,&quot;size&quot;:80,&quot;sizes&quot;:[]},&quot;text_content_stroke_rotation&quot;:{&quot;unit&quot;:&quot;deg&quot;,&quot;size&quot;:-5,&quot;sizes&quot;:[]}}\" data-widget_type=\"asli-widget-text-content.default\">\n\t\t\t\t<div class=\"elementor-widget-container\">\n\t\t\t\t\t\t\t<div class=\"text-start me-auto content js-content\" data-arts-split-text-preset=\"animatedLines\" data-arts-component-name=\"Content\" data-arts-os-animation=\"true\">\n\t\t\t<h2 class=\"content__text typography-text-content\">Le nouveau rendez-vous gourmand : <br>Le Grand Brunch de Primard<\/h2>\n\t\t<\/div>\n\t\t\t\t\t\t<\/div>\n\t\t\t\t<\/div>\n\t\t\t\t<div class=\"elementor-element elementor-element-d4fe464 e-n-tabs-none elementor-widget elementor-widget-n-tabs\" data-id=\"d4fe464\" data-element_type=\"widget\" data-e-type=\"widget\" data-settings=\"{&quot;tabs_justify_horizontal&quot;:&quot;start&quot;,&quot;horizontal_scroll&quot;:&quot;disable&quot;}\" data-widget_type=\"nested-tabs.default\">\n\t\t\t\t<div class=\"elementor-widget-container\">\n\t\t\t\t\t\t\t<div class=\"e-n-tabs\" data-widget-number=\"223339620\" aria-label=\"Onglets. Ouvrez des \u00e9l\u00e9ments avec Entrer ou Espace, fermez-les avec Echape et naviguez \u00e0 l&#039;aide des touches fl\u00e9ch\u00e9es.\">\n\t\t\t<div class=\"e-n-tabs-heading\" role=\"tablist\">\n\t\t\t\t\t<button id=\"e-n-tab-title-2233396201\" data-tab-title-id=\"e-n-tab-title-2233396201\" class=\"e-n-tab-title\" aria-selected=\"true\" data-tab-index=\"1\" role=\"tab\" tabindex=\"0\" aria-controls=\"e-n-tab-content-2233396201\" style=\"--n-tabs-title-order: 1;\">\n\t\t\t\t\t\t<span class=\"e-n-tab-title-text\">\n\t\t\t\tDescriptif\t\t\t<\/span>\n\t\t<\/button>\n\t\t\t\t<button id=\"e-n-tab-title-2233396202\" data-tab-title-id=\"e-n-tab-title-2233396202\" class=\"e-n-tab-title\" aria-selected=\"false\" data-tab-index=\"2\" role=\"tab\" tabindex=\"-1\" aria-controls=\"e-n-tab-content-2233396202\" style=\"--n-tabs-title-order: 2;\">\n\t\t\t\t\t\t<span class=\"e-n-tab-title-text\">\n\t\t\t\tInfos pratiques\t\t\t<\/span>\n\t\t<\/button>\n\t\t\t\t\t<\/div>\n\t\t\t<div class=\"e-n-tabs-content\">\n\t\t\t\t<div id=\"e-n-tab-content-2233396201\" role=\"tabpanel\" aria-labelledby=\"e-n-tab-title-2233396201\" data-tab-index=\"1\" style=\"--n-tabs-title-order: 1;\" class=\"e-active elementor-element elementor-element-85adafb e-con-full e-flex e-con e-child\" data-id=\"85adafb\" data-element_type=\"container\" data-e-type=\"container\">\n\t\t<div class=\"elementor-element elementor-element-2288eae e-con-full e-flex e-con e-child\" data-id=\"2288eae\" data-element_type=\"container\" data-e-type=\"container\">\n\t\t<div class=\"elementor-element elementor-element-e5914a8 e-con-full e-flex e-con e-child\" data-id=\"e5914a8\" data-element_type=\"container\" data-e-type=\"container\">\n\t\t\t\t<div class=\"elementor-element elementor-element-876f688 elementor-widget elementor-widget-text-editor\" data-id=\"876f688\" data-element_type=\"widget\" data-e-type=\"widget\" data-widget_type=\"text-editor.default\">\n\t\t\t\t<div class=\"elementor-widget-container\">\n\t\t\t\t\t\t\t\t\t<p><strong>\u00c0 partir du dimanche 25 janvier<\/strong>, le Domaine de Primard inaugure son nouveau brunch dominical, imagin\u00e9 comme un v\u00e9ritable moment de partage et de gourmandise, \u00e0 savourer <strong>chaque dimanche de 12h \u00e0 15h, au Bistrot Martin. <\/strong>Dans un esprit champ\u00eatre et convivial, la table met \u00e0 l\u2019honneur une cuisine g\u00e9n\u00e9reuse, inspir\u00e9e des saisons et des produits du terroir.<\/p><p>Selon les inspirations du Bistrot, retrouvez une s\u00e9lection de plats sal\u00e9s tels que velout\u00e9 d\u2019hiver, tartare de poisson, potiron r\u00f4ti, \u0153ufs B\u00e9n\u00e9dicte, saumon, fruits de mer, fromages de Normandie et l\u00e9gumes du jardin. C\u00f4t\u00e9 douceurs, le brunch se prolonge autour de desserts r\u00e9confortants : tartes aux fruits de saison, pain perdu, cr\u00eapes, flans, mousse au chocolat et autres gourmandises maison.<\/p><p>Pour prolonger l\u2019exp\u00e9rience, d\u00e9couvrez l\u2019offre <strong>Brunch &amp; Relax, <\/strong>combinant <strong>brunch, acc\u00e8s au spa et soin, <\/strong>pour une parenth\u00e8se bien-\u00eatre.<\/p>\t\t\t\t\t\t\t\t<\/div>\n\t\t\t\t<\/div>\n\t\t\t\t<\/div>\n\t\t\t\t<\/div>\n\t\t\t\t<\/div>\n\t\t<div id=\"e-n-tab-content-2233396202\" role=\"tabpanel\" aria-labelledby=\"e-n-tab-title-2233396202\" data-tab-index=\"2\" style=\"--n-tabs-title-order: 2;\" class=\" elementor-element elementor-element-a5e1df8 e-con-full e-flex e-con e-child\" data-id=\"a5e1df8\" data-element_type=\"container\" data-e-type=\"container\">\n\t\t<div class=\"elementor-element elementor-element-344fa22 e-con-full e-flex e-con e-child\" data-id=\"344fa22\" data-element_type=\"container\" data-e-type=\"container\">\n\t\t<div class=\"elementor-element elementor-element-753d17c e-con-full e-flex e-con e-child\" data-id=\"753d17c\" data-element_type=\"container\" data-e-type=\"container\">\n\t\t\t\t<div class=\"elementor-element elementor-element-f771816 elementor-widget elementor-widget-text-editor\" data-id=\"f771816\" data-element_type=\"widget\" data-e-type=\"widget\" data-widget_type=\"text-editor.default\">\n\t\t\t\t<div class=\"elementor-widget-container\">\n\t\t\t\t\t\t\t\t\t<p><em>\u2022 <\/em><strong>75\u20ac par adulte<\/strong><\/p><p>\u2022 <strong>35\u20ac par enfant entre 6 et 12 ans\u00a0<\/strong><\/p><p>\u2022 Offre Brunch &amp; Relax :<strong> 200\u20ac par personne\u00a0<\/strong><\/p><p><em>\u2022 Sur r\u00e9servation<\/em><\/p>\t\t\t\t\t\t\t\t<\/div>\n\t\t\t\t<\/div>\n\t\t\t\t<\/div>\n\t\t\t\t<\/div>\n\t\t\t\t<\/div>\n\t\t\t\t\t<\/div>\n\t\t<\/div>\n\t\t\t\t\t\t<\/div>\n\t\t\t\t<\/div>\n\t\t<div class=\"elementor-element elementor-element-98abac6 e-con-full e-flex e-con e-child\" data-id=\"98abac6\" data-element_type=\"container\" data-e-type=\"container\">\n\t\t\t\t<div class=\"elementor-element elementor-element-b2c748b elementor-align-left elementor-widget elementor-widget-asli-widget-button\" data-id=\"b2c748b\" data-element_type=\"widget\" data-e-type=\"widget\" data-settings=\"{&quot;cursor_hover_offset&quot;:{&quot;unit&quot;:&quot;px&quot;,&quot;size&quot;:0,&quot;sizes&quot;:[]},&quot;icon_indent&quot;:{&quot;unit&quot;:&quot;px&quot;,&quot;size&quot;:12,&quot;sizes&quot;:[]}}\" data-widget_type=\"asli-widget-button.regular\">\n\t\t\t\t<div class=\"elementor-widget-container\">\n\t\t\t\t\t\t\t<div class=\"d-inline-flex elementor-button-wrapper\">\n\t\t\t<a class=\"elementor-button button button_icon elementor-button-link elementor-size-md\" href=\"https:\/\/bookings.zenchef.com\/results?rid=374702&#038;pid=1001\" target=\"_blank\">\n\t\t\t\t\t\t<span class=\"button__label button__label-normal\">\n\t\t\t\t\t\t\t<span class=\"button__title elementor-button-text\">R\u00e9server<\/span>\n\t\t\t\t\t\t\t\t\t\t\t\t\t\t\t\t\t\t\t<\/span>\n\n\t\t<span class=\"button__label button__label-hover\">\n\t\t\t\t\t\t\t<span class=\"button__title elementor-button-text\">R\u00e9server<\/span>\n\t\t\t\t\t\t\t\t\t\t\t\t\t\t\t\t\t\t\t<\/span>\n\t\t\t\t\t<\/a>\n\t\t<\/div>\n\t\t\t\t\t\t<\/div>\n\t\t\t\t<\/div>\n\t\t\t\t<div class=\"elementor-element elementor-element-2b28700 elementor-align-left elementor-widget elementor-widget-asli-widget-button\" data-id=\"2b28700\" data-element_type=\"widget\" data-e-type=\"widget\" data-settings=\"{&quot;cursor_hover_offset&quot;:{&quot;unit&quot;:&quot;px&quot;,&quot;size&quot;:0,&quot;sizes&quot;:[]},&quot;icon_indent&quot;:{&quot;unit&quot;:&quot;px&quot;,&quot;size&quot;:12,&quot;sizes&quot;:[]}}\" data-widget_type=\"asli-widget-button.regular\">\n\t\t\t\t<div class=\"elementor-widget-container\">\n\t\t\t\t\t\t\t<div class=\"d-inline-flex elementor-button-wrapper\">\n\t\t\t<a class=\"elementor-button button button_icon elementor-button-link elementor-size-md\" href=\"https:\/\/boutique-fontenille.com\/products\/domaine-de-primard-brunch-and-relax-spa\" target=\"_blank\">\n\t\t\t\t\t\t<span class=\"button__label button__label-normal\">\n\t\t\t\t\t\t\t<span class=\"button__title elementor-button-text\">Brunch & Relax<\/span>\n\t\t\t\t\t\t\t\t\t\t\t\t\t\t\t\t\t\t\t<\/span>\n\n\t\t<span class=\"button__label button__label-hover\">\n\t\t\t\t\t\t\t<span class=\"button__title elementor-button-text\">Brunch & Relax<\/span>\n\t\t\t\t\t\t\t\t\t\t\t\t\t\t\t\t\t\t\t<\/span>\n\t\t\t\t\t<\/a>\n\t\t<\/div>\n\t\t\t\t\t\t<\/div>\n\t\t\t\t<\/div>\n\t\t\t\t<\/div>\n\t\t\t\t<\/div>\n\t\t<div class=\"elementor-element elementor-element-d0402a3 e-con-full e-flex e-con e-child\" data-id=\"d0402a3\" data-element_type=\"container\" data-e-type=\"container\">\n\t\t\t\t<div class=\"elementor-element elementor-element-910bb89 elementor-widget elementor-widget-image-carousel\" data-id=\"910bb89\" data-element_type=\"widget\" data-e-type=\"widget\" data-settings=\"{&quot;slides_to_show&quot;:&quot;1&quot;,&quot;navigation&quot;:&quot;none&quot;,&quot;autoplay_speed&quot;:2500,&quot;effect&quot;:&quot;fade&quot;,&quot;speed&quot;:900,&quot;autoplay&quot;:&quot;yes&quot;,&quot;pause_on_hover&quot;:&quot;yes&quot;,&quot;pause_on_interaction&quot;:&quot;yes&quot;,&quot;infinite&quot;:&quot;yes&quot;}\" data-widget_type=\"image-carousel.default\">\n\t\t\t\t<div class=\"elementor-widget-container\">\n\t\t\t\t\t\t\t<div class=\"elementor-image-carousel-wrapper swiper\" role=\"region\" aria-roledescription=\"carousel\" aria-label=\"Carrousel d\u2019images\" dir=\"ltr\">\n\t\t\t<div class=\"elementor-image-carousel swiper-wrapper\" aria-live=\"off\">\n\t\t\t\t\t\t\t\t<div class=\"swiper-slide\" role=\"group\" aria-roledescription=\"slide\" aria-label=\"1 sur 3\"><figure class=\"swiper-slide-inner\"><img decoding=\"async\" class=\"swiper-slide-image\" src=\"https:\/\/www.domainedeprimard.fontenille-collection.com\/wp-content\/uploads\/2026\/01\/hotel-domaine-de-primard-a-1-heure-de-paris-campagne-vert-brunch-dominicale-768x768.webp\" alt=\"Brunch dominical au Bistrot Martin \u00e0 1h de Paris\" \/><\/figure><\/div><div class=\"swiper-slide\" role=\"group\" aria-roledescription=\"slide\" aria-label=\"2 sur 3\"><figure class=\"swiper-slide-inner\"><img decoding=\"async\" class=\"swiper-slide-image\" src=\"https:\/\/www.domainedeprimard.fontenille-collection.com\/wp-content\/uploads\/2025\/10\/hotel-relais-et-chateaux-Domaine-de-Primard-restaurant-martin-gastronomie-bistronomie-giverny-eure-et-loire-min-768x768.webp\" alt=\"Gastronomie du Bistrot Martin au sein du Domaine de Primard\" \/><\/figure><\/div><div class=\"swiper-slide\" role=\"group\" aria-roledescription=\"slide\" aria-label=\"3 sur 3\"><figure class=\"swiper-slide-inner\"><img decoding=\"async\" class=\"swiper-slide-image\" src=\"https:\/\/www.domainedeprimard.fontenille-collection.com\/wp-content\/uploads\/2025\/10\/hotel-relais-et-chateaux-Domaine-de-Primard-gouter-pause-campagne-eure-et-loire-gauinville-min-768x768.webp\" alt=\"hotel-relais-et-chateaux-Domaine-de-Primard-gouter-pause-campagne-eure et loire-gauinville-min\" \/><\/figure><\/div>\t\t\t<\/div>\n\t\t\t\t\t\t\t\n\t\t\t\t\t\t\t\t\t<\/div>\n\t\t\t\t\t\t<\/div>\n\t\t\t\t<\/div>\n\t\t\t\t<\/div>\n\t\t\t\t<\/div>\n\t\t\t\t\t<\/div>\n\t\t\t\t<\/section>\n\t\t<section class=\"elementor-element elementor-element-fc5ce68 e-flex e-con-boxed pt-medium pb-medium px-gutters-horizontal e-con e-parent\" data-id=\"fc5ce68\" data-element_type=\"container\" data-e-type=\"container\" data-settings=\"{&quot;background_background&quot;:&quot;classic&quot;}\">\n\t\t\t\t\t<div class=\"e-con-inner\">\n\t\t<div class=\"elementor-element elementor-element-8ee41e6 e-con-full e-flex e-con e-child\" data-id=\"8ee41e6\" data-element_type=\"container\" data-e-type=\"container\">\n\t\t<div class=\"elementor-element elementor-element-480bea7 e-con-full e-flex e-con e-child\" data-id=\"480bea7\" data-element_type=\"container\" data-e-type=\"container\">\n\t\t\t\t<div class=\"elementor-element elementor-element-b55c27c elementor-widget elementor-widget-image-carousel\" data-id=\"b55c27c\" data-element_type=\"widget\" data-e-type=\"widget\" data-settings=\"{&quot;slides_to_show&quot;:&quot;1&quot;,&quot;navigation&quot;:&quot;none&quot;,&quot;autoplay_speed&quot;:2500,&quot;effect&quot;:&quot;fade&quot;,&quot;speed&quot;:900,&quot;autoplay&quot;:&quot;yes&quot;,&quot;pause_on_hover&quot;:&quot;yes&quot;,&quot;pause_on_interaction&quot;:&quot;yes&quot;,&quot;infinite&quot;:&quot;yes&quot;}\" data-widget_type=\"image-carousel.default\">\n\t\t\t\t<div class=\"elementor-widget-container\">\n\t\t\t\t\t\t\t<div class=\"elementor-image-carousel-wrapper swiper\" role=\"region\" aria-roledescription=\"carousel\" aria-label=\"Carrousel d\u2019images\" dir=\"ltr\">\n\t\t\t<div class=\"elementor-image-carousel swiper-wrapper\" aria-live=\"off\">\n\t\t\t\t\t\t\t\t<div class=\"swiper-slide\" role=\"group\" aria-roledescription=\"slide\" aria-label=\"1 sur 2\"><figure class=\"swiper-slide-inner\"><img decoding=\"async\" class=\"swiper-slide-image\" src=\"https:\/\/www.domainedeprimard.fontenille-collection.com\/wp-content\/uploads\/2025\/10\/mariage-campagne-jardins-verger-primard-eure-loir-normandie-guainville-1-768x768.webp\" alt=\"mariage-campagne-jardins-verger-primard-eure-loir-normandie-guainville\" \/><\/figure><\/div><div class=\"swiper-slide\" role=\"group\" aria-roledescription=\"slide\" aria-label=\"2 sur 2\"><figure class=\"swiper-slide-inner\"><img decoding=\"async\" class=\"swiper-slide-image\" src=\"https:\/\/www.domainedeprimard.fontenille-collection.com\/wp-content\/uploads\/2025\/01\/mariage-bapteme-anniversaire-domaine-de-primard-fontenille-768x768.jpg\" alt=\"mariage-bapteme-anniversaire-domaine-de-primard-fontenille\" \/><\/figure><\/div>\t\t\t<\/div>\n\t\t\t\t\t\t\t\n\t\t\t\t\t\t\t\t\t<\/div>\n\t\t\t\t\t\t<\/div>\n\t\t\t\t<\/div>\n\t\t\t\t<\/div>\n\t\t<div class=\"elementor-element elementor-element-bf83d19 e-con-full e-flex e-con e-child\" data-id=\"bf83d19\" data-element_type=\"container\" data-e-type=\"container\">\n\t\t\t\t<div class=\"elementor-element elementor-element-be7c811 elementor-widget elementor-widget-asli-widget-text-content\" data-id=\"be7c811\" data-element_type=\"widget\" data-e-type=\"widget\" data-settings=\"{&quot;max_width&quot;:{&quot;unit&quot;:&quot;px&quot;,&quot;size&quot;:700,&quot;sizes&quot;:[]},&quot;max_width_tablet&quot;:{&quot;unit&quot;:&quot;%&quot;,&quot;size&quot;:100,&quot;sizes&quot;:[]},&quot;max_width_mobile&quot;:{&quot;unit&quot;:&quot;%&quot;,&quot;size&quot;:100,&quot;sizes&quot;:[]},&quot;text_content_stroke_width&quot;:{&quot;unit&quot;:&quot;%&quot;,&quot;size&quot;:110,&quot;sizes&quot;:[]},&quot;text_content_stroke_height&quot;:{&quot;unit&quot;:&quot;%&quot;,&quot;size&quot;:80,&quot;sizes&quot;:[]},&quot;text_content_stroke_rotation&quot;:{&quot;unit&quot;:&quot;deg&quot;,&quot;size&quot;:-5,&quot;sizes&quot;:[]}}\" data-widget_type=\"asli-widget-text-content.default\">\n\t\t\t\t<div class=\"elementor-widget-container\">\n\t\t\t\t\t\t\t<div class=\"text-start me-auto content js-content\" data-arts-split-text-preset=\"animatedLines\" data-arts-component-name=\"Content\" data-arts-os-animation=\"true\">\n\t\t\t<h2 class=\"content__text typography-text-content\">Privatisez nos restaurants pour vos \u00e9v\u00e9nements<\/h2>\n\t\t<\/div>\n\t\t\t\t\t\t<\/div>\n\t\t\t\t<\/div>\n\t\t\t\t<div class=\"elementor-element elementor-element-8b3fd31 elementor-widget elementor-widget-asli-widget-text-content\" data-id=\"8b3fd31\" data-element_type=\"widget\" data-e-type=\"widget\" data-settings=\"{&quot;max_width_tablet&quot;:{&quot;unit&quot;:&quot;%&quot;,&quot;size&quot;:75,&quot;sizes&quot;:[]},&quot;max_width&quot;:{&quot;unit&quot;:&quot;px&quot;,&quot;size&quot;:960,&quot;sizes&quot;:[]},&quot;max_width_mobile&quot;:{&quot;unit&quot;:&quot;%&quot;,&quot;size&quot;:100,&quot;sizes&quot;:[]},&quot;text_content_stroke_width&quot;:{&quot;unit&quot;:&quot;%&quot;,&quot;size&quot;:110,&quot;sizes&quot;:[]},&quot;text_content_stroke_height&quot;:{&quot;unit&quot;:&quot;%&quot;,&quot;size&quot;:80,&quot;sizes&quot;:[]},&quot;text_content_stroke_rotation&quot;:{&quot;unit&quot;:&quot;deg&quot;,&quot;size&quot;:-5,&quot;sizes&quot;:[]}}\" data-widget_type=\"asli-widget-text-content.default\">\n\t\t\t\t<div class=\"elementor-widget-container\">\n\t\t\t\t\t\t\t<div class=\"text-start me-auto content js-content\" data-arts-component-name=\"Content\">\n\t\t\t<p class=\"content__text typography-text-content\">Jusqu'\u00e0 120 personnes<\/p>\n\t\t<\/div>\n\t\t\t\t\t\t<\/div>\n\t\t\t\t<\/div>\n\t\t\t\t<div class=\"elementor-element elementor-element-c2ac45e elementor-widget elementor-widget-asli-widget-text-content\" data-id=\"c2ac45e\" data-element_type=\"widget\" data-e-type=\"widget\" data-settings=\"{&quot;max_width_tablet&quot;:{&quot;unit&quot;:&quot;%&quot;,&quot;size&quot;:75,&quot;sizes&quot;:[]},&quot;max_width&quot;:{&quot;unit&quot;:&quot;px&quot;,&quot;size&quot;:750,&quot;sizes&quot;:[]},&quot;max_width_mobile&quot;:{&quot;unit&quot;:&quot;%&quot;,&quot;size&quot;:100,&quot;sizes&quot;:[]},&quot;text_content_stroke_width&quot;:{&quot;unit&quot;:&quot;%&quot;,&quot;size&quot;:110,&quot;sizes&quot;:[]},&quot;text_content_stroke_height&quot;:{&quot;unit&quot;:&quot;%&quot;,&quot;size&quot;:80,&quot;sizes&quot;:[]},&quot;text_content_stroke_rotation&quot;:{&quot;unit&quot;:&quot;deg&quot;,&quot;size&quot;:-5,&quot;sizes&quot;:[]}}\" data-widget_type=\"asli-widget-text-content.default\">\n\t\t\t\t<div class=\"elementor-widget-container\">\n\t\t\t\t\t\t\t<div class=\"text-start me-auto content js-content\" data-arts-component-name=\"Content\">\n\t\t\t<p class=\"content__text typography-text-content\">\u00c0 seulement une heure de Paris et trente minutes de Giverny, organisez vos \u00e9v\u00e9nements priv\u00e9s dans les espaces embl\u00e9matiques du Domaine de Primard. Le Bistrot Martin et la Table d\u2019H\u00f4tes offrent des cadres uniques pour des moments inoubliables. Avec des options allant de 15 \u00e0 120 personnes, chaque espace s\u2019adapte \u00e0 vos besoins pour des r\u00e9ceptions raffin\u00e9es et conviviales.<\/p>\n\t\t<\/div>\n\t\t\t\t\t\t<\/div>\n\t\t\t\t<\/div>\n\t\t<div class=\"elementor-element elementor-element-6023345 e-con-full e-flex e-con e-child\" data-id=\"6023345\" data-element_type=\"container\" data-e-type=\"container\">\n\t\t\t\t<div class=\"elementor-element elementor-element-6978b59 elementor-align-left elementor-widget elementor-widget-asli-widget-button\" data-id=\"6978b59\" data-element_type=\"widget\" data-e-type=\"widget\" data-settings=\"{&quot;cursor_hover_offset&quot;:{&quot;unit&quot;:&quot;px&quot;,&quot;size&quot;:0,&quot;sizes&quot;:[]},&quot;icon_indent&quot;:{&quot;unit&quot;:&quot;px&quot;,&quot;size&quot;:12,&quot;sizes&quot;:[]}}\" data-widget_type=\"asli-widget-button.regular\">\n\t\t\t\t<div class=\"elementor-widget-container\">\n\t\t\t\t\t\t\t<div class=\"d-inline-flex elementor-button-wrapper\">\n\t\t\t<a class=\"elementor-button button button_icon button_icon-before elementor-button-link elementor-size-md\" href=\"mailto:commercial@domainedeprimard.com\">\n\t\t\t\t\t\t<span class=\"button__label button__label-normal\">\n\t\t\t\t\t\t\t<span class=\"button__title elementor-button-text\">Contact<\/span>\n\t\t\t\t\t\t\t\t\t\t\t\t\t\t\t<span class=\"elementor-button-icon elementor-align-icon-left\">\n\t\t\t\t\t\t\t\t\t<svg aria-hidden=\"true\" class=\"e-font-icon-svg e-fas-envelope\" viewBox=\"0 0 512 512\" xmlns=\"http:\/\/www.w3.org\/2000\/svg\"><path d=\"M502.3 190.8c3.9-3.1 9.7-.2 9.7 4.7V400c0 26.5-21.5 48-48 48H48c-26.5 0-48-21.5-48-48V195.6c0-5 5.7-7.8 9.7-4.7 22.4 17.4 52.1 39.5 154.1 113.6 21.1 15.4 56.7 47.8 92.2 47.6 35.7.3 72-32.8 92.3-47.6 102-74.1 131.6-96.3 154-113.7zM256 320c23.2.4 56.6-29.2 73.4-41.4 132.7-96.3 142.8-104.7 173.4-128.7 5.8-4.5 9.2-11.5 9.2-18.9v-19c0-26.5-21.5-48-48-48H48C21.5 64 0 85.5 0 112v19c0 7.4 3.4 14.3 9.2 18.9 30.6 23.9 40.7 32.4 173.4 128.7 16.8 12.2 50.2 41.8 73.4 41.4z\"><\/path><\/svg>\t\t\t\t\t\t\t<\/span>\n\t\t\t\t\t\t\t\t\t<\/span>\n\n\t\t<span class=\"button__label button__label-hover\">\n\t\t\t\t\t\t\t<span class=\"button__title elementor-button-text\">Contact<\/span>\n\t\t\t\t\t\t\t\t\t\t\t\t\t\t\t<span class=\"elementor-button-icon elementor-align-icon-left elementor-button-icon elementor-align-icon-left hidden\">\n\t\t\t\t\t\t\t\t\t<svg aria-hidden=\"true\" class=\"e-font-icon-svg e-fas-envelope\" viewBox=\"0 0 512 512\" xmlns=\"http:\/\/www.w3.org\/2000\/svg\"><path d=\"M502.3 190.8c3.9-3.1 9.7-.2 9.7 4.7V400c0 26.5-21.5 48-48 48H48c-26.5 0-48-21.5-48-48V195.6c0-5 5.7-7.8 9.7-4.7 22.4 17.4 52.1 39.5 154.1 113.6 21.1 15.4 56.7 47.8 92.2 47.6 35.7.3 72-32.8 92.3-47.6 102-74.1 131.6-96.3 154-113.7zM256 320c23.2.4 56.6-29.2 73.4-41.4 132.7-96.3 142.8-104.7 173.4-128.7 5.8-4.5 9.2-11.5 9.2-18.9v-19c0-26.5-21.5-48-48-48H48C21.5 64 0 85.5 0 112v19c0 7.4 3.4 14.3 9.2 18.9 30.6 23.9 40.7 32.4 173.4 128.7 16.8 12.2 50.2 41.8 73.4 41.4z\"><\/path><\/svg>\t\t\t\t\t\t\t<\/span>\n\t\t\t\t\t\t\t\t\t<\/span>\n\t\t\t\t\t<\/a>\n\t\t<\/div>\n\t\t\t\t\t\t<\/div>\n\t\t\t\t<\/div>\n\t\t\t\t<div class=\"elementor-element elementor-element-19b81c2 elementor-align-left elementor-widget elementor-widget-asli-widget-button\" data-id=\"19b81c2\" data-element_type=\"widget\" data-e-type=\"widget\" data-settings=\"{&quot;cursor_hover_offset&quot;:{&quot;unit&quot;:&quot;px&quot;,&quot;size&quot;:0,&quot;sizes&quot;:[]},&quot;icon_indent&quot;:{&quot;unit&quot;:&quot;px&quot;,&quot;size&quot;:12,&quot;sizes&quot;:[]}}\" data-widget_type=\"asli-widget-button.regular\">\n\t\t\t\t<div class=\"elementor-widget-container\">\n\t\t\t\t\t\t\t<div class=\"d-inline-flex elementor-button-wrapper\">\n\t\t\t<a class=\"elementor-button button button_icon elementor-button-link elementor-size-md\" href=\"https:\/\/www.domainedeprimard.fontenille-collection.com\/privatisations-mariage-campagne-paris\/\">\n\t\t\t\t\t\t<span class=\"button__label button__label-normal\">\n\t\t\t\t\t\t\t<span class=\"button__title elementor-button-text\">En savoir +<\/span>\n\t\t\t\t\t\t\t\t\t\t\t\t\t\t\t\t\t\t\t<\/span>\n\n\t\t<span class=\"button__label button__label-hover\">\n\t\t\t\t\t\t\t<span class=\"button__title elementor-button-text\">En savoir +<\/span>\n\t\t\t\t\t\t\t\t\t\t\t\t\t\t\t\t\t\t\t<\/span>\n\t\t\t\t\t<\/a>\n\t\t<\/div>\n\t\t\t\t\t\t<\/div>\n\t\t\t\t<\/div>\n\t\t\t\t<\/div>\n\t\t\t\t<\/div>\n\t\t\t\t<\/div>\n\t\t\t\t\t<\/div>\n\t\t\t\t<\/section>\n\t\t<div class=\"elementor-element elementor-element-c0766dc e-con-full e-flex e-con e-parent\" data-id=\"c0766dc\" data-element_type=\"container\" data-e-type=\"container\" data-settings=\"{&quot;background_background&quot;:&quot;classic&quot;,&quot;sticky&quot;:&quot;bottom&quot;,&quot;sticky_on&quot;:[&quot;desktop&quot;,&quot;tablet&quot;,&quot;mobile&quot;],&quot;sticky_offset&quot;:0,&quot;sticky_effects_offset&quot;:0,&quot;sticky_anchor_link_offset&quot;:0}\">\n\t\t\t\t<div class=\"elementor-element elementor-element-6ead2a2 elementor-align-left elementor-mobile-align-center elementor-widget elementor-widget-asli-widget-button\" data-id=\"6ead2a2\" data-element_type=\"widget\" data-e-type=\"widget\" data-settings=\"{&quot;cursor_hover_offset&quot;:{&quot;unit&quot;:&quot;px&quot;,&quot;size&quot;:0,&quot;sizes&quot;:[]},&quot;icon_indent&quot;:{&quot;unit&quot;:&quot;px&quot;,&quot;size&quot;:12,&quot;sizes&quot;:[]}}\" data-widget_type=\"asli-widget-button.regular\">\n\t\t\t\t<div class=\"elementor-widget-container\">\n\t\t\t\t\t\t\t<div class=\"d-inline-flex elementor-button-wrapper\">\n\t\t\t<a class=\"elementor-button button button_icon elementor-button-link elementor-size-xs\" href=\"https:\/\/www.menumodo.com\/app.php\/viewer\/hotel\/41479\/8066?lang=fr&#038;tags=h\" target=\"_blank\">\n\t\t\t\t\t\t<span class=\"button__label button__label-normal\">\n\t\t\t\t\t\t\t<span class=\"button__title elementor-button-text\">Voir la Carte<\/span>\n\t\t\t\t\t\t\t\t\t\t\t\t\t\t\t\t\t\t\t<\/span>\n\n\t\t<span class=\"button__label button__label-hover\">\n\t\t\t\t\t\t\t<span class=\"button__title elementor-button-text\">D\u00e9couvrir<\/span>\n\t\t\t\t\t\t\t\t\t\t\t\t\t\t\t\t\t\t\t<\/span>\n\t\t\t\t\t<\/a>\n\t\t<\/div>\n\t\t\t\t\t\t<\/div>\n\t\t\t\t<\/div>\n\t\t\t\t<div class=\"elementor-element elementor-element-2355ff1 elementor-align-left elementor-mobile-align-center elementor-widget elementor-widget-asli-widget-button\" data-id=\"2355ff1\" data-element_type=\"widget\" data-e-type=\"widget\" data-settings=\"{&quot;cursor_hover_offset&quot;:{&quot;unit&quot;:&quot;px&quot;,&quot;size&quot;:0,&quot;sizes&quot;:[]},&quot;icon_indent&quot;:{&quot;unit&quot;:&quot;px&quot;,&quot;size&quot;:12,&quot;sizes&quot;:[]}}\" data-widget_type=\"asli-widget-button.regular\">\n\t\t\t\t<div class=\"elementor-widget-container\">\n\t\t\t\t\t\t\t<div class=\"d-inline-flex elementor-button-wrapper\">\n\t\t\t<a class=\"elementor-button button button_icon button_icon-before elementor-button-link elementor-size-xs\" href=\"https:\/\/bookings.zenchef.com\/results?rid=374702&#038;pid=1001\" target=\"_blank\">\n\t\t\t\t\t\t<span class=\"button__label button__label-normal\">\n\t\t\t\t\t\t\t<span class=\"button__title elementor-button-text\">R\u00e9server<\/span>\n\t\t\t\t\t\t\t\t\t\t\t\t\t\t\t<span class=\"elementor-button-icon elementor-align-icon-left\">\n\t\t\t\t\t\t\t\t\t<svg aria-hidden=\"true\" class=\"e-font-icon-svg e-far-calendar-check\" viewBox=\"0 0 448 512\" xmlns=\"http:\/\/www.w3.org\/2000\/svg\"><path d=\"M400 64h-48V12c0-6.627-5.373-12-12-12h-40c-6.627 0-12 5.373-12 12v52H160V12c0-6.627-5.373-12-12-12h-40c-6.627 0-12 5.373-12 12v52H48C21.49 64 0 85.49 0 112v352c0 26.51 21.49 48 48 48h352c26.51 0 48-21.49 48-48V112c0-26.51-21.49-48-48-48zm-6 400H54a6 6 0 0 1-6-6V160h352v298a6 6 0 0 1-6 6zm-52.849-200.65L198.842 404.519c-4.705 4.667-12.303 4.637-16.971-.068l-75.091-75.699c-4.667-4.705-4.637-12.303.068-16.971l22.719-22.536c4.705-4.667 12.303-4.637 16.97.069l44.104 44.461 111.072-110.181c4.705-4.667 12.303-4.637 16.971.068l22.536 22.718c4.667 4.705 4.636 12.303-.069 16.97z\"><\/path><\/svg>\t\t\t\t\t\t\t<\/span>\n\t\t\t\t\t\t\t\t\t<\/span>\n\n\t\t<span class=\"button__label button__label-hover\">\n\t\t\t\t\t\t\t<span class=\"button__title elementor-button-text\">R\u00e9server<\/span>\n\t\t\t\t\t\t\t\t\t\t\t\t\t\t\t<span class=\"elementor-button-icon elementor-align-icon-left elementor-button-icon elementor-align-icon-left hidden\">\n\t\t\t\t\t\t\t\t\t<svg aria-hidden=\"true\" class=\"e-font-icon-svg e-far-calendar-check\" viewBox=\"0 0 448 512\" xmlns=\"http:\/\/www.w3.org\/2000\/svg\"><path d=\"M400 64h-48V12c0-6.627-5.373-12-12-12h-40c-6.627 0-12 5.373-12 12v52H160V12c0-6.627-5.373-12-12-12h-40c-6.627 0-12 5.373-12 12v52H48C21.49 64 0 85.49 0 112v352c0 26.51 21.49 48 48 48h352c26.51 0 48-21.49 48-48V112c0-26.51-21.49-48-48-48zm-6 400H54a6 6 0 0 1-6-6V160h352v298a6 6 0 0 1-6 6zm-52.849-200.65L198.842 404.519c-4.705 4.667-12.303 4.637-16.971-.068l-75.091-75.699c-4.667-4.705-4.637-12.303.068-16.971l22.719-22.536c4.705-4.667 12.303-4.637 16.97.069l44.104 44.461 111.072-110.181c4.705-4.667 12.303-4.637 16.971.068l22.536 22.718c4.667 4.705 4.636 12.303-.069 16.97z\"><\/path><\/svg>\t\t\t\t\t\t\t<\/span>\n\t\t\t\t\t\t\t\t\t<\/span>\n\t\t\t\t\t<\/a>\n\t\t<\/div>\n\t\t\t\t\t\t<\/div>\n\t\t\t\t<\/div>\n\t\t\t\t<\/div>\n\t\t<div class=\"elementor-element elementor-element-62283e2 e-flex e-con-boxed pb-medium px-gutters-horizontal e-con e-parent\" data-id=\"62283e2\" data-element_type=\"container\" data-e-type=\"container\" data-settings=\"{&quot;background_background&quot;:&quot;gradient&quot;}\">\n\t\t\t\t\t<div class=\"e-con-inner\">\n\t\t<div class=\"elementor-element elementor-element-7500483 e-con-full e-flex e-con e-child\" data-id=\"7500483\" data-element_type=\"container\" data-e-type=\"container\" data-settings=\"{&quot;background_background&quot;:&quot;classic&quot;}\">\n\t\t<div class=\"elementor-element elementor-element-ef816bf e-con-full e-flex e-con e-child\" data-id=\"ef816bf\" data-element_type=\"container\" data-e-type=\"container\">\n\t\t\t\t<div class=\"elementor-element elementor-element-a40dd47 elementor-widget elementor-widget-asli-widget-text-content\" data-id=\"a40dd47\" data-element_type=\"widget\" data-e-type=\"widget\" data-settings=\"{&quot;max_width&quot;:{&quot;unit&quot;:&quot;%&quot;,&quot;size&quot;:66,&quot;sizes&quot;:[]},&quot;max_width_tablet&quot;:{&quot;unit&quot;:&quot;%&quot;,&quot;size&quot;:100,&quot;sizes&quot;:[]},&quot;max_width_mobile&quot;:{&quot;unit&quot;:&quot;%&quot;,&quot;size&quot;:100,&quot;sizes&quot;:[]},&quot;text_content_stroke_width&quot;:{&quot;unit&quot;:&quot;%&quot;,&quot;size&quot;:110,&quot;sizes&quot;:[]},&quot;text_content_stroke_height&quot;:{&quot;unit&quot;:&quot;%&quot;,&quot;size&quot;:80,&quot;sizes&quot;:[]},&quot;text_content_stroke_rotation&quot;:{&quot;unit&quot;:&quot;deg&quot;,&quot;size&quot;:-5,&quot;sizes&quot;:[]}}\" data-widget_type=\"asli-widget-text-content.default\">\n\t\t\t\t<div class=\"elementor-widget-container\">\n\t\t\t\t\t\t\t<div class=\"text-center mx-auto content js-content\" data-arts-split-text-preset=\"animatedLines\" data-arts-component-name=\"Content\" data-arts-os-animation=\"true\">\n\t\t\t<h2 class=\"content__text typography-text-content\">Nos coffrets cadeaux<\/h2>\n\t\t<\/div>\n\t\t\t\t\t\t<\/div>\n\t\t\t\t<\/div>\n\t\t\t\t<div class=\"elementor-element elementor-element-0a50148 elementor-widget elementor-widget-asli-widget-text-content\" data-id=\"0a50148\" data-element_type=\"widget\" data-e-type=\"widget\" data-settings=\"{&quot;max_width_tablet&quot;:{&quot;unit&quot;:&quot;%&quot;,&quot;size&quot;:75,&quot;sizes&quot;:[]},&quot;max_width&quot;:{&quot;unit&quot;:&quot;px&quot;,&quot;size&quot;:800,&quot;sizes&quot;:[]},&quot;max_width_mobile&quot;:{&quot;unit&quot;:&quot;%&quot;,&quot;size&quot;:100,&quot;sizes&quot;:[]},&quot;text_content_stroke_width&quot;:{&quot;unit&quot;:&quot;%&quot;,&quot;size&quot;:110,&quot;sizes&quot;:[]},&quot;text_content_stroke_height&quot;:{&quot;unit&quot;:&quot;%&quot;,&quot;size&quot;:80,&quot;sizes&quot;:[]},&quot;text_content_stroke_rotation&quot;:{&quot;unit&quot;:&quot;deg&quot;,&quot;size&quot;:-5,&quot;sizes&quot;:[]}}\" data-widget_type=\"asli-widget-text-content.default\">\n\t\t\t\t<div class=\"elementor-widget-container\">\n\t\t\t\t\t\t\t<div class=\"text-center mx-auto content js-content\" data-arts-component-name=\"Content\">\n\t\t\t<h3 class=\"content__text typography-text-content\">Pour un cadeau d\u2019exception, optez pour un coffret gastronomique au Bistrot Martin<\/h3>\n\t\t<\/div>\n\t\t\t\t\t\t<\/div>\n\t\t\t\t<\/div>\n\t\t\t\t<div class=\"elementor-element elementor-element-4456d5d elementor-widget elementor-widget-asli-widget-text-content\" data-id=\"4456d5d\" data-element_type=\"widget\" data-e-type=\"widget\" data-settings=\"{&quot;max_width_tablet&quot;:{&quot;unit&quot;:&quot;%&quot;,&quot;size&quot;:75,&quot;sizes&quot;:[]},&quot;max_width&quot;:{&quot;unit&quot;:&quot;px&quot;,&quot;size&quot;:960,&quot;sizes&quot;:[]},&quot;max_width_mobile&quot;:{&quot;unit&quot;:&quot;%&quot;,&quot;size&quot;:100,&quot;sizes&quot;:[]},&quot;text_content_stroke_width&quot;:{&quot;unit&quot;:&quot;%&quot;,&quot;size&quot;:110,&quot;sizes&quot;:[]},&quot;text_content_stroke_height&quot;:{&quot;unit&quot;:&quot;%&quot;,&quot;size&quot;:80,&quot;sizes&quot;:[]},&quot;text_content_stroke_rotation&quot;:{&quot;unit&quot;:&quot;deg&quot;,&quot;size&quot;:-5,&quot;sizes&quot;:[]}}\" data-widget_type=\"asli-widget-text-content.default\">\n\t\t\t\t<div class=\"elementor-widget-container\">\n\t\t\t\t\t\t\t<div class=\"text-center mx-auto content js-content\" data-arts-component-name=\"Content\">\n\t\t\t<p class=\"content__text typography-text-content\">Id\u00e9al pour les amateurs de fine cuisine, ces coffrets permettent de vivre une exp\u00e9rience culinaire unique dans un cadre enchanteur, \u00e0 seulement une heure de Paris. Que ce soit pour un anniversaire, un \u00e9v\u00e9nement sp\u00e9cial ou simplement pour faire plaisir, ces coffrets sont la promesse d\u2019un moment inoubliable au restaurant gastronomique Eure-et-Loir.<\/p>\n\t\t<\/div>\n\t\t\t\t\t\t<\/div>\n\t\t\t\t<\/div>\n\t\t\t\t<\/div>\n\t\t<div class=\"elementor-element elementor-element-fba8616 e-con-full e-flex pt-xsmall e-con e-child\" data-id=\"fba8616\" data-element_type=\"container\" data-e-type=\"container\">\n\t\t<div class=\"elementor-element elementor-element-589a3dc e-con-full e-flex e-con e-child\" data-id=\"589a3dc\" data-element_type=\"container\" data-e-type=\"container\">\n\t\t\t\t<div class=\"elementor-element elementor-element-735711a elementor-cta--skin-cover elementor-cta--valign-middle elementor-bg-transform elementor-bg-transform-zoom-in elementor-widget elementor-widget-call-to-action\" data-id=\"735711a\" data-element_type=\"widget\" data-e-type=\"widget\" data-widget_type=\"call-to-action.default\">\n\t\t\t\t<div class=\"elementor-widget-container\">\n\t\t\t\t\t\t\t<div class=\"elementor-cta\">\n\t\t\t\t\t<div class=\"elementor-cta__bg-wrapper\">\n\t\t\t\t<div class=\"elementor-cta__bg elementor-bg\" style=\"background-image: url(https:\/\/www.domainedeprimard.fontenille-collection.com\/wp-content\/uploads\/2024\/12\/primard-spa-relaxation-768x768.jpg);\" role=\"img\" aria-label=\"Espace d\u00e9tente de Primard\"><\/div>\n\t\t\t\t<div class=\"elementor-cta__bg-overlay\"><\/div>\n\t\t\t<\/div>\n\t\t\t\t\t\t\t<div class=\"elementor-cta__content\">\n\t\t\t\t\n\t\t\t\t\t\t\t\t\t<h3 class=\"elementor-cta__title elementor-cta__content-item elementor-content-item\">\n\t\t\t\t\t\tRelax &amp; Lunch\t\t\t\t\t<\/h3>\n\t\t\t\t\n\t\t\t\t\t\t\t\t\t<h4 class=\"elementor-cta__description elementor-cta__content-item elementor-content-item\">\n\t\t\t\t\t\tOffrez-vous un<br>moment de s\u00e9r\u00e9nit\u00e9\t\t\t\t\t<\/h4>\n\t\t\t\t\n\t\t\t\t\t\t\t\t\t<div class=\"elementor-cta__button-wrapper elementor-cta__content-item elementor-content-item \">\n\t\t\t\t\t<a class=\"elementor-cta__button elementor-button elementor-size-\" href=\"https:\/\/boutique-fontenille.com\/products\/domaine-de-primard-relax-and-lunch-spa-proche-paris\" target=\"_blank\">\n\t\t\t\t\t\tD\u00e9couvrir\t\t\t\t\t<\/a>\n\t\t\t\t\t<\/div>\n\t\t\t\t\t\t\t<\/div>\n\t\t\t\t\t\t<\/div>\n\t\t\t\t\t\t<\/div>\n\t\t\t\t<\/div>\n\t\t\t\t<\/div>\n\t\t<div class=\"elementor-element elementor-element-6f86348 e-con-full e-flex e-con e-child\" data-id=\"6f86348\" data-element_type=\"container\" data-e-type=\"container\">\n\t\t\t\t<div class=\"elementor-element elementor-element-579d2a9 elementor-cta--skin-cover elementor-cta--valign-middle elementor-bg-transform elementor-bg-transform-zoom-in elementor-widget elementor-widget-call-to-action\" data-id=\"579d2a9\" data-element_type=\"widget\" data-e-type=\"widget\" data-widget_type=\"call-to-action.default\">\n\t\t\t\t<div class=\"elementor-widget-container\">\n\t\t\t\t\t\t\t<div class=\"elementor-cta\">\n\t\t\t\t\t<div class=\"elementor-cta__bg-wrapper\">\n\t\t\t\t<div class=\"elementor-cta__bg elementor-bg\" style=\"background-image: url(https:\/\/www.domainedeprimard.fontenille-collection.com\/wp-content\/uploads\/2025\/07\/BISTROT-MARTIN-PRIMARD-768x1152.webp);\" role=\"img\" aria-label=\"BISTROT-MARTIN-PRIMARD.webp\"><\/div>\n\t\t\t\t<div class=\"elementor-cta__bg-overlay\"><\/div>\n\t\t\t<\/div>\n\t\t\t\t\t\t\t<div class=\"elementor-cta__content\">\n\t\t\t\t\n\t\t\t\t\t\t\t\t\t<h3 class=\"elementor-cta__title elementor-cta__content-item elementor-content-item\">\n\t\t\t\t\t\tBistrot Martin\t\t\t\t\t<\/h3>\n\t\t\t\t\n\t\t\t\t\t\t\t\t\t<h4 class=\"elementor-cta__description elementor-cta__content-item elementor-content-item\">\n\t\t\t\t\t\tD\u00e9couvrez les recettes gourmandes du Domaine\t\t\t\t\t<\/h4>\n\t\t\t\t\n\t\t\t\t\t\t\t\t\t<div class=\"elementor-cta__button-wrapper elementor-cta__content-item elementor-content-item \">\n\t\t\t\t\t<a class=\"elementor-cta__button elementor-button elementor-size-\" href=\"https:\/\/boutique-fontenille.com\/products\/domaine-de-primard-le-bistrot-martin-menu-trois-temps\" target=\"_blank\">\n\t\t\t\t\t\tD\u00e9couvrir\t\t\t\t\t<\/a>\n\t\t\t\t\t<\/div>\n\t\t\t\t\t\t\t<\/div>\n\t\t\t\t\t\t<\/div>\n\t\t\t\t\t\t<\/div>\n\t\t\t\t<\/div>\n\t\t\t\t<\/div>\n\t\t<div class=\"elementor-element elementor-element-37faea1 e-con-full e-flex e-con e-child\" data-id=\"37faea1\" data-element_type=\"container\" data-e-type=\"container\">\n\t\t\t\t<div class=\"elementor-element elementor-element-9b9ee9f elementor-cta--skin-cover elementor-cta--valign-middle elementor-bg-transform elementor-bg-transform-zoom-in elementor-widget elementor-widget-call-to-action\" data-id=\"9b9ee9f\" data-element_type=\"widget\" data-e-type=\"widget\" data-widget_type=\"call-to-action.default\">\n\t\t\t\t<div class=\"elementor-widget-container\">\n\t\t\t\t\t\t\t<div class=\"elementor-cta\">\n\t\t\t\t\t<div class=\"elementor-cta__bg-wrapper\">\n\t\t\t\t<div class=\"elementor-cta__bg elementor-bg\" style=\"background-image: url(https:\/\/www.domainedeprimard.fontenille-collection.com\/wp-content\/uploads\/2025\/07\/primard-chateau-proche-paris-giverny-fontenille-768x768.jpg);\" role=\"img\" aria-label=\"le Ch\u00e2teau de Primard\"><\/div>\n\t\t\t\t<div class=\"elementor-cta__bg-overlay\"><\/div>\n\t\t\t<\/div>\n\t\t\t\t\t\t\t<div class=\"elementor-cta__content\">\n\t\t\t\t\n\t\t\t\t\t\t\t\t\t<h3 class=\"elementor-cta__title elementor-cta__content-item elementor-content-item\">\n\t\t\t\t\t\tS\u00e9jour Gourmand\t\t\t\t\t<\/h3>\n\t\t\t\t\n\t\t\t\t\t\t\t\t\t<h4 class=\"elementor-cta__description elementor-cta__content-item elementor-content-item\">\n\t\t\t\t\t\tPartez en immersion \u00e0 la campagne le temps d'une nuit \t\t\t\t\t<\/h4>\n\t\t\t\t\n\t\t\t\t\t\t\t\t\t<div class=\"elementor-cta__button-wrapper elementor-cta__content-item elementor-content-item \">\n\t\t\t\t\t<a class=\"elementor-cta__button elementor-button elementor-size-\" href=\"https:\/\/boutique-fontenille.com\/products\/coffret-cadeau-sejour-d-exception-chateau-de-primard\" target=\"_blank\">\n\t\t\t\t\t\tD\u00e9couvrir\t\t\t\t\t<\/a>\n\t\t\t\t\t<\/div>\n\t\t\t\t\t\t\t<\/div>\n\t\t\t\t\t\t<\/div>\n\t\t\t\t\t\t<\/div>\n\t\t\t\t<\/div>\n\t\t\t\t<\/div>\n\t\t\t\t<\/div>\n\t\t\t\t<\/div>\n\t\t\t\t\t<\/div>\n\t\t\t\t<\/div>\n\t\t<div class=\"elementor-element elementor-element-05aa726 e-con-full e-flex e-con e-child\" data-id=\"05aa726\" data-element_type=\"container\" data-e-type=\"container\" data-settings=\"{&quot;background_background&quot;:&quot;classic&quot;}\">\n\t\t<div class=\"elementor-element elementor-element-31a623f e-con-full e-flex e-con e-child\" data-id=\"31a623f\" data-element_type=\"container\" data-e-type=\"container\">\n\t\t<div class=\"elementor-element elementor-element-be30851 e-con-full e-flex e-con e-child\" data-id=\"be30851\" data-element_type=\"container\" data-e-type=\"container\">\n\t\t\t\t<div class=\"elementor-element elementor-element-44675f9 elementor-cta--skin-cover elementor-cta--valign-middle elementor-animated-content elementor-bg-transform elementor-bg-transform-zoom-in elementor-widget elementor-widget-call-to-action\" data-id=\"44675f9\" data-element_type=\"widget\" data-e-type=\"widget\" data-widget_type=\"call-to-action.default\">\n\t\t\t\t<div class=\"elementor-widget-container\">\n\t\t\t\t\t\t\t<a class=\"elementor-cta\" href=\"https:\/\/www.domainedeprimard.fontenille-collection.com\/decouvrir-primard-normandie-proche-paris\/\">\n\t\t\t\t\t<div class=\"elementor-cta__bg-wrapper\">\n\t\t\t\t<div class=\"elementor-cta__bg elementor-bg\" style=\"background-image: url(https:\/\/www.domainedeprimard.fontenille-collection.com\/wp-content\/uploads\/2025\/11\/hotel-domaine-de-primard-a-une-heure-de-paris-campagne-jardin-automne-768x1188.jpg);\" role=\"img\" aria-label=\"hotel-domaine-de-primard-a-une-heure-de-paris-campagne-jardin-automne\"><\/div>\n\t\t\t\t<div class=\"elementor-cta__bg-overlay\"><\/div>\n\t\t\t<\/div>\n\t\t\t\t\t\t\t<div class=\"elementor-cta__content\">\n\t\t\t\t\n\t\t\t\t\t\t\t\t\t<h3 class=\"elementor-cta__title elementor-cta__content-item elementor-content-item elementor-animated-item--move-up\">\n\t\t\t\t\t\tD\u00e9couvrir Primard\t\t\t\t\t<\/h3>\n\t\t\t\t\n\t\t\t\t\t\t\t\t\t<h4 class=\"elementor-cta__description elementor-cta__content-item elementor-content-item elementor-animated-item--move-up\">\n\t\t\t\t\t\tMaison romantique sur les bords de Eure\t\t\t\t\t<\/h4>\n\t\t\t\t\n\t\t\t\t\t\t\t<\/div>\n\t\t\t\t\t\t<\/a>\n\t\t\t\t\t\t<\/div>\n\t\t\t\t<\/div>\n\t\t\t\t<\/div>\n\t\t<div class=\"elementor-element elementor-element-fbf5920 e-con-full e-flex e-con e-child\" data-id=\"fbf5920\" data-element_type=\"container\" data-e-type=\"container\">\n\t\t\t\t<div class=\"elementor-element elementor-element-5c4e73c elementor-cta--skin-cover elementor-cta--valign-middle elementor-animated-content elementor-bg-transform elementor-bg-transform-zoom-in elementor-widget elementor-widget-call-to-action\" data-id=\"5c4e73c\" data-element_type=\"widget\" data-e-type=\"widget\" data-widget_type=\"call-to-action.default\">\n\t\t\t\t<div class=\"elementor-widget-container\">\n\t\t\t\t\t\t\t<a class=\"elementor-cta\" href=\"https:\/\/www.domainedeprimard.fontenille-collection.com\/chambres-et-suites\/\">\n\t\t\t\t\t<div class=\"elementor-cta__bg-wrapper\">\n\t\t\t\t<div class=\"elementor-cta__bg elementor-bg\" style=\"background-image: url(https:\/\/www.domainedeprimard.fontenille-collection.com\/wp-content\/uploads\/2025\/03\/chambre-domaine-de-primard-gainville-hotel-baignoire-768x972.webp);\" role=\"img\" aria-label=\"Chambre de Primard\"><\/div>\n\t\t\t\t<div class=\"elementor-cta__bg-overlay\"><\/div>\n\t\t\t<\/div>\n\t\t\t\t\t\t\t<div class=\"elementor-cta__content\">\n\t\t\t\t\n\t\t\t\t\t\t\t\t\t<h3 class=\"elementor-cta__title elementor-cta__content-item elementor-content-item elementor-animated-item--move-up\">\n\t\t\t\t\t\tChambres &amp; Suites\t\t\t\t\t<\/h3>\n\t\t\t\t\n\t\t\t\t\t\t\t\t\t<h4 class=\"elementor-cta__description elementor-cta__content-item elementor-content-item elementor-animated-item--move-up\">\n\t\t\t\t\t\t\u00c9vasion champ\u00eatre<br>aux portes de Paris\t\t\t\t\t<\/h4>\n\t\t\t\t\n\t\t\t\t\t\t\t<\/div>\n\t\t\t\t\t\t<\/a>\n\t\t\t\t\t\t<\/div>\n\t\t\t\t<\/div>\n\t\t\t\t<\/div>\n\t\t<div class=\"elementor-element elementor-element-5562ebe e-con-full e-flex e-con e-child\" data-id=\"5562ebe\" data-element_type=\"container\" data-e-type=\"container\">\n\t\t\t\t<div class=\"elementor-element elementor-element-e3dd91d elementor-cta--skin-cover elementor-cta--valign-middle elementor-animated-content elementor-bg-transform elementor-bg-transform-zoom-in elementor-widget elementor-widget-call-to-action\" data-id=\"e3dd91d\" data-element_type=\"widget\" data-e-type=\"widget\" data-widget_type=\"call-to-action.default\">\n\t\t\t\t<div class=\"elementor-widget-container\">\n\t\t\t\t\t\t\t<a class=\"elementor-cta\" href=\"https:\/\/www.domainedeprimard.fontenille-collection.com\/spa-et-bien-etre-proche-de-paris\/\">\n\t\t\t\t\t<div class=\"elementor-cta__bg-wrapper\">\n\t\t\t\t<div class=\"elementor-cta__bg elementor-bg\" style=\"background-image: url(https:\/\/www.domainedeprimard.fontenille-collection.com\/wp-content\/uploads\/2024\/12\/primard-spa-relaxation-768x768.jpg);\" role=\"img\" aria-label=\"Espace d\u00e9tente de Primard\"><\/div>\n\t\t\t\t<div class=\"elementor-cta__bg-overlay\"><\/div>\n\t\t\t<\/div>\n\t\t\t\t\t\t\t<div class=\"elementor-cta__content\">\n\t\t\t\t\n\t\t\t\t\t\t\t\t\t<h3 class=\"elementor-cta__title elementor-cta__content-item elementor-content-item elementor-animated-item--move-up\">\n\t\t\t\t\t\tSpa &amp; Bien-\u00catre\t\t\t\t\t<\/h3>\n\t\t\t\t\n\t\t\t\t\t\t\t\t\t<h4 class=\"elementor-cta__description elementor-cta__content-item elementor-content-item elementor-animated-item--move-up\">\n\t\t\t\t\t\tD\u00e9tente au c\u0153ur de la campagne\t\t\t\t\t<\/h4>\n\t\t\t\t\n\t\t\t\t\t\t\t<\/div>\n\t\t\t\t\t\t<\/a>\n\t\t\t\t\t\t<\/div>\n\t\t\t\t<\/div>\n\t\t\t\t<\/div>\n\t\t<div class=\"elementor-element elementor-element-a92b523 e-con-full e-flex e-con e-child\" data-id=\"a92b523\" data-element_type=\"container\" data-e-type=\"container\">\n\t\t\t\t<div class=\"elementor-element elementor-element-44e35c1 elementor-cta--skin-cover elementor-cta--valign-middle elementor-animated-content elementor-bg-transform elementor-bg-transform-zoom-in elementor-widget elementor-widget-call-to-action\" data-id=\"44e35c1\" data-element_type=\"widget\" data-e-type=\"widget\" data-widget_type=\"call-to-action.default\">\n\t\t\t\t<div class=\"elementor-widget-container\">\n\t\t\t\t\t\t\t<a class=\"elementor-cta\" href=\"https:\/\/www.domainedeprimard.fontenille-collection.com\/experiences-au-domaine-de-primard\/\">\n\t\t\t\t\t<div class=\"elementor-cta__bg-wrapper\">\n\t\t\t\t<div class=\"elementor-cta__bg elementor-bg\" style=\"background-image: url(https:\/\/www.domainedeprimard.fontenille-collection.com\/wp-content\/uploads\/2026\/04\/hotel-domaine-de-primard-campagne-a-1heure-de-paris-restaurant-italien-ottavio-la-tavola-italien-768x512.webp);\" role=\"img\" aria-label=\"Salle Int\u00e9rieur avec vue sur les jardins du restaurant Ottavio La Tavola\"><\/div>\n\t\t\t\t<div class=\"elementor-cta__bg-overlay\"><\/div>\n\t\t\t<\/div>\n\t\t\t\t\t\t\t<div class=\"elementor-cta__content\">\n\t\t\t\t\n\t\t\t\t\t\t\t\t\t<h3 class=\"elementor-cta__title elementor-cta__content-item elementor-content-item elementor-animated-item--move-up\">\n\t\t\t\t\t\tOttavio La Tavola\t\t\t\t\t<\/h3>\n\t\t\t\t\n\t\t\t\t\t\t\t\t\t<h4 class=\"elementor-cta__description elementor-cta__content-item elementor-content-item elementor-animated-item--move-up\">\n\t\t\t\t\t\tDolce vita &amp; gastronomie \u00e0 l\u2019italienne\t\t\t\t\t<\/h4>\n\t\t\t\t\n\t\t\t\t\t\t\t<\/div>\n\t\t\t\t\t\t<\/a>\n\t\t\t\t\t\t<\/div>\n\t\t\t\t<\/div>\n\t\t\t\t<\/div>\n\t\t\t\t<\/div>\n\t\t\t\t<\/div>\n\t\t\t\t<\/div>\n\t\t","protected":false},"excerpt":{"rendered":"<p>Restaurant bistronomique pr\u00e8s d&rsquo;Evreux Bistrot Martin Au Domaine de Primard, la gastronomie sublime l\u2019atmosph\u00e8re champ\u00eatre et authentique du lieu. \u00c0 chaque saison, le restaurant du domaine c\u00e9l\u00e8bre les produits locaux et \u00e9coresponsables, issus des meilleurs producteurs r\u00e9gionaux. Le potager en permaculture du domaine fournit une partie des fruits et l\u00e9gumes, garantissant une cuisine de saison, [&hellip;]<\/p>\n","protected":false},"author":1,"featured_media":27259,"parent":0,"menu_order":0,"comment_status":"closed","ping_status":"closed","template":"","meta":{"_acf_changed":false,"footnotes":""},"class_list":["post-26003","page","type-page","status-publish","has-post-thumbnail","hentry"],"acf":[],"yoast_head":"<!-- This site is optimized with the Yoast SEO plugin v27.5 - https:\/\/yoast.com\/product\/yoast-seo-wordpress\/ -->\n<title>Bistrot Martin \u2013 Restaurant bistronomique pr\u00e8s d\u2019\u00c9vreux<\/title>\n<meta name=\"description\" content=\"Dans l\u2019Eure, d\u00e9couvrez le Bistrot Martin, table conviviale et gourmande de Primard, terroir local et esprit campagne chic pr\u00e8s de Giverny.\" \/>\n<meta name=\"robots\" content=\"index, follow, max-snippet:-1, max-image-preview:large, max-video-preview:-1\" \/>\n<link rel=\"canonical\" href=\"https:\/\/www.domainedeprimard.fontenille-collection.com\/de\/restaurant-bistrot-martin\/\" \/>\n<meta property=\"og:locale\" content=\"de_DE\" \/>\n<meta property=\"og:type\" content=\"article\" \/>\n<meta property=\"og:title\" content=\"Bistrot Martin \u2013 Restaurant bistronomique pr\u00e8s d\u2019\u00c9vreux\" \/>\n<meta property=\"og:description\" content=\"Dans l\u2019Eure, d\u00e9couvrez le Bistrot Martin, table conviviale et gourmande de Primard, terroir local et esprit campagne chic pr\u00e8s de Giverny.\" \/>\n<meta property=\"og:url\" content=\"https:\/\/www.domainedeprimard.fontenille-collection.com\/de\/restaurant-bistrot-martin\/\" \/>\n<meta property=\"og:site_name\" content=\"Domaine de Primard - H\u00f4tel &amp; Spa d\u2019exception pr\u00e8s de Paris\" \/>\n<meta property=\"article:modified_time\" content=\"2026-04-03T14:58:52+00:00\" \/>\n<meta property=\"og:image\" content=\"https:\/\/www.domainedeprimard.fontenille-collection.com\/wp-content\/uploads\/2025\/09\/restaurant-evreux-bistrot-martin-bistronomique-domaine-de-primard-proche-giverny.jpg\" \/>\n\t<meta property=\"og:image:width\" content=\"800\" \/>\n\t<meta property=\"og:image:height\" content=\"800\" \/>\n\t<meta property=\"og:image:type\" content=\"image\/jpeg\" \/>\n<meta name=\"twitter:card\" content=\"summary_large_image\" \/>\n<meta name=\"twitter:label1\" content=\"Gesch\u00e4tzte Lesezeit\" \/>\n\t<meta name=\"twitter:data1\" content=\"10\u00a0Minuten\" \/>\n<script type=\"application\/ld+json\" class=\"yoast-schema-graph\">{\"@context\":\"https:\\\/\\\/schema.org\",\"@graph\":[{\"@type\":\"WebPage\",\"@id\":\"https:\\\/\\\/www.domainedeprimard.fontenille-collection.com\\\/restaurant-bistrot-martin\\\/\",\"url\":\"https:\\\/\\\/www.domainedeprimard.fontenille-collection.com\\\/restaurant-bistrot-martin\\\/\",\"name\":\"Bistrot Martin \u2013 Restaurant bistronomique pr\u00e8s d\u2019\u00c9vreux\",\"isPartOf\":{\"@id\":\"https:\\\/\\\/www.domainedeprimard.fontenille-collection.com\\\/#website\"},\"primaryImageOfPage\":{\"@id\":\"https:\\\/\\\/www.domainedeprimard.fontenille-collection.com\\\/restaurant-bistrot-martin\\\/#primaryimage\"},\"image\":{\"@id\":\"https:\\\/\\\/www.domainedeprimard.fontenille-collection.com\\\/restaurant-bistrot-martin\\\/#primaryimage\"},\"thumbnailUrl\":\"https:\\\/\\\/www.domainedeprimard.fontenille-collection.com\\\/wp-content\\\/uploads\\\/2025\\\/09\\\/restaurant-evreux-bistrot-martin-bistronomique-domaine-de-primard-proche-giverny.jpg\",\"datePublished\":\"2025-02-17T14:45:20+00:00\",\"dateModified\":\"2026-04-03T14:58:52+00:00\",\"description\":\"Dans l\u2019Eure, d\u00e9couvrez le Bistrot Martin, table conviviale et gourmande de Primard, terroir local et esprit campagne chic pr\u00e8s de Giverny.\",\"breadcrumb\":{\"@id\":\"https:\\\/\\\/www.domainedeprimard.fontenille-collection.com\\\/restaurant-bistrot-martin\\\/#breadcrumb\"},\"inLanguage\":\"de\",\"potentialAction\":[{\"@type\":\"ReadAction\",\"target\":[\"https:\\\/\\\/www.domainedeprimard.fontenille-collection.com\\\/restaurant-bistrot-martin\\\/\"]}]},{\"@type\":\"ImageObject\",\"inLanguage\":\"de\",\"@id\":\"https:\\\/\\\/www.domainedeprimard.fontenille-collection.com\\\/restaurant-bistrot-martin\\\/#primaryimage\",\"url\":\"https:\\\/\\\/www.domainedeprimard.fontenille-collection.com\\\/wp-content\\\/uploads\\\/2025\\\/09\\\/restaurant-evreux-bistrot-martin-bistronomique-domaine-de-primard-proche-giverny.jpg\",\"contentUrl\":\"https:\\\/\\\/www.domainedeprimard.fontenille-collection.com\\\/wp-content\\\/uploads\\\/2025\\\/09\\\/restaurant-evreux-bistrot-martin-bistronomique-domaine-de-primard-proche-giverny.jpg\",\"width\":800,\"height\":800,\"caption\":\"Plat de risotto aux girolles d'automne au Bistrot Martin \u00e0 Primard\"},{\"@type\":\"BreadcrumbList\",\"@id\":\"https:\\\/\\\/www.domainedeprimard.fontenille-collection.com\\\/restaurant-bistrot-martin\\\/#breadcrumb\",\"itemListElement\":[{\"@type\":\"ListItem\",\"position\":1,\"name\":\"Accueil\",\"item\":\"https:\\\/\\\/www.domainedeprimard.fontenille-collection.com\\\/\"},{\"@type\":\"ListItem\",\"position\":2,\"name\":\"Bistrot Martin\"}]},{\"@type\":\"WebSite\",\"@id\":\"https:\\\/\\\/www.domainedeprimard.fontenille-collection.com\\\/#website\",\"url\":\"https:\\\/\\\/www.domainedeprimard.fontenille-collection.com\\\/\",\"name\":\"Domaine de Primard - H\u00f4tel &amp; Spa d\u2019exception pr\u00e8s de Paris\",\"description\":\"Aux portes de Giverny, l\u2019art des jardins et le romantisme d\u2019un Ch\u00e2teau\",\"publisher\":{\"@id\":\"https:\\\/\\\/www.domainedeprimard.fontenille-collection.com\\\/#organization\"},\"potentialAction\":[{\"@type\":\"SearchAction\",\"target\":{\"@type\":\"EntryPoint\",\"urlTemplate\":\"https:\\\/\\\/www.domainedeprimard.fontenille-collection.com\\\/?s={search_term_string}\"},\"query-input\":{\"@type\":\"PropertyValueSpecification\",\"valueRequired\":true,\"valueName\":\"search_term_string\"}}],\"inLanguage\":\"de\"},{\"@type\":\"Organization\",\"@id\":\"https:\\\/\\\/www.domainedeprimard.fontenille-collection.com\\\/#organization\",\"name\":\"Domaine de Primard - H\u00f4tel &amp; Spa d\u2019exception pr\u00e8s de Paris\",\"url\":\"https:\\\/\\\/www.domainedeprimard.fontenille-collection.com\\\/\",\"logo\":{\"@type\":\"ImageObject\",\"inLanguage\":\"de\",\"@id\":\"https:\\\/\\\/www.domainedeprimard.fontenille-collection.com\\\/#\\\/schema\\\/logo\\\/image\\\/\",\"url\":\"https:\\\/\\\/www.domainedeprimard.fontenille-collection.com\\\/wp-content\\\/uploads\\\/2024\\\/11\\\/LOGO-DOMAINE-DE-PRIMARD-WHITE.png\",\"contentUrl\":\"https:\\\/\\\/www.domainedeprimard.fontenille-collection.com\\\/wp-content\\\/uploads\\\/2024\\\/11\\\/LOGO-DOMAINE-DE-PRIMARD-WHITE.png\",\"width\":1889,\"height\":212,\"caption\":\"Domaine de Primard - H\u00f4tel &amp; Spa d\u2019exception pr\u00e8s de Paris\"},\"image\":{\"@id\":\"https:\\\/\\\/www.domainedeprimard.fontenille-collection.com\\\/#\\\/schema\\\/logo\\\/image\\\/\"}}]}<\/script>\n<!-- \/ Yoast SEO plugin. -->","yoast_head_json":{"title":"Bistrot Martin - Bistronomisches Restaurant in der N\u00e4he von Evreux","description":"Entdecken Sie im Departement Eure das Bistrot Martin, den geselligen Feinschmeckertisch in Primard, lokales Terroir und schicker Landgeist in der N\u00e4he von Giverny.","robots":{"index":"index","follow":"follow","max-snippet":"max-snippet:-1","max-image-preview":"max-image-preview:large","max-video-preview":"max-video-preview:-1"},"canonical":"https:\/\/www.domainedeprimard.fontenille-collection.com\/de\/restaurant-bistrot-martin\/","og_locale":"de_DE","og_type":"article","og_title":"Bistrot Martin \u2013 Restaurant bistronomique pr\u00e8s d\u2019\u00c9vreux","og_description":"Dans l\u2019Eure, d\u00e9couvrez le Bistrot Martin, table conviviale et gourmande de Primard, terroir local et esprit campagne chic pr\u00e8s de Giverny.","og_url":"https:\/\/www.domainedeprimard.fontenille-collection.com\/de\/restaurant-bistrot-martin\/","og_site_name":"Domaine de Primard - H\u00f4tel &amp; Spa d\u2019exception pr\u00e8s de Paris","article_modified_time":"2026-04-03T14:58:52+00:00","og_image":[{"width":800,"height":800,"url":"https:\/\/www.domainedeprimard.fontenille-collection.com\/wp-content\/uploads\/2025\/09\/restaurant-evreux-bistrot-martin-bistronomique-domaine-de-primard-proche-giverny.jpg","type":"image\/jpeg"}],"twitter_card":"summary_large_image","twitter_misc":{"Gesch\u00e4tzte Lesezeit":"10\u00a0Minuten"},"schema":{"@context":"https:\/\/schema.org","@graph":[{"@type":"WebPage","@id":"https:\/\/www.domainedeprimard.fontenille-collection.com\/restaurant-bistrot-martin\/","url":"https:\/\/www.domainedeprimard.fontenille-collection.com\/restaurant-bistrot-martin\/","name":"Bistrot Martin - Bistronomisches Restaurant in der N\u00e4he von Evreux","isPartOf":{"@id":"https:\/\/www.domainedeprimard.fontenille-collection.com\/#website"},"primaryImageOfPage":{"@id":"https:\/\/www.domainedeprimard.fontenille-collection.com\/restaurant-bistrot-martin\/#primaryimage"},"image":{"@id":"https:\/\/www.domainedeprimard.fontenille-collection.com\/restaurant-bistrot-martin\/#primaryimage"},"thumbnailUrl":"https:\/\/www.domainedeprimard.fontenille-collection.com\/wp-content\/uploads\/2025\/09\/restaurant-evreux-bistrot-martin-bistronomique-domaine-de-primard-proche-giverny.jpg","datePublished":"2025-02-17T14:45:20+00:00","dateModified":"2026-04-03T14:58:52+00:00","description":"Entdecken Sie im Departement Eure das Bistrot Martin, den geselligen Feinschmeckertisch in Primard, lokales Terroir und schicker Landgeist in der N\u00e4he von Giverny.","breadcrumb":{"@id":"https:\/\/www.domainedeprimard.fontenille-collection.com\/restaurant-bistrot-martin\/#breadcrumb"},"inLanguage":"de","potentialAction":[{"@type":"ReadAction","target":["https:\/\/www.domainedeprimard.fontenille-collection.com\/restaurant-bistrot-martin\/"]}]},{"@type":"ImageObject","inLanguage":"de","@id":"https:\/\/www.domainedeprimard.fontenille-collection.com\/restaurant-bistrot-martin\/#primaryimage","url":"https:\/\/www.domainedeprimard.fontenille-collection.com\/wp-content\/uploads\/2025\/09\/restaurant-evreux-bistrot-martin-bistronomique-domaine-de-primard-proche-giverny.jpg","contentUrl":"https:\/\/www.domainedeprimard.fontenille-collection.com\/wp-content\/uploads\/2025\/09\/restaurant-evreux-bistrot-martin-bistronomique-domaine-de-primard-proche-giverny.jpg","width":800,"height":800,"caption":"Plat de risotto aux girolles d'automne au Bistrot Martin \u00e0 Primard"},{"@type":"BreadcrumbList","@id":"https:\/\/www.domainedeprimard.fontenille-collection.com\/restaurant-bistrot-martin\/#breadcrumb","itemListElement":[{"@type":"ListItem","position":1,"name":"Accueil","item":"https:\/\/www.domainedeprimard.fontenille-collection.com\/"},{"@type":"ListItem","position":2,"name":"Bistrot Martin"}]},{"@type":"WebSite","@id":"https:\/\/www.domainedeprimard.fontenille-collection.com\/#website","url":"https:\/\/www.domainedeprimard.fontenille-collection.com\/","name":"Domaine de Primard - Au\u00dfergew\u00f6hnliches Hotel &amp; Spa in der N\u00e4he von Paris","description":"Vor den Toren Givernys, Gartenkunst und die Romantik eines Schlosses","publisher":{"@id":"https:\/\/www.domainedeprimard.fontenille-collection.com\/#organization"},"potentialAction":[{"@type":"SearchAction","target":{"@type":"EntryPoint","urlTemplate":"https:\/\/www.domainedeprimard.fontenille-collection.com\/?s={search_term_string}"},"query-input":{"@type":"PropertyValueSpecification","valueRequired":true,"valueName":"search_term_string"}}],"inLanguage":"de"},{"@type":"Organization","@id":"https:\/\/www.domainedeprimard.fontenille-collection.com\/#organization","name":"Domaine de Primard - Au\u00dfergew\u00f6hnliches Hotel &amp; Spa in der N\u00e4he von Paris","url":"https:\/\/www.domainedeprimard.fontenille-collection.com\/","logo":{"@type":"ImageObject","inLanguage":"de","@id":"https:\/\/www.domainedeprimard.fontenille-collection.com\/#\/schema\/logo\/image\/","url":"https:\/\/www.domainedeprimard.fontenille-collection.com\/wp-content\/uploads\/2024\/11\/LOGO-DOMAINE-DE-PRIMARD-WHITE.png","contentUrl":"https:\/\/www.domainedeprimard.fontenille-collection.com\/wp-content\/uploads\/2024\/11\/LOGO-DOMAINE-DE-PRIMARD-WHITE.png","width":1889,"height":212,"caption":"Domaine de Primard - H\u00f4tel &amp; Spa d\u2019exception pr\u00e8s de Paris"},"image":{"@id":"https:\/\/www.domainedeprimard.fontenille-collection.com\/#\/schema\/logo\/image\/"}}]}},"_links":{"self":[{"href":"https:\/\/www.domainedeprimard.fontenille-collection.com\/de\/wp-json\/wp\/v2\/pages\/26003","targetHints":{"allow":["GET"]}}],"collection":[{"href":"https:\/\/www.domainedeprimard.fontenille-collection.com\/de\/wp-json\/wp\/v2\/pages"}],"about":[{"href":"https:\/\/www.domainedeprimard.fontenille-collection.com\/de\/wp-json\/wp\/v2\/types\/page"}],"author":[{"embeddable":true,"href":"https:\/\/www.domainedeprimard.fontenille-collection.com\/de\/wp-json\/wp\/v2\/users\/1"}],"replies":[{"embeddable":true,"href":"https:\/\/www.domainedeprimard.fontenille-collection.com\/de\/wp-json\/wp\/v2\/comments?post=26003"}],"version-history":[{"count":101,"href":"https:\/\/www.domainedeprimard.fontenille-collection.com\/de\/wp-json\/wp\/v2\/pages\/26003\/revisions"}],"predecessor-version":[{"id":30357,"href":"https:\/\/www.domainedeprimard.fontenille-collection.com\/de\/wp-json\/wp\/v2\/pages\/26003\/revisions\/30357"}],"wp:featuredmedia":[{"embeddable":true,"href":"https:\/\/www.domainedeprimard.fontenille-collection.com\/de\/wp-json\/wp\/v2\/media\/27259"}],"wp:attachment":[{"href":"https:\/\/www.domainedeprimard.fontenille-collection.com\/de\/wp-json\/wp\/v2\/media?parent=26003"}],"curies":[{"name":"wp","href":"https:\/\/api.w.org\/{rel}","templated":true}]}}